{"id":12179,"date":"2025-06-24T16:20:19","date_gmt":"2025-06-24T14:20:19","guid":{"rendered":"https:\/\/aeroportcastello.com\/?page_id=12179"},"modified":"2025-06-27T15:12:37","modified_gmt":"2025-06-27T13:12:37","slug":"palma-de-mallorca","status":"publish","type":"page","link":"https:\/\/aeroportcastello.com\/es\/destinos\/palma-de-mallorca\/","title":{"rendered":"Palma de Mallorca"},"content":{"rendered":"\t\t<div data-elementor-type=\"wp-page\" data-elementor-id=\"12179\" class=\"elementor elementor-12179\" data-elementor-post-type=\"page\">\n\t\t\t\t\t\t<section class=\"elementor-section elementor-top-section elementor-element elementor-element-805fffc elementor-section-boxed elementor-section-height-default elementor-section-height-default\" data-id=\"805fffc\" data-element_type=\"section\" data-settings=\"{&quot;jet_parallax_layout_list&quot;:[],&quot;background_background&quot;:&quot;classic&quot;}\">\n\t\t\t\t\t\t<div class=\"elementor-container elementor-column-gap-default\">\n\t\t\t\t\t<div class=\"elementor-column elementor-col-100 elementor-top-column elementor-element elementor-element-7c64ca2\" data-id=\"7c64ca2\" data-element_type=\"column\">\n\t\t\t<div class=\"elementor-widget-wrap elementor-element-populated\">\n\t\t\t\t\t\t<div class=\"elementor-element elementor-element-2bc02f3 elementor-widget elementor-widget-spacer\" data-id=\"2bc02f3\" data-element_type=\"widget\" data-widget_type=\"spacer.default\">\n\t\t\t\t<div class=\"elementor-widget-container\">\n\t\t\t\t\t<div class=\"elementor-spacer\">\n\t\t\t<div class=\"elementor-spacer-inner\"><\/div>\n\t\t<\/div>\n\t\t\t\t<\/div>\n\t\t\t\t<\/div>\n\t\t\t\t<div class=\"elementor-element elementor-element-37627dd elementor-widget elementor-widget-heading\" data-id=\"37627dd\" data-element_type=\"widget\" data-widget_type=\"heading.default\">\n\t\t\t\t<div class=\"elementor-widget-container\">\n\t\t\t<h2 class=\"elementor-heading-title elementor-size-default\">Palma de Mallorca: sol, calas y cultura en la isla m\u00e1s cosmopolita del Mediterr\u00e1neo<\/h2>\t\t<\/div>\n\t\t\t\t<\/div>\n\t\t\t\t<div class=\"elementor-element elementor-element-ef70d07 elementor-widget elementor-widget-text-editor\" data-id=\"ef70d07\" data-element_type=\"widget\" data-widget_type=\"text-editor.default\">\n\t\t\t\t<div class=\"elementor-widget-container\">\n\t\t\t\t\t\t\t<p class=\"p1\" style=\"text-align: center;\">Palma de Mallorca es mucho m\u00e1s que sol y playa. Su catedral g\u00f3tica frente al mar, su animado casco antiguo, sus mercados y su ambiente cosmopolita la convierten en un destino completo. Desde la ciudad puedes descubrir el resto de la isla: calas v\u00edrgenes, pueblos de monta\u00f1a, vi\u00f1edos y rutas ciclistas. Ideal para escapadas culturales, vacaciones en familia o relax frente al mar.<\/p>\t\t\t\t\t\t<\/div>\n\t\t\t\t<\/div>\n\t\t\t\t<div class=\"elementor-element elementor-element-55ab72e elementor-widget elementor-widget-spacer\" data-id=\"55ab72e\" data-element_type=\"widget\" data-widget_type=\"spacer.default\">\n\t\t\t\t<div class=\"elementor-widget-container\">\n\t\t\t\t\t<div class=\"elementor-spacer\">\n\t\t\t<div class=\"elementor-spacer-inner\"><\/div>\n\t\t<\/div>\n\t\t\t\t<\/div>\n\t\t\t\t<\/div>\n\t\t\t\t\t<\/div>\n\t\t<\/div>\n\t\t\t\t\t<\/div>\n\t\t<\/section>\n\t\t\t\t<section class=\"elementor-section elementor-top-section elementor-element elementor-element-888414b elementor-section-boxed elementor-section-height-default elementor-section-height-default\" data-id=\"888414b\" data-element_type=\"section\" data-settings=\"{&quot;jet_parallax_layout_list&quot;:[]}\">\n\t\t\t\t\t\t<div class=\"elementor-container elementor-column-gap-default\">\n\t\t\t\t\t<div class=\"elementor-column elementor-col-50 elementor-top-column elementor-element elementor-element-ae30dd7\" data-id=\"ae30dd7\" data-element_type=\"column\">\n\t\t\t<div class=\"elementor-widget-wrap elementor-element-populated\">\n\t\t\t\t\t\t<div class=\"elementor-element elementor-element-b67966b elementor-widget elementor-widget-heading\" data-id=\"b67966b\" data-element_type=\"widget\" data-widget_type=\"heading.default\">\n\t\t\t\t<div class=\"elementor-widget-container\">\n\t\t\t<h3 class=\"elementor-heading-title elementor-size-default\">Informaci\u00f3n del vuelo desde Castell\u00f3n<\/h3>\t\t<\/div>\n\t\t\t\t<\/div>\n\t\t\t\t<div class=\"elementor-element elementor-element-4736d76 elementor-widget elementor-widget-text-editor\" data-id=\"4736d76\" data-element_type=\"widget\" data-widget_type=\"text-editor.default\">\n\t\t\t\t<div class=\"elementor-widget-container\">\n\t\t\t\t\t\t\t<ul><li><p class=\"p1\"><b>Aerol\u00ednea:<\/b><span class=\"s1\"> Volotea.<\/span><\/p><\/li><li><p class=\"p1\"><span class=\"s1\"><b>Aeropuerto de llegada:<\/b><\/span> Aeropuerto de Palma de Mallorca \u2013 Son Sant Joan (PMI).<\/p><\/li><li><p class=\"p1\"><b>Duraci\u00f3n estimada:<\/b><span class=\"s1\"> 1h.<\/span><\/p><\/li><li><p class=\"p1\"><span class=\"s1\"><b>Frecuencia:<\/b><\/span> Estacional (verano).<\/p><\/li><\/ul>\t\t\t\t\t\t<\/div>\n\t\t\t\t<\/div>\n\t\t\t\t<div class=\"elementor-element elementor-element-d2fccd6 elementor-widget elementor-widget-spacer\" data-id=\"d2fccd6\" data-element_type=\"widget\" data-widget_type=\"spacer.default\">\n\t\t\t\t<div class=\"elementor-widget-container\">\n\t\t\t\t\t<div class=\"elementor-spacer\">\n\t\t\t<div class=\"elementor-spacer-inner\"><\/div>\n\t\t<\/div>\n\t\t\t\t<\/div>\n\t\t\t\t<\/div>\n\t\t\t\t<div class=\"elementor-element elementor-element-2c39329 elementor-widget elementor-widget-heading\" data-id=\"2c39329\" data-element_type=\"widget\" data-widget_type=\"heading.default\">\n\t\t\t\t<div class=\"elementor-widget-container\">\n\t\t\t<h3 class=\"elementor-heading-title elementor-size-default\">Qu\u00e9 ver y hacer<\/h3>\t\t<\/div>\n\t\t\t\t<\/div>\n\t\t\t\t<div class=\"elementor-element elementor-element-a443ab4 elementor-widget elementor-widget-text-editor\" data-id=\"a443ab4\" data-element_type=\"widget\" data-widget_type=\"text-editor.default\">\n\t\t\t\t<div class=\"elementor-widget-container\">\n\t\t\t\t\t\t\t<ul><li><p class=\"p1\"><span class=\"s1\"><b>Catedral de Palma (La Seu)<\/b><\/span>, frente al mar y de estilo g\u00f3tico.<\/p><\/li><li><p class=\"p1\"><span class=\"s1\"><b>Casco antiguo<\/b><\/span> con patios mallorquines, calles estrechas y tiendas locales.<\/p><\/li><li><p class=\"p1\"><span class=\"s1\"><b>Castillo de Bellver<\/b><\/span>, con vistas panor\u00e1micas sobre la bah\u00eda.<\/p><\/li><li><p class=\"p1\"><b>Mercado de Santa Catalina<\/b><span class=\"s1\"> y <\/span><b>Mercat de l\u2019Olivar<\/b><span class=\"s1\">, ideales para tapear.<\/span><\/p><\/li><li><p class=\"p1\"><span class=\"s1\"><b>Playas urbanas<\/b><\/span> como Cala Mayor, Illetes o Playa de Palma.<\/p><\/li><li><p class=\"p1\"><b>Excursiones a Valldemossa, Dei\u00e0 y S\u00f3ller<\/b><span class=\"s1\">, pueblos de la Sierra de Tramuntana.<\/span><\/p><\/li><li><p class=\"p1\"><b>Cuevas del Drach y calas v\u00edrgenes<\/b><span class=\"s1\"> del este y sur de la isla.<\/span><\/p><\/li><\/ul>\t\t\t\t\t\t<\/div>\n\t\t\t\t<\/div>\n\t\t\t\t<div class=\"elementor-element elementor-element-ddc8a4f elementor-widget elementor-widget-spacer\" data-id=\"ddc8a4f\" data-element_type=\"widget\" data-widget_type=\"spacer.default\">\n\t\t\t\t<div class=\"elementor-widget-container\">\n\t\t\t\t\t<div class=\"elementor-spacer\">\n\t\t\t<div class=\"elementor-spacer-inner\"><\/div>\n\t\t<\/div>\n\t\t\t\t<\/div>\n\t\t\t\t<\/div>\n\t\t\t\t<div class=\"elementor-element elementor-element-4630d25 elementor-widget elementor-widget-heading\" data-id=\"4630d25\" data-element_type=\"widget\" data-widget_type=\"heading.default\">\n\t\t\t\t<div class=\"elementor-widget-container\">\n\t\t\t<h3 class=\"elementor-heading-title elementor-size-default\">Informaci\u00f3n pr\u00e1ctica<\/h3>\t\t<\/div>\n\t\t\t\t<\/div>\n\t\t\t\t<div class=\"elementor-element elementor-element-06348e2 elementor-widget elementor-widget-text-editor\" data-id=\"06348e2\" data-element_type=\"widget\" data-widget_type=\"text-editor.default\">\n\t\t\t\t<div class=\"elementor-widget-container\">\n\t\t\t\t\t\t\t<ul><li><p class=\"p1\"><span class=\"s1\"><b>Moneda:<\/b><\/span> Euro (\u20ac).<\/p><\/li><li><p class=\"p1\"><span class=\"s1\"><b>Idioma:<\/b><\/span> Espa\u00f1ol y catal\u00e1n (variante mallorquina). El ingl\u00e9s es com\u00fan en zonas tur\u00edsticas.<\/p><\/li><li><p class=\"p1\"><b>Enchufe:<\/b><span class=\"s1\"> Tipo F.<\/span><\/p><\/li><li><p class=\"p1\"><span class=\"s1\"><b>Documentaci\u00f3n:<\/b><\/span> DNI o pasaporte.<\/p><\/li><\/ul>\t\t\t\t\t\t<\/div>\n\t\t\t\t<\/div>\n\t\t\t\t\t<\/div>\n\t\t<\/div>\n\t\t\t\t<div class=\"elementor-column elementor-col-50 elementor-top-column elementor-element elementor-element-c540129\" data-id=\"c540129\" data-element_type=\"column\">\n\t\t\t<div class=\"elementor-widget-wrap elementor-element-populated\">\n\t\t\t\t\t\t<div class=\"elementor-element elementor-element-66c4ee2 elementor-widget elementor-widget-image\" data-id=\"66c4ee2\" data-element_type=\"widget\" data-widget_type=\"image.default\">\n\t\t\t\t<div class=\"elementor-widget-container\">\n\t\t\t\t\t\t\t\t\t\t\t\t\t<img fetchpriority=\"high\" decoding=\"async\" width=\"683\" height=\"1024\" src=\"https:\/\/aeroportcastello.com\/wp-content\/uploads\/2025\/06\/palma-ver-683x1024.webp\" class=\"attachment-large size-large wp-image-12442\" alt=\"\" srcset=\"https:\/\/aeroportcastello.com\/wp-content\/uploads\/2025\/06\/palma-ver-683x1024.webp 683w, https:\/\/aeroportcastello.com\/wp-content\/uploads\/2025\/06\/palma-ver-200x300.webp 200w, https:\/\/aeroportcastello.com\/wp-content\/uploads\/2025\/06\/palma-ver-768x1151.webp 768w, https:\/\/aeroportcastello.com\/wp-content\/uploads\/2025\/06\/palma-ver-1025x1536.webp 1025w, https:\/\/aeroportcastello.com\/wp-content\/uploads\/2025\/06\/palma-ver-1367x2048.webp 1367w, https:\/\/aeroportcastello.com\/wp-content\/uploads\/2025\/06\/palma-ver.webp 1468w\" sizes=\"(max-width: 683px) 100vw, 683px\" \/>\t\t\t\t\t\t\t\t\t\t\t\t\t<\/div>\n\t\t\t\t<\/div>\n\t\t\t\t\t<\/div>\n\t\t<\/div>\n\t\t\t\t\t<\/div>\n\t\t<\/section>\n\t\t\t\t<section class=\"elementor-section elementor-top-section elementor-element elementor-element-aaba64b elementor-section-boxed elementor-section-height-default elementor-section-height-default\" data-id=\"aaba64b\" data-element_type=\"section\" data-settings=\"{&quot;jet_parallax_layout_list&quot;:[]}\">\n\t\t\t\t\t\t<div class=\"elementor-container elementor-column-gap-default\">\n\t\t\t\t\t<div class=\"elementor-column elementor-col-100 elementor-top-column elementor-element elementor-element-d0ad746\" data-id=\"d0ad746\" data-element_type=\"column\">\n\t\t\t<div class=\"elementor-widget-wrap elementor-element-populated\">\n\t\t\t\t\t\t<div class=\"elementor-element elementor-element-a352a38 elementor-widget elementor-widget-spacer\" data-id=\"a352a38\" data-element_type=\"widget\" data-widget_type=\"spacer.default\">\n\t\t\t\t<div class=\"elementor-widget-container\">\n\t\t\t\t\t<div class=\"elementor-spacer\">\n\t\t\t<div class=\"elementor-spacer-inner\"><\/div>\n\t\t<\/div>\n\t\t\t\t<\/div>\n\t\t\t\t<\/div>\n\t\t\t\t<div class=\"elementor-element elementor-element-d42755a elementor-widget elementor-widget-heading\" data-id=\"d42755a\" data-element_type=\"widget\" data-widget_type=\"heading.default\">\n\t\t\t\t<div class=\"elementor-widget-container\">\n\t\t\t<h3 class=\"elementor-heading-title elementor-size-default\"><h3 data-elementor-setting-key=\"title\" data-pen-placeholder=\"Type Here...\" style=\"font-weight: 600; font-family: Roboto, sans-serif; font-style: normal; color: rgb(13, 103, 128); text-align: left;\">Informaci\u00f3n de transporte<span style=\"font-style: inherit; text-align: center;\"><\/span><\/h3><\/h3>\t\t<\/div>\n\t\t\t\t<\/div>\n\t\t\t\t<div class=\"elementor-element elementor-element-421de51 elementor-widget elementor-widget-text-editor\" data-id=\"421de51\" data-element_type=\"widget\" data-widget_type=\"text-editor.default\">\n\t\t\t\t<div class=\"elementor-widget-container\">\n\t\t\t\t\t\t\t<ul><li><p class=\"p1\"><span class=\"s1\"><b>Autob\u00fas EMT l\u00ednea A1<\/b><\/span>: conecta el aeropuerto con el centro en unos 20 minutos.<\/p><\/li><li><p class=\"p1\"><span class=\"s1\"><b>Taxi<\/b><\/span>: disponible 24h, tarifa media entre 20\u201325 \u20ac.<\/p><\/li><li><p class=\"p1\"><span class=\"s1\"><b>Coche de alquiler<\/b><\/span>: recomendable para explorar toda la isla.<\/p><\/li><li><p class=\"p1\"><span class=\"s1\"><b>Precio del bus:<\/b><\/span> alrededor de 5 \u20ac.<\/p><p class=\"p1\">\u00a0<\/p><\/li><\/ul>\t\t\t\t\t\t<\/div>\n\t\t\t\t<\/div>\n\t\t\t\t\t<\/div>\n\t\t<\/div>\n\t\t\t\t\t<\/div>\n\t\t<\/section>\n\t\t\t\t<section class=\"elementor-section elementor-top-section elementor-element elementor-element-fce94d2 elementor-section-boxed elementor-section-height-default elementor-section-height-default\" data-id=\"fce94d2\" data-element_type=\"section\" data-settings=\"{&quot;jet_parallax_layout_list&quot;:[]}\">\n\t\t\t\t\t\t<div class=\"elementor-container elementor-column-gap-default\">\n\t\t\t\t\t<div class=\"elementor-column elementor-col-100 elementor-top-column elementor-element elementor-element-9622703\" data-id=\"9622703\" data-element_type=\"column\">\n\t\t\t<div class=\"elementor-widget-wrap elementor-element-populated\">\n\t\t\t\t\t\t<div class=\"elementor-element elementor-element-dfda775 elementor-widget elementor-widget-spacer\" data-id=\"dfda775\" data-element_type=\"widget\" data-widget_type=\"spacer.default\">\n\t\t\t\t<div class=\"elementor-widget-container\">\n\t\t\t\t\t<div class=\"elementor-spacer\">\n\t\t\t<div class=\"elementor-spacer-inner\"><\/div>\n\t\t<\/div>\n\t\t\t\t<\/div>\n\t\t\t\t<\/div>\n\t\t\t\t<div class=\"elementor-element elementor-element-702a5ad elementor-widget elementor-widget-heading\" data-id=\"702a5ad\" data-element_type=\"widget\" data-widget_type=\"heading.default\">\n\t\t\t\t<div class=\"elementor-widget-container\">\n\t\t\t<h3 class=\"elementor-heading-title elementor-size-default\">Galer\u00eda de Palma de Mallorca<\/h3>\t\t<\/div>\n\t\t\t\t<\/div>\n\t\t\t\t<div class=\"elementor-element elementor-element-089d28d elementor-widget elementor-widget-image-gallery\" data-id=\"089d28d\" data-element_type=\"widget\" data-widget_type=\"image-gallery.default\">\n\t\t\t\t<div class=\"elementor-widget-container\">\n\t\t\t\t\t<div class=\"elementor-image-gallery\">\n\t\t\t<div id='gallery-1' class='gallery galleryid-12179 gallery-columns-3 gallery-size-large'><figure class='gallery-item'>\n\t\t\t<div class='gallery-icon landscape'>\n\t\t\t\t<a data-elementor-open-lightbox=\"yes\" data-elementor-lightbox-slideshow=\"089d28d\" data-elementor-lightbox-title=\"palma1\" data-e-action-hash=\"#elementor-action%3Aaction%3Dlightbox%26settings%3DeyJpZCI6MTI0NDUsInVybCI6Imh0dHBzOlwvXC9hZXJvcG9ydGNhc3RlbGxvLmNvbVwvd3AtY29udGVudFwvdXBsb2Fkc1wvMjAyNVwvMDZcL3BhbG1hMS53ZWJwIiwic2xpZGVzaG93IjoiMDg5ZDI4ZCJ9\" href='https:\/\/aeroportcastello.com\/wp-content\/uploads\/2025\/06\/palma1.webp'><img decoding=\"async\" width=\"1024\" height=\"683\" src=\"https:\/\/aeroportcastello.com\/wp-content\/uploads\/2025\/06\/palma1-1024x683.webp\" class=\"attachment-large size-large\" alt=\"\" srcset=\"https:\/\/aeroportcastello.com\/wp-content\/uploads\/2025\/06\/palma1-1024x683.webp 1024w, https:\/\/aeroportcastello.com\/wp-content\/uploads\/2025\/06\/palma1-300x200.webp 300w, https:\/\/aeroportcastello.com\/wp-content\/uploads\/2025\/06\/palma1-768x512.webp 768w, https:\/\/aeroportcastello.com\/wp-content\/uploads\/2025\/06\/palma1-1536x1025.webp 1536w, https:\/\/aeroportcastello.com\/wp-content\/uploads\/2025\/06\/palma1-2048x1367.webp 2048w\" sizes=\"(max-width: 1024px) 100vw, 1024px\" \/><\/a>\n\t\t\t<\/div><\/figure><figure class='gallery-item'>\n\t\t\t<div class='gallery-icon landscape'>\n\t\t\t\t<a data-elementor-open-lightbox=\"yes\" data-elementor-lightbox-slideshow=\"089d28d\" data-elementor-lightbox-title=\"palma2\" data-e-action-hash=\"#elementor-action%3Aaction%3Dlightbox%26settings%3DeyJpZCI6MTI0NDgsInVybCI6Imh0dHBzOlwvXC9hZXJvcG9ydGNhc3RlbGxvLmNvbVwvd3AtY29udGVudFwvdXBsb2Fkc1wvMjAyNVwvMDZcL3BhbG1hMi53ZWJwIiwic2xpZGVzaG93IjoiMDg5ZDI4ZCJ9\" href='https:\/\/aeroportcastello.com\/wp-content\/uploads\/2025\/06\/palma2.webp'><img decoding=\"async\" width=\"1024\" height=\"683\" src=\"https:\/\/aeroportcastello.com\/wp-content\/uploads\/2025\/06\/palma2-1024x683.webp\" class=\"attachment-large size-large\" alt=\"\" srcset=\"https:\/\/aeroportcastello.com\/wp-content\/uploads\/2025\/06\/palma2-1024x683.webp 1024w, https:\/\/aeroportcastello.com\/wp-content\/uploads\/2025\/06\/palma2-300x200.webp 300w, https:\/\/aeroportcastello.com\/wp-content\/uploads\/2025\/06\/palma2-768x512.webp 768w, https:\/\/aeroportcastello.com\/wp-content\/uploads\/2025\/06\/palma2-1536x1025.webp 1536w, https:\/\/aeroportcastello.com\/wp-content\/uploads\/2025\/06\/palma2-2048x1367.webp 2048w\" sizes=\"(max-width: 1024px) 100vw, 1024px\" \/><\/a>\n\t\t\t<\/div><\/figure><figure class='gallery-item'>\n\t\t\t<div class='gallery-icon landscape'>\n\t\t\t\t<a data-elementor-open-lightbox=\"yes\" data-elementor-lightbox-slideshow=\"089d28d\" data-elementor-lightbox-title=\"palma3\" data-e-action-hash=\"#elementor-action%3Aaction%3Dlightbox%26settings%3DeyJpZCI6MTI0NTEsInVybCI6Imh0dHBzOlwvXC9hZXJvcG9ydGNhc3RlbGxvLmNvbVwvd3AtY29udGVudFwvdXBsb2Fkc1wvMjAyNVwvMDZcL3BhbG1hMy53ZWJwIiwic2xpZGVzaG93IjoiMDg5ZDI4ZCJ9\" href='https:\/\/aeroportcastello.com\/wp-content\/uploads\/2025\/06\/palma3.webp'><img loading=\"lazy\" decoding=\"async\" width=\"1024\" height=\"683\" src=\"https:\/\/aeroportcastello.com\/wp-content\/uploads\/2025\/06\/palma3-1024x683.webp\" class=\"attachment-large size-large\" alt=\"\" srcset=\"https:\/\/aeroportcastello.com\/wp-content\/uploads\/2025\/06\/palma3-1024x683.webp 1024w, https:\/\/aeroportcastello.com\/wp-content\/uploads\/2025\/06\/palma3-300x200.webp 300w, https:\/\/aeroportcastello.com\/wp-content\/uploads\/2025\/06\/palma3-768x512.webp 768w, https:\/\/aeroportcastello.com\/wp-content\/uploads\/2025\/06\/palma3-1536x1025.webp 1536w, https:\/\/aeroportcastello.com\/wp-content\/uploads\/2025\/06\/palma3-2048x1367.webp 2048w\" sizes=\"(max-width: 1024px) 100vw, 1024px\" \/><\/a>\n\t\t\t<\/div><\/figure><figure class='gallery-item'>\n\t\t\t<div class='gallery-icon landscape'>\n\t\t\t\t<a data-elementor-open-lightbox=\"yes\" data-elementor-lightbox-slideshow=\"089d28d\" data-elementor-lightbox-title=\"palma4\" data-e-action-hash=\"#elementor-action%3Aaction%3Dlightbox%26settings%3DeyJpZCI6MTI0NTQsInVybCI6Imh0dHBzOlwvXC9hZXJvcG9ydGNhc3RlbGxvLmNvbVwvd3AtY29udGVudFwvdXBsb2Fkc1wvMjAyNVwvMDZcL3BhbG1hNC53ZWJwIiwic2xpZGVzaG93IjoiMDg5ZDI4ZCJ9\" href='https:\/\/aeroportcastello.com\/wp-content\/uploads\/2025\/06\/palma4.webp'><img loading=\"lazy\" decoding=\"async\" width=\"1024\" height=\"683\" src=\"https:\/\/aeroportcastello.com\/wp-content\/uploads\/2025\/06\/palma4-1024x683.webp\" class=\"attachment-large size-large\" alt=\"\" srcset=\"https:\/\/aeroportcastello.com\/wp-content\/uploads\/2025\/06\/palma4-1024x683.webp 1024w, https:\/\/aeroportcastello.com\/wp-content\/uploads\/2025\/06\/palma4-300x200.webp 300w, https:\/\/aeroportcastello.com\/wp-content\/uploads\/2025\/06\/palma4-768x512.webp 768w, https:\/\/aeroportcastello.com\/wp-content\/uploads\/2025\/06\/palma4-1536x1025.webp 1536w, https:\/\/aeroportcastello.com\/wp-content\/uploads\/2025\/06\/palma4-2048x1367.webp 2048w\" sizes=\"(max-width: 1024px) 100vw, 1024px\" \/><\/a>\n\t\t\t<\/div><\/figure><figure class='gallery-item'>\n\t\t\t<div class='gallery-icon landscape'>\n\t\t\t\t<a data-elementor-open-lightbox=\"yes\" data-elementor-lightbox-slideshow=\"089d28d\" data-elementor-lightbox-title=\"palma5\" data-e-action-hash=\"#elementor-action%3Aaction%3Dlightbox%26settings%3DeyJpZCI6MTI0NTcsInVybCI6Imh0dHBzOlwvXC9hZXJvcG9ydGNhc3RlbGxvLmNvbVwvd3AtY29udGVudFwvdXBsb2Fkc1wvMjAyNVwvMDZcL3BhbG1hNS53ZWJwIiwic2xpZGVzaG93IjoiMDg5ZDI4ZCJ9\" href='https:\/\/aeroportcastello.com\/wp-content\/uploads\/2025\/06\/palma5.webp'><img loading=\"lazy\" decoding=\"async\" width=\"1024\" height=\"683\" src=\"https:\/\/aeroportcastello.com\/wp-content\/uploads\/2025\/06\/palma5-1024x683.webp\" class=\"attachment-large size-large\" alt=\"\" srcset=\"https:\/\/aeroportcastello.com\/wp-content\/uploads\/2025\/06\/palma5-1024x683.webp 1024w, https:\/\/aeroportcastello.com\/wp-content\/uploads\/2025\/06\/palma5-300x200.webp 300w, https:\/\/aeroportcastello.com\/wp-content\/uploads\/2025\/06\/palma5-768x512.webp 768w, https:\/\/aeroportcastello.com\/wp-content\/uploads\/2025\/06\/palma5-1536x1025.webp 1536w, https:\/\/aeroportcastello.com\/wp-content\/uploads\/2025\/06\/palma5-2048x1367.webp 2048w\" sizes=\"(max-width: 1024px) 100vw, 1024px\" \/><\/a>\n\t\t\t<\/div><\/figure><figure class='gallery-item'>\n\t\t\t<div class='gallery-icon landscape'>\n\t\t\t\t<a data-elementor-open-lightbox=\"yes\" data-elementor-lightbox-slideshow=\"089d28d\" data-elementor-lightbox-title=\"palma6\" data-e-action-hash=\"#elementor-action%3Aaction%3Dlightbox%26settings%3DeyJpZCI6MTI0NjAsInVybCI6Imh0dHBzOlwvXC9hZXJvcG9ydGNhc3RlbGxvLmNvbVwvd3AtY29udGVudFwvdXBsb2Fkc1wvMjAyNVwvMDZcL3BhbG1hNi53ZWJwIiwic2xpZGVzaG93IjoiMDg5ZDI4ZCJ9\" href='https:\/\/aeroportcastello.com\/wp-content\/uploads\/2025\/06\/palma6.webp'><img loading=\"lazy\" decoding=\"async\" width=\"1024\" height=\"683\" src=\"https:\/\/aeroportcastello.com\/wp-content\/uploads\/2025\/06\/palma6-1024x683.webp\" class=\"attachment-large size-large\" alt=\"\" srcset=\"https:\/\/aeroportcastello.com\/wp-content\/uploads\/2025\/06\/palma6-1024x683.webp 1024w, https:\/\/aeroportcastello.com\/wp-content\/uploads\/2025\/06\/palma6-300x200.webp 300w, https:\/\/aeroportcastello.com\/wp-content\/uploads\/2025\/06\/palma6-768x512.webp 768w, https:\/\/aeroportcastello.com\/wp-content\/uploads\/2025\/06\/palma6-1536x1025.webp 1536w, https:\/\/aeroportcastello.com\/wp-content\/uploads\/2025\/06\/palma6-2048x1367.webp 2048w\" sizes=\"(max-width: 1024px) 100vw, 1024px\" \/><\/a>\n\t\t\t<\/div><\/figure>\n\t\t<\/div>\n\t\t<\/div>\n\t\t\t\t<\/div>\n\t\t\t\t<\/div>\n\t\t\t\t\t<\/div>\n\t\t<\/div>\n\t\t\t\t\t<\/div>\n\t\t<\/section>\n\t\t\t\t<section class=\"elementor-section elementor-top-section elementor-element elementor-element-0759218 elementor-section-boxed elementor-section-height-default elementor-section-height-default\" data-id=\"0759218\" data-element_type=\"section\" data-settings=\"{&quot;jet_parallax_layout_list&quot;:[]}\">\n\t\t\t\t\t\t<div class=\"elementor-container elementor-column-gap-default\">\n\t\t\t\t\t<div class=\"elementor-column elementor-col-100 elementor-top-column elementor-element elementor-element-2510e1f\" data-id=\"2510e1f\" data-element_type=\"column\">\n\t\t\t<div class=\"elementor-widget-wrap elementor-element-populated\">\n\t\t\t\t\t\t<div class=\"elementor-element elementor-element-dc913d2 elementor-widget elementor-widget-spacer\" data-id=\"dc913d2\" data-element_type=\"widget\" data-widget_type=\"spacer.default\">\n\t\t\t\t<div class=\"elementor-widget-container\">\n\t\t\t\t\t<div class=\"elementor-spacer\">\n\t\t\t<div class=\"elementor-spacer-inner\"><\/div>\n\t\t<\/div>\n\t\t\t\t<\/div>\n\t\t\t\t<\/div>\n\t\t\t\t<div class=\"elementor-element elementor-element-1289418 elementor-widget elementor-widget-heading\" data-id=\"1289418\" data-element_type=\"widget\" data-widget_type=\"heading.default\">\n\t\t\t\t<div class=\"elementor-widget-container\">\n\t\t\t<h3 class=\"elementor-heading-title elementor-size-default\">Enlaces \u00fatiles<\/h3>\t\t<\/div>\n\t\t\t\t<\/div>\n\t\t\t\t<div class=\"elementor-element elementor-element-7a95dcf elementor-widget elementor-widget-text-editor\" data-id=\"7a95dcf\" data-element_type=\"widget\" data-widget_type=\"text-editor.default\">\n\t\t\t\t<div class=\"elementor-widget-container\">\n\t\t\t\t\t\t\t<ul>\n<li>\n<p class=\"p1\"><a href=\"https:\/\/www.visitpalma.cat\/\">Visit Palma \u2013 turismo oficial<\/a>.<\/p>\n<\/li>\n<li>\n<p class=\"p1\"><a href=\"https:\/\/www.mallorca.es\/\">Turismo de Mallorca<\/a>.<\/p>\n<\/li>\n<li>\n<p class=\"p1\"><a href=\"https:\/\/www.aena.es\/es\/palma-de-mallorca.html\">Aeropuerto de Palma (PMI)<\/a>.<\/p>\n<\/li>\n<li>\n<p class=\"p1\"><a href=\"https:\/\/www.emtpalma.cat\/\">Autobuses EMT Palma<\/a>.<\/p>\n<\/li>\n<\/ul>\t\t\t\t\t\t<\/div>\n\t\t\t\t<\/div>\n\t\t\t\t\t<\/div>\n\t\t<\/div>\n\t\t\t\t\t<\/div>\n\t\t<\/section>\n\t\t\t\t<\/div>\n\t\t","protected":false},"excerpt":{"rendered":"<p>Palma de Mallorca: sol, calas y cultura en la isla m\u00e1s cosmopolita del Mediterr\u00e1neo Palma de Mallorca es mucho m\u00e1s que sol y playa. Su catedral g\u00f3tica frente al mar, su animado casco antiguo, sus mercados y su ambiente cosmopolita la convierten en un destino completo. Desde la ciudad puedes descubrir el resto de la &#8230; <\/p>\n<p class=\"read-more-container\"><a title=\"Palma de Mallorca\" class=\"read-more button\" href=\"https:\/\/aeroportcastello.com\/es\/destinos\/palma-de-mallorca\/#more-12179\" aria-label=\"Leer m\u00e1s sobre Palma de Mallorca\">Leer m\u00e1s<\/a><\/p>\n","protected":false},"author":8,"featured_media":0,"parent":12141,"menu_order":0,"comment_status":"closed","ping_status":"closed","template":"elementor_header_footer","meta":{"footnotes":""},"yoast_head":"<!-- This site is optimized with the Yoast SEO plugin v22.0 - https:\/\/yoast.com\/wordpress\/plugins\/seo\/ -->\n<title>Palma de Mallorca - Aeropuerto Castell\u00f3n<\/title>\n<meta name=\"robots\" content=\"index, follow, max-snippet:-1, max-image-preview:large, max-video-preview:-1\" \/>\n<link rel=\"canonical\" href=\"https:\/\/aeroportcastello.com\/es\/destinos\/palma-de-mallorca\/\" \/>\n<meta property=\"og:locale\" content=\"es_ES\" \/>\n<meta property=\"og:type\" content=\"article\" \/>\n<meta property=\"og:title\" content=\"Palma de Mallorca - Aeropuerto Castell\u00f3n\" \/>\n<meta property=\"og:description\" content=\"Palma de Mallorca: sol, calas y cultura en la isla m\u00e1s cosmopolita del Mediterr\u00e1neo Palma de Mallorca es mucho m\u00e1s que sol y playa. Su catedral g\u00f3tica frente al mar, su animado casco antiguo, sus mercados y su ambiente cosmopolita la convierten en un destino completo. Desde la ciudad puedes descubrir el resto de la ... Leer m\u00e1s\" \/>\n<meta property=\"og:url\" content=\"https:\/\/aeroportcastello.com\/es\/destinos\/palma-de-mallorca\/\" \/>\n<meta property=\"og:site_name\" content=\"Aeropuerto Castell\u00f3n\" \/>\n<meta property=\"article:modified_time\" content=\"2025-06-27T13:12:37+00:00\" \/>\n<meta property=\"og:image\" content=\"https:\/\/aeroportcastello.com\/wp-content\/uploads\/2025\/06\/palma-ver-683x1024.webp\" \/>\n<meta name=\"twitter:card\" content=\"summary_large_image\" \/>\n<meta name=\"twitter:label1\" content=\"Tiempo de lectura\" \/>\n\t<meta name=\"twitter:data1\" content=\"3 minutos\" \/>\n<script type=\"application\/ld+json\" class=\"yoast-schema-graph\">{\"@context\":\"https:\/\/schema.org\",\"@graph\":[{\"@type\":\"WebPage\",\"@id\":\"https:\/\/aeroportcastello.com\/es\/destinos\/palma-de-mallorca\/\",\"url\":\"https:\/\/aeroportcastello.com\/es\/destinos\/palma-de-mallorca\/\",\"name\":\"Palma de Mallorca - Aeropuerto Castell\u00f3n\",\"isPartOf\":{\"@id\":\"https:\/\/aeroportcastello.com\/es\/#website\"},\"datePublished\":\"2025-06-24T14:20:19+00:00\",\"dateModified\":\"2025-06-27T13:12:37+00:00\",\"breadcrumb\":{\"@id\":\"https:\/\/aeroportcastello.com\/es\/destinos\/palma-de-mallorca\/#breadcrumb\"},\"inLanguage\":\"es\",\"potentialAction\":[{\"@type\":\"ReadAction\",\"target\":[\"https:\/\/aeroportcastello.com\/es\/destinos\/palma-de-mallorca\/\"]}]},{\"@type\":\"BreadcrumbList\",\"@id\":\"https:\/\/aeroportcastello.com\/es\/destinos\/palma-de-mallorca\/#breadcrumb\",\"itemListElement\":[{\"@type\":\"ListItem\",\"position\":1,\"name\":\"Pasajeros\",\"item\":\"https:\/\/aeroportcastello.com\/es\/\"},{\"@type\":\"ListItem\",\"position\":2,\"name\":\"Destinos\",\"item\":\"https:\/\/aeroportcastello.com\/es\/destinos\/\"},{\"@type\":\"ListItem\",\"position\":3,\"name\":\"Palma de Mallorca\"}]},{\"@type\":\"WebSite\",\"@id\":\"https:\/\/aeroportcastello.com\/es\/#website\",\"url\":\"https:\/\/aeroportcastello.com\/es\/\",\"name\":\"Aeropuerto Castell\u00f3n\",\"description\":\"Aeropuerto Castell\u00f3n\",\"publisher\":{\"@id\":\"https:\/\/aeroportcastello.com\/es\/#organization\"},\"potentialAction\":[{\"@type\":\"SearchAction\",\"target\":{\"@type\":\"EntryPoint\",\"urlTemplate\":\"https:\/\/aeroportcastello.com\/es\/?s={search_term_string}\"},\"query-input\":\"required name=search_term_string\"}],\"inLanguage\":\"es\"},{\"@type\":\"Organization\",\"@id\":\"https:\/\/aeroportcastello.com\/es\/#organization\",\"name\":\"Aeropuerto Castell\u00f3n\",\"url\":\"https:\/\/aeroportcastello.com\/es\/\",\"logo\":{\"@type\":\"ImageObject\",\"inLanguage\":\"es\",\"@id\":\"https:\/\/aeroportcastello.com\/es\/#\/schema\/logo\/image\/\",\"url\":\"https:\/\/aeroportcastello.com\/wp-content\/uploads\/2021\/05\/logo_aeroport_castello-1.svg\",\"contentUrl\":\"https:\/\/aeroportcastello.com\/wp-content\/uploads\/2021\/05\/logo_aeroport_castello-1.svg\",\"width\":482.8999999999999772626324556767940521240234375,\"height\":93.7000000000000028421709430404007434844970703125,\"caption\":\"Aeropuerto Castell\u00f3n\"},\"image\":{\"@id\":\"https:\/\/aeroportcastello.com\/es\/#\/schema\/logo\/image\/\"}}]}<\/script>\n<!-- \/ Yoast SEO plugin. -->","yoast_head_json":{"title":"Palma de Mallorca - Aeropuerto Castell\u00f3n","robots":{"index":"index","follow":"follow","max-snippet":"max-snippet:-1","max-image-preview":"max-image-preview:large","max-video-preview":"max-video-preview:-1"},"canonical":"https:\/\/aeroportcastello.com\/es\/destinos\/palma-de-mallorca\/","og_locale":"es_ES","og_type":"article","og_title":"Palma de Mallorca - Aeropuerto Castell\u00f3n","og_description":"Palma de Mallorca: sol, calas y cultura en la isla m\u00e1s cosmopolita del Mediterr\u00e1neo Palma de Mallorca es mucho m\u00e1s que sol y playa. Su catedral g\u00f3tica frente al mar, su animado casco antiguo, sus mercados y su ambiente cosmopolita la convierten en un destino completo. Desde la ciudad puedes descubrir el resto de la ... Leer m\u00e1s","og_url":"https:\/\/aeroportcastello.com\/es\/destinos\/palma-de-mallorca\/","og_site_name":"Aeropuerto Castell\u00f3n","article_modified_time":"2025-06-27T13:12:37+00:00","og_image":[{"url":"https:\/\/aeroportcastello.com\/wp-content\/uploads\/2025\/06\/palma-ver-683x1024.webp"}],"twitter_card":"summary_large_image","twitter_misc":{"Tiempo de lectura":"3 minutos"},"schema":{"@context":"https:\/\/schema.org","@graph":[{"@type":"WebPage","@id":"https:\/\/aeroportcastello.com\/es\/destinos\/palma-de-mallorca\/","url":"https:\/\/aeroportcastello.com\/es\/destinos\/palma-de-mallorca\/","name":"Palma de Mallorca - Aeropuerto Castell\u00f3n","isPartOf":{"@id":"https:\/\/aeroportcastello.com\/es\/#website"},"datePublished":"2025-06-24T14:20:19+00:00","dateModified":"2025-06-27T13:12:37+00:00","breadcrumb":{"@id":"https:\/\/aeroportcastello.com\/es\/destinos\/palma-de-mallorca\/#breadcrumb"},"inLanguage":"es","potentialAction":[{"@type":"ReadAction","target":["https:\/\/aeroportcastello.com\/es\/destinos\/palma-de-mallorca\/"]}]},{"@type":"BreadcrumbList","@id":"https:\/\/aeroportcastello.com\/es\/destinos\/palma-de-mallorca\/#breadcrumb","itemListElement":[{"@type":"ListItem","position":1,"name":"Pasajeros","item":"https:\/\/aeroportcastello.com\/es\/"},{"@type":"ListItem","position":2,"name":"Destinos","item":"https:\/\/aeroportcastello.com\/es\/destinos\/"},{"@type":"ListItem","position":3,"name":"Palma de Mallorca"}]},{"@type":"WebSite","@id":"https:\/\/aeroportcastello.com\/es\/#website","url":"https:\/\/aeroportcastello.com\/es\/","name":"Aeropuerto Castell\u00f3n","description":"Aeropuerto Castell\u00f3n","publisher":{"@id":"https:\/\/aeroportcastello.com\/es\/#organization"},"potentialAction":[{"@type":"SearchAction","target":{"@type":"EntryPoint","urlTemplate":"https:\/\/aeroportcastello.com\/es\/?s={search_term_string}"},"query-input":"required name=search_term_string"}],"inLanguage":"es"},{"@type":"Organization","@id":"https:\/\/aeroportcastello.com\/es\/#organization","name":"Aeropuerto Castell\u00f3n","url":"https:\/\/aeroportcastello.com\/es\/","logo":{"@type":"ImageObject","inLanguage":"es","@id":"https:\/\/aeroportcastello.com\/es\/#\/schema\/logo\/image\/","url":"https:\/\/aeroportcastello.com\/wp-content\/uploads\/2021\/05\/logo_aeroport_castello-1.svg","contentUrl":"https:\/\/aeroportcastello.com\/wp-content\/uploads\/2021\/05\/logo_aeroport_castello-1.svg","width":482.8999999999999772626324556767940521240234375,"height":93.7000000000000028421709430404007434844970703125,"caption":"Aeropuerto Castell\u00f3n"},"image":{"@id":"https:\/\/aeroportcastello.com\/es\/#\/schema\/logo\/image\/"}}]}},"_links":{"self":[{"href":"https:\/\/aeroportcastello.com\/es\/wp-json\/wp\/v2\/pages\/12179"}],"collection":[{"href":"https:\/\/aeroportcastello.com\/es\/wp-json\/wp\/v2\/pages"}],"about":[{"href":"https:\/\/aeroportcastello.com\/es\/wp-json\/wp\/v2\/types\/page"}],"author":[{"embeddable":true,"href":"https:\/\/aeroportcastello.com\/es\/wp-json\/wp\/v2\/users\/8"}],"replies":[{"embeddable":true,"href":"https:\/\/aeroportcastello.com\/es\/wp-json\/wp\/v2\/comments?post=12179"}],"version-history":[{"count":19,"href":"https:\/\/aeroportcastello.com\/es\/wp-json\/wp\/v2\/pages\/12179\/revisions"}],"predecessor-version":[{"id":13001,"href":"https:\/\/aeroportcastello.com\/es\/wp-json\/wp\/v2\/pages\/12179\/revisions\/13001"}],"up":[{"embeddable":true,"href":"https:\/\/aeroportcastello.com\/es\/wp-json\/wp\/v2\/pages\/12141"}],"wp:attachment":[{"href":"https:\/\/aeroportcastello.com\/es\/wp-json\/wp\/v2\/media?parent=12179"}],"curies":[{"name":"wp","href":"https:\/\/api.w.org\/{rel}","templated":true}]}}