{"id":12157,"date":"2025-06-24T16:15:57","date_gmt":"2025-06-24T14:15:57","guid":{"rendered":"https:\/\/aeroportcastello.com\/?page_id=12157"},"modified":"2025-06-27T15:04:07","modified_gmt":"2025-06-27T13:04:07","slug":"berlin","status":"publish","type":"page","link":"https:\/\/aeroportcastello.com\/es\/destinos\/berlin\/","title":{"rendered":"Berl\u00edn"},"content":{"rendered":"\t\t<div data-elementor-type=\"wp-page\" data-elementor-id=\"12157\" class=\"elementor elementor-12157\" data-elementor-post-type=\"page\">\n\t\t\t\t\t\t<section class=\"elementor-section elementor-top-section elementor-element elementor-element-805fffc elementor-section-boxed elementor-section-height-default elementor-section-height-default\" data-id=\"805fffc\" data-element_type=\"section\" data-settings=\"{&quot;jet_parallax_layout_list&quot;:[],&quot;background_background&quot;:&quot;classic&quot;}\">\n\t\t\t\t\t\t<div class=\"elementor-container elementor-column-gap-default\">\n\t\t\t\t\t<div class=\"elementor-column elementor-col-100 elementor-top-column elementor-element elementor-element-7c64ca2\" data-id=\"7c64ca2\" data-element_type=\"column\">\n\t\t\t<div class=\"elementor-widget-wrap elementor-element-populated\">\n\t\t\t\t\t\t<div class=\"elementor-element elementor-element-2bc02f3 elementor-widget elementor-widget-spacer\" data-id=\"2bc02f3\" data-element_type=\"widget\" data-widget_type=\"spacer.default\">\n\t\t\t\t<div class=\"elementor-widget-container\">\n\t\t\t\t\t<div class=\"elementor-spacer\">\n\t\t\t<div class=\"elementor-spacer-inner\"><\/div>\n\t\t<\/div>\n\t\t\t\t<\/div>\n\t\t\t\t<\/div>\n\t\t\t\t<div class=\"elementor-element elementor-element-37627dd elementor-widget elementor-widget-heading\" data-id=\"37627dd\" data-element_type=\"widget\" data-widget_type=\"heading.default\">\n\t\t\t\t<div class=\"elementor-widget-container\">\n\t\t\t<h2 class=\"elementor-heading-title elementor-size-default\">Berl\u00edn: una ciudad de historia viva y creatividad urbana<\/h2>\t\t<\/div>\n\t\t\t\t<\/div>\n\t\t\t\t<div class=\"elementor-element elementor-element-ef70d07 elementor-widget elementor-widget-text-editor\" data-id=\"ef70d07\" data-element_type=\"widget\" data-widget_type=\"text-editor.default\">\n\t\t\t\t<div class=\"elementor-widget-container\">\n\t\t\t\t\t\t\t<p class=\"p1\" style=\"text-align: center;\">Berl\u00edn es una capital que no deja indiferente. Moderna y alternativa, pero profundamente marcada por su historia reciente, la ciudad ofrece una combinaci\u00f3n \u00fanica de museos de primer nivel, arte urbano, arquitectura, memoriales y vida nocturna. Ideal para quienes buscan cultura, reflexi\u00f3n y energ\u00eda joven.<\/p>\t\t\t\t\t\t<\/div>\n\t\t\t\t<\/div>\n\t\t\t\t<div class=\"elementor-element elementor-element-55ab72e elementor-widget elementor-widget-spacer\" data-id=\"55ab72e\" data-element_type=\"widget\" data-widget_type=\"spacer.default\">\n\t\t\t\t<div class=\"elementor-widget-container\">\n\t\t\t\t\t<div class=\"elementor-spacer\">\n\t\t\t<div class=\"elementor-spacer-inner\"><\/div>\n\t\t<\/div>\n\t\t\t\t<\/div>\n\t\t\t\t<\/div>\n\t\t\t\t\t<\/div>\n\t\t<\/div>\n\t\t\t\t\t<\/div>\n\t\t<\/section>\n\t\t\t\t<section class=\"elementor-section elementor-top-section elementor-element elementor-element-888414b elementor-section-boxed elementor-section-height-default elementor-section-height-default\" data-id=\"888414b\" data-element_type=\"section\" data-settings=\"{&quot;jet_parallax_layout_list&quot;:[]}\">\n\t\t\t\t\t\t<div class=\"elementor-container elementor-column-gap-default\">\n\t\t\t\t\t<div class=\"elementor-column elementor-col-50 elementor-top-column elementor-element elementor-element-ae30dd7\" data-id=\"ae30dd7\" data-element_type=\"column\">\n\t\t\t<div class=\"elementor-widget-wrap elementor-element-populated\">\n\t\t\t\t\t\t<div class=\"elementor-element elementor-element-b67966b elementor-widget elementor-widget-heading\" data-id=\"b67966b\" data-element_type=\"widget\" data-widget_type=\"heading.default\">\n\t\t\t\t<div class=\"elementor-widget-container\">\n\t\t\t<h3 class=\"elementor-heading-title elementor-size-default\">Informaci\u00f3n del vuelo desde Castell\u00f3n<\/h3>\t\t<\/div>\n\t\t\t\t<\/div>\n\t\t\t\t<div class=\"elementor-element elementor-element-4736d76 elementor-widget elementor-widget-text-editor\" data-id=\"4736d76\" data-element_type=\"widget\" data-widget_type=\"text-editor.default\">\n\t\t\t\t<div class=\"elementor-widget-container\">\n\t\t\t\t\t\t\t<ul><li><strong>Aerol\u00ednea:<\/strong> Ryanair.<\/li><\/ul><ul><li><strong>Aeropuerto de llegada: <\/strong>Berl\u00edn Brandeburgo (BER).<\/li><\/ul><ul><li><strong>Duraci\u00f3n estimada:<\/strong> 2h 45min.<\/li><\/ul><ul><li><strong>Frecuencia:<\/strong> Vuelos regulares.<\/li><\/ul>\t\t\t\t\t\t<\/div>\n\t\t\t\t<\/div>\n\t\t\t\t<div class=\"elementor-element elementor-element-d2fccd6 elementor-widget elementor-widget-spacer\" data-id=\"d2fccd6\" data-element_type=\"widget\" data-widget_type=\"spacer.default\">\n\t\t\t\t<div class=\"elementor-widget-container\">\n\t\t\t\t\t<div class=\"elementor-spacer\">\n\t\t\t<div class=\"elementor-spacer-inner\"><\/div>\n\t\t<\/div>\n\t\t\t\t<\/div>\n\t\t\t\t<\/div>\n\t\t\t\t<div class=\"elementor-element elementor-element-2c39329 elementor-widget elementor-widget-heading\" data-id=\"2c39329\" data-element_type=\"widget\" data-widget_type=\"heading.default\">\n\t\t\t\t<div class=\"elementor-widget-container\">\n\t\t\t<h3 class=\"elementor-heading-title elementor-size-default\">Qu\u00e9 ver y hacer<\/h3>\t\t<\/div>\n\t\t\t\t<\/div>\n\t\t\t\t<div class=\"elementor-element elementor-element-a443ab4 elementor-widget elementor-widget-text-editor\" data-id=\"a443ab4\" data-element_type=\"widget\" data-widget_type=\"text-editor.default\">\n\t\t\t\t<div class=\"elementor-widget-container\">\n\t\t\t\t\t\t\t<ul><li><p class=\"p1\"><span class=\"s1\"><b>Puerta de Brandeburgo<\/b><\/span> y el monumento m\u00e1s emblem\u00e1tico de Alemania.<\/p><\/li><li><p class=\"p1\"><span class=\"s1\"><b>Reichstag<\/b><\/span> (Parlamento) con su c\u00fapula de cristal visitable.<\/p><\/li><li><p class=\"p1\"><span class=\"s1\"><b>East Side Gallery<\/b><\/span>, tramo del Muro de Berl\u00edn convertido en galer\u00eda de arte urbano.<\/p><\/li><li><p class=\"p1\"><span class=\"s1\"><b>Memorial del Holocausto<\/b><\/span>, un espacio para la reflexi\u00f3n.<\/p><\/li><li><p class=\"p1\"><span class=\"s1\"><b>Isla de los Museos<\/b><\/span>, declarada Patrimonio de la Humanidad (Pergamonmuseum, Neues Museum\u2026).<\/p><\/li><li><p class=\"p1\"><b>Checkpoint Charlie<\/b><span class=\"s1\"> y Museo del Muro.<\/span><\/p><\/li><li><p class=\"p1\"><span class=\"s1\"><b>Alexanderplatz<\/b><\/span>, torre de TV y vida urbana.<\/p><\/li><li><p class=\"p1\"><span class=\"s1\"><b>Kreuzberg y Friedrichshain<\/b><\/span>, barrios alternativos llenos de cultura y gastronom\u00eda.<\/p><\/li><\/ul>\t\t\t\t\t\t<\/div>\n\t\t\t\t<\/div>\n\t\t\t\t<div class=\"elementor-element elementor-element-ddc8a4f elementor-widget elementor-widget-spacer\" data-id=\"ddc8a4f\" data-element_type=\"widget\" data-widget_type=\"spacer.default\">\n\t\t\t\t<div class=\"elementor-widget-container\">\n\t\t\t\t\t<div class=\"elementor-spacer\">\n\t\t\t<div class=\"elementor-spacer-inner\"><\/div>\n\t\t<\/div>\n\t\t\t\t<\/div>\n\t\t\t\t<\/div>\n\t\t\t\t<div class=\"elementor-element elementor-element-4630d25 elementor-widget elementor-widget-heading\" data-id=\"4630d25\" data-element_type=\"widget\" data-widget_type=\"heading.default\">\n\t\t\t\t<div class=\"elementor-widget-container\">\n\t\t\t<h3 class=\"elementor-heading-title elementor-size-default\">Informaci\u00f3n pr\u00e1ctica<\/h3>\t\t<\/div>\n\t\t\t\t<\/div>\n\t\t\t\t<div class=\"elementor-element elementor-element-06348e2 elementor-widget elementor-widget-text-editor\" data-id=\"06348e2\" data-element_type=\"widget\" data-widget_type=\"text-editor.default\">\n\t\t\t\t<div class=\"elementor-widget-container\">\n\t\t\t\t\t\t\t<ul><li><p class=\"p1\"><span class=\"s1\"><b>Moneda:<\/b><\/span> Euro (\u20ac).<\/p><\/li><li><p class=\"p1\"><span class=\"s1\"><b>Idioma:<\/b><\/span> Alem\u00e1n (aunque el ingl\u00e9s est\u00e1 bastante extendido en zonas tur\u00edsticas).<\/p><\/li><li><p class=\"p1\"><span class=\"s1\"><b>Enchufe:<\/b><\/span> Tipo F (compatible con Espa\u00f1a).<\/p><\/li><li><p class=\"p1\"><span class=\"s1\"><b>Documentaci\u00f3n:<\/b><\/span> DNI o pasaporte en vigor (zona Schengen).<\/p><\/li><\/ul>\t\t\t\t\t\t<\/div>\n\t\t\t\t<\/div>\n\t\t\t\t\t<\/div>\n\t\t<\/div>\n\t\t\t\t<div class=\"elementor-column elementor-col-50 elementor-top-column elementor-element elementor-element-c540129\" data-id=\"c540129\" data-element_type=\"column\">\n\t\t\t<div class=\"elementor-widget-wrap elementor-element-populated\">\n\t\t\t\t\t\t<div class=\"elementor-element elementor-element-66c4ee2 elementor-widget elementor-widget-image\" data-id=\"66c4ee2\" data-element_type=\"widget\" data-widget_type=\"image.default\">\n\t\t\t\t<div class=\"elementor-widget-container\">\n\t\t\t\t\t\t\t\t\t\t\t\t\t<img fetchpriority=\"high\" decoding=\"async\" width=\"683\" height=\"1024\" src=\"https:\/\/aeroportcastello.com\/wp-content\/uploads\/2025\/06\/calles-vacias-durante-la-pandemia-de-coronavirus-copia-683x1024.webp\" class=\"attachment-large size-large wp-image-12265\" alt=\"\" srcset=\"https:\/\/aeroportcastello.com\/wp-content\/uploads\/2025\/06\/calles-vacias-durante-la-pandemia-de-coronavirus-copia-683x1024.webp 683w, https:\/\/aeroportcastello.com\/wp-content\/uploads\/2025\/06\/calles-vacias-durante-la-pandemia-de-coronavirus-copia-200x300.webp 200w, https:\/\/aeroportcastello.com\/wp-content\/uploads\/2025\/06\/calles-vacias-durante-la-pandemia-de-coronavirus-copia-768x1152.webp 768w, https:\/\/aeroportcastello.com\/wp-content\/uploads\/2025\/06\/calles-vacias-durante-la-pandemia-de-coronavirus-copia-1024x1536.webp 1024w, https:\/\/aeroportcastello.com\/wp-content\/uploads\/2025\/06\/calles-vacias-durante-la-pandemia-de-coronavirus-copia-1366x2048.webp 1366w, https:\/\/aeroportcastello.com\/wp-content\/uploads\/2025\/06\/calles-vacias-durante-la-pandemia-de-coronavirus-copia.webp 1467w\" sizes=\"(max-width: 683px) 100vw, 683px\" \/>\t\t\t\t\t\t\t\t\t\t\t\t\t<\/div>\n\t\t\t\t<\/div>\n\t\t\t\t\t<\/div>\n\t\t<\/div>\n\t\t\t\t\t<\/div>\n\t\t<\/section>\n\t\t\t\t<section class=\"elementor-section elementor-top-section elementor-element elementor-element-aaba64b elementor-section-boxed elementor-section-height-default elementor-section-height-default\" data-id=\"aaba64b\" data-element_type=\"section\" data-settings=\"{&quot;jet_parallax_layout_list&quot;:[]}\">\n\t\t\t\t\t\t<div class=\"elementor-container elementor-column-gap-default\">\n\t\t\t\t\t<div class=\"elementor-column elementor-col-100 elementor-top-column elementor-element elementor-element-d0ad746\" data-id=\"d0ad746\" data-element_type=\"column\">\n\t\t\t<div class=\"elementor-widget-wrap elementor-element-populated\">\n\t\t\t\t\t\t<div class=\"elementor-element elementor-element-a352a38 elementor-widget elementor-widget-spacer\" data-id=\"a352a38\" data-element_type=\"widget\" data-widget_type=\"spacer.default\">\n\t\t\t\t<div class=\"elementor-widget-container\">\n\t\t\t\t\t<div class=\"elementor-spacer\">\n\t\t\t<div class=\"elementor-spacer-inner\"><\/div>\n\t\t<\/div>\n\t\t\t\t<\/div>\n\t\t\t\t<\/div>\n\t\t\t\t<div class=\"elementor-element elementor-element-d42755a elementor-widget elementor-widget-heading\" data-id=\"d42755a\" data-element_type=\"widget\" data-widget_type=\"heading.default\">\n\t\t\t\t<div class=\"elementor-widget-container\">\n\t\t\t<h3 class=\"elementor-heading-title elementor-size-default\">Informaci\u00f3n de transporte<\/h3>\t\t<\/div>\n\t\t\t\t<\/div>\n\t\t\t\t<div class=\"elementor-element elementor-element-421de51 elementor-widget elementor-widget-text-editor\" data-id=\"421de51\" data-element_type=\"widget\" data-widget_type=\"text-editor.default\">\n\t\t\t\t<div class=\"elementor-widget-container\">\n\t\t\t\t\t\t\t<ul><li><p class=\"p1\"><span class=\"s1\"><b>Trenes regionales (RE7 y RB14)<\/b><\/span>: conectan directamente con Alexanderplatz, Hauptbahnhof y otras estaciones centrales (25-30 min).<\/p><\/li><li><p class=\"p1\"><span class=\"s1\"><b>S-Bahn l\u00edneas S9 y S45<\/b><\/span>: red de metro-tren que cruza la ciudad.<\/p><\/li><li><p class=\"p1\"><span class=\"s1\"><b>Autobuses expr\u00e9s o taxis<\/b><\/span>: tambi\u00e9n disponibles, aunque menos r\u00e1pidos.<\/p><\/li><li><p class=\"p1\">Precio del billete: aprox. 4,40\u202f\u20ac.<\/p><\/li><\/ul>\t\t\t\t\t\t<\/div>\n\t\t\t\t<\/div>\n\t\t\t\t\t<\/div>\n\t\t<\/div>\n\t\t\t\t\t<\/div>\n\t\t<\/section>\n\t\t\t\t<section class=\"elementor-section elementor-top-section elementor-element elementor-element-fce94d2 elementor-section-boxed elementor-section-height-default elementor-section-height-default\" data-id=\"fce94d2\" data-element_type=\"section\" data-settings=\"{&quot;jet_parallax_layout_list&quot;:[]}\">\n\t\t\t\t\t\t<div class=\"elementor-container elementor-column-gap-default\">\n\t\t\t\t\t<div class=\"elementor-column elementor-col-100 elementor-top-column elementor-element elementor-element-9622703\" data-id=\"9622703\" data-element_type=\"column\">\n\t\t\t<div class=\"elementor-widget-wrap elementor-element-populated\">\n\t\t\t\t\t\t<div class=\"elementor-element elementor-element-dfda775 elementor-widget elementor-widget-spacer\" data-id=\"dfda775\" data-element_type=\"widget\" data-widget_type=\"spacer.default\">\n\t\t\t\t<div class=\"elementor-widget-container\">\n\t\t\t\t\t<div class=\"elementor-spacer\">\n\t\t\t<div class=\"elementor-spacer-inner\"><\/div>\n\t\t<\/div>\n\t\t\t\t<\/div>\n\t\t\t\t<\/div>\n\t\t\t\t<div class=\"elementor-element elementor-element-702a5ad elementor-widget elementor-widget-heading\" data-id=\"702a5ad\" data-element_type=\"widget\" data-widget_type=\"heading.default\">\n\t\t\t\t<div class=\"elementor-widget-container\">\n\t\t\t<h3 class=\"elementor-heading-title elementor-size-default\">Galer\u00eda de Berl\u00edn<\/h3>\t\t<\/div>\n\t\t\t\t<\/div>\n\t\t\t\t<div class=\"elementor-element elementor-element-089d28d elementor-widget elementor-widget-image-gallery\" data-id=\"089d28d\" data-element_type=\"widget\" data-widget_type=\"image-gallery.default\">\n\t\t\t\t<div class=\"elementor-widget-container\">\n\t\t\t\t\t<div class=\"elementor-image-gallery\">\n\t\t\t<div id='gallery-1' class='gallery galleryid-12157 gallery-columns-3 gallery-size-large'><figure class='gallery-item'>\n\t\t\t<div class='gallery-icon landscape'>\n\t\t\t\t<a data-elementor-open-lightbox=\"yes\" data-elementor-lightbox-slideshow=\"089d28d\" data-elementor-lightbox-title=\"castillo-historico-de-los-moros-en-sintra-portugal-en-un-dia-brumoso copia\" data-e-action-hash=\"#elementor-action%3Aaction%3Dlightbox%26settings%3DeyJpZCI6MTIyNjgsInVybCI6Imh0dHBzOlwvXC9hZXJvcG9ydGNhc3RlbGxvLmNvbVwvd3AtY29udGVudFwvdXBsb2Fkc1wvMjAyNVwvMDZcL2Nhc3RpbGxvLWhpc3Rvcmljby1kZS1sb3MtbW9yb3MtZW4tc2ludHJhLXBvcnR1Z2FsLWVuLXVuLWRpYS1icnVtb3NvLWNvcGlhLTEud2VicCIsInNsaWRlc2hvdyI6IjA4OWQyOGQifQ%3D%3D\" href='https:\/\/aeroportcastello.com\/wp-content\/uploads\/2025\/06\/castillo-historico-de-los-moros-en-sintra-portugal-en-un-dia-brumoso-copia-1.webp'><img decoding=\"async\" width=\"1024\" height=\"683\" src=\"https:\/\/aeroportcastello.com\/wp-content\/uploads\/2025\/06\/castillo-historico-de-los-moros-en-sintra-portugal-en-un-dia-brumoso-copia-1-1024x683.webp\" class=\"attachment-large size-large\" alt=\"\" srcset=\"https:\/\/aeroportcastello.com\/wp-content\/uploads\/2025\/06\/castillo-historico-de-los-moros-en-sintra-portugal-en-un-dia-brumoso-copia-1-1024x683.webp 1024w, https:\/\/aeroportcastello.com\/wp-content\/uploads\/2025\/06\/castillo-historico-de-los-moros-en-sintra-portugal-en-un-dia-brumoso-copia-1-300x200.webp 300w, https:\/\/aeroportcastello.com\/wp-content\/uploads\/2025\/06\/castillo-historico-de-los-moros-en-sintra-portugal-en-un-dia-brumoso-copia-1-768x512.webp 768w, https:\/\/aeroportcastello.com\/wp-content\/uploads\/2025\/06\/castillo-historico-de-los-moros-en-sintra-portugal-en-un-dia-brumoso-copia-1-1536x1025.webp 1536w, https:\/\/aeroportcastello.com\/wp-content\/uploads\/2025\/06\/castillo-historico-de-los-moros-en-sintra-portugal-en-un-dia-brumoso-copia-1-2048x1367.webp 2048w\" sizes=\"(max-width: 1024px) 100vw, 1024px\" \/><\/a>\n\t\t\t<\/div><\/figure><figure class='gallery-item'>\n\t\t\t<div class='gallery-icon landscape'>\n\t\t\t\t<a data-elementor-open-lightbox=\"yes\" data-elementor-lightbox-slideshow=\"089d28d\" data-elementor-lightbox-title=\"berlin01\" data-e-action-hash=\"#elementor-action%3Aaction%3Dlightbox%26settings%3DeyJpZCI6MTI3MzUsInVybCI6Imh0dHBzOlwvXC9hZXJvcG9ydGNhc3RlbGxvLmNvbVwvd3AtY29udGVudFwvdXBsb2Fkc1wvMjAyNVwvMDZcL2JlcmxpbjAxLndlYnAiLCJzbGlkZXNob3ciOiIwODlkMjhkIn0%3D\" href='https:\/\/aeroportcastello.com\/wp-content\/uploads\/2025\/06\/berlin01.webp'><img decoding=\"async\" width=\"1024\" height=\"683\" src=\"https:\/\/aeroportcastello.com\/wp-content\/uploads\/2025\/06\/berlin01-1024x683.webp\" class=\"attachment-large size-large\" alt=\"\" srcset=\"https:\/\/aeroportcastello.com\/wp-content\/uploads\/2025\/06\/berlin01-1024x683.webp 1024w, https:\/\/aeroportcastello.com\/wp-content\/uploads\/2025\/06\/berlin01-300x200.webp 300w, https:\/\/aeroportcastello.com\/wp-content\/uploads\/2025\/06\/berlin01-768x512.webp 768w, https:\/\/aeroportcastello.com\/wp-content\/uploads\/2025\/06\/berlin01-1536x1025.webp 1536w, https:\/\/aeroportcastello.com\/wp-content\/uploads\/2025\/06\/berlin01-2048x1367.webp 2048w\" sizes=\"(max-width: 1024px) 100vw, 1024px\" \/><\/a>\n\t\t\t<\/div><\/figure><figure class='gallery-item'>\n\t\t\t<div class='gallery-icon landscape'>\n\t\t\t\t<a data-elementor-open-lightbox=\"yes\" data-elementor-lightbox-slideshow=\"089d28d\" data-elementor-lightbox-title=\"increible-foto-de-los-edificios-y-la-arquitectura-unica-de-gamla-stan-estocolmo-suecia copia\" data-e-action-hash=\"#elementor-action%3Aaction%3Dlightbox%26settings%3DeyJpZCI6MTIyNzQsInVybCI6Imh0dHBzOlwvXC9hZXJvcG9ydGNhc3RlbGxvLmNvbVwvd3AtY29udGVudFwvdXBsb2Fkc1wvMjAyNVwvMDZcL2luY3JlaWJsZS1mb3RvLWRlLWxvcy1lZGlmaWNpb3MteS1sYS1hcnF1aXRlY3R1cmEtdW5pY2EtZGUtZ2FtbGEtc3Rhbi1lc3RvY29sbW8tc3VlY2lhLWNvcGlhLndlYnAiLCJzbGlkZXNob3ciOiIwODlkMjhkIn0%3D\" href='https:\/\/aeroportcastello.com\/wp-content\/uploads\/2025\/06\/increible-foto-de-los-edificios-y-la-arquitectura-unica-de-gamla-stan-estocolmo-suecia-copia.webp'><img loading=\"lazy\" decoding=\"async\" width=\"1024\" height=\"684\" src=\"https:\/\/aeroportcastello.com\/wp-content\/uploads\/2025\/06\/increible-foto-de-los-edificios-y-la-arquitectura-unica-de-gamla-stan-estocolmo-suecia-copia-1024x684.webp\" class=\"attachment-large size-large\" alt=\"\" srcset=\"https:\/\/aeroportcastello.com\/wp-content\/uploads\/2025\/06\/increible-foto-de-los-edificios-y-la-arquitectura-unica-de-gamla-stan-estocolmo-suecia-copia-1024x684.webp 1024w, https:\/\/aeroportcastello.com\/wp-content\/uploads\/2025\/06\/increible-foto-de-los-edificios-y-la-arquitectura-unica-de-gamla-stan-estocolmo-suecia-copia-300x200.webp 300w, https:\/\/aeroportcastello.com\/wp-content\/uploads\/2025\/06\/increible-foto-de-los-edificios-y-la-arquitectura-unica-de-gamla-stan-estocolmo-suecia-copia-768x513.webp 768w, https:\/\/aeroportcastello.com\/wp-content\/uploads\/2025\/06\/increible-foto-de-los-edificios-y-la-arquitectura-unica-de-gamla-stan-estocolmo-suecia-copia-1536x1026.webp 1536w, https:\/\/aeroportcastello.com\/wp-content\/uploads\/2025\/06\/increible-foto-de-los-edificios-y-la-arquitectura-unica-de-gamla-stan-estocolmo-suecia-copia-2048x1368.webp 2048w\" sizes=\"(max-width: 1024px) 100vw, 1024px\" \/><\/a>\n\t\t\t<\/div><\/figure><figure class='gallery-item'>\n\t\t\t<div class='gallery-icon landscape'>\n\t\t\t\t<a data-elementor-open-lightbox=\"yes\" data-elementor-lightbox-slideshow=\"089d28d\" data-elementor-lightbox-title=\"limpie-las-calles-de-la-ciudad-de-praga copia\" data-e-action-hash=\"#elementor-action%3Aaction%3Dlightbox%26settings%3DeyJpZCI6MTIyNzcsInVybCI6Imh0dHBzOlwvXC9hZXJvcG9ydGNhc3RlbGxvLmNvbVwvd3AtY29udGVudFwvdXBsb2Fkc1wvMjAyNVwvMDZcL2xpbXBpZS1sYXMtY2FsbGVzLWRlLWxhLWNpdWRhZC1kZS1wcmFnYS1jb3BpYS53ZWJwIiwic2xpZGVzaG93IjoiMDg5ZDI4ZCJ9\" href='https:\/\/aeroportcastello.com\/wp-content\/uploads\/2025\/06\/limpie-las-calles-de-la-ciudad-de-praga-copia.webp'><img loading=\"lazy\" decoding=\"async\" width=\"1024\" height=\"683\" src=\"https:\/\/aeroportcastello.com\/wp-content\/uploads\/2025\/06\/limpie-las-calles-de-la-ciudad-de-praga-copia-1024x683.webp\" class=\"attachment-large size-large\" alt=\"\" srcset=\"https:\/\/aeroportcastello.com\/wp-content\/uploads\/2025\/06\/limpie-las-calles-de-la-ciudad-de-praga-copia-1024x683.webp 1024w, https:\/\/aeroportcastello.com\/wp-content\/uploads\/2025\/06\/limpie-las-calles-de-la-ciudad-de-praga-copia-300x200.webp 300w, https:\/\/aeroportcastello.com\/wp-content\/uploads\/2025\/06\/limpie-las-calles-de-la-ciudad-de-praga-copia-768x512.webp 768w, https:\/\/aeroportcastello.com\/wp-content\/uploads\/2025\/06\/limpie-las-calles-de-la-ciudad-de-praga-copia-1536x1024.webp 1536w, https:\/\/aeroportcastello.com\/wp-content\/uploads\/2025\/06\/limpie-las-calles-de-la-ciudad-de-praga-copia-2048x1366.webp 2048w\" sizes=\"(max-width: 1024px) 100vw, 1024px\" \/><\/a>\n\t\t\t<\/div><\/figure><figure class='gallery-item'>\n\t\t\t<div class='gallery-icon landscape'>\n\t\t\t\t<a data-elementor-open-lightbox=\"yes\" data-elementor-lightbox-slideshow=\"089d28d\" data-elementor-lightbox-title=\"vista-de-san-petersburgo-academia-de-las-artes copia\" data-e-action-hash=\"#elementor-action%3Aaction%3Dlightbox%26settings%3DeyJpZCI6MTIyODMsInVybCI6Imh0dHBzOlwvXC9hZXJvcG9ydGNhc3RlbGxvLmNvbVwvd3AtY29udGVudFwvdXBsb2Fkc1wvMjAyNVwvMDZcL3Zpc3RhLWRlLXNhbi1wZXRlcnNidXJnby1hY2FkZW1pYS1kZS1sYXMtYXJ0ZXMtY29waWEud2VicCIsInNsaWRlc2hvdyI6IjA4OWQyOGQifQ%3D%3D\" href='https:\/\/aeroportcastello.com\/wp-content\/uploads\/2025\/06\/vista-de-san-petersburgo-academia-de-las-artes-copia.webp'><img loading=\"lazy\" decoding=\"async\" width=\"1024\" height=\"683\" src=\"https:\/\/aeroportcastello.com\/wp-content\/uploads\/2025\/06\/vista-de-san-petersburgo-academia-de-las-artes-copia-1024x683.webp\" class=\"attachment-large size-large\" alt=\"\" srcset=\"https:\/\/aeroportcastello.com\/wp-content\/uploads\/2025\/06\/vista-de-san-petersburgo-academia-de-las-artes-copia-1024x683.webp 1024w, https:\/\/aeroportcastello.com\/wp-content\/uploads\/2025\/06\/vista-de-san-petersburgo-academia-de-las-artes-copia-300x200.webp 300w, https:\/\/aeroportcastello.com\/wp-content\/uploads\/2025\/06\/vista-de-san-petersburgo-academia-de-las-artes-copia-768x512.webp 768w, https:\/\/aeroportcastello.com\/wp-content\/uploads\/2025\/06\/vista-de-san-petersburgo-academia-de-las-artes-copia-1536x1024.webp 1536w, https:\/\/aeroportcastello.com\/wp-content\/uploads\/2025\/06\/vista-de-san-petersburgo-academia-de-las-artes-copia-2048x1366.webp 2048w\" sizes=\"(max-width: 1024px) 100vw, 1024px\" \/><\/a>\n\t\t\t<\/div><\/figure><figure class='gallery-item'>\n\t\t\t<div class='gallery-icon landscape'>\n\t\t\t\t<a data-elementor-open-lightbox=\"yes\" data-elementor-lightbox-slideshow=\"089d28d\" data-elementor-lightbox-title=\"paisaje-urbano-del-centro-de-frankfurt-alemania copia 2\" data-e-action-hash=\"#elementor-action%3Aaction%3Dlightbox%26settings%3DeyJpZCI6MTIyOTAsInVybCI6Imh0dHBzOlwvXC9hZXJvcG9ydGNhc3RlbGxvLmNvbVwvd3AtY29udGVudFwvdXBsb2Fkc1wvMjAyNVwvMDZcL3BhaXNhamUtdXJiYW5vLWRlbC1jZW50cm8tZGUtZnJhbmtmdXJ0LWFsZW1hbmlhLWNvcGlhLTIud2VicCIsInNsaWRlc2hvdyI6IjA4OWQyOGQifQ%3D%3D\" href='https:\/\/aeroportcastello.com\/wp-content\/uploads\/2025\/06\/paisaje-urbano-del-centro-de-frankfurt-alemania-copia-2.webp'><img loading=\"lazy\" decoding=\"async\" width=\"1024\" height=\"683\" src=\"https:\/\/aeroportcastello.com\/wp-content\/uploads\/2025\/06\/paisaje-urbano-del-centro-de-frankfurt-alemania-copia-2-1024x683.webp\" class=\"attachment-large size-large\" alt=\"\" srcset=\"https:\/\/aeroportcastello.com\/wp-content\/uploads\/2025\/06\/paisaje-urbano-del-centro-de-frankfurt-alemania-copia-2-1024x683.webp 1024w, https:\/\/aeroportcastello.com\/wp-content\/uploads\/2025\/06\/paisaje-urbano-del-centro-de-frankfurt-alemania-copia-2-300x200.webp 300w, https:\/\/aeroportcastello.com\/wp-content\/uploads\/2025\/06\/paisaje-urbano-del-centro-de-frankfurt-alemania-copia-2-768x512.webp 768w, https:\/\/aeroportcastello.com\/wp-content\/uploads\/2025\/06\/paisaje-urbano-del-centro-de-frankfurt-alemania-copia-2-1536x1025.webp 1536w, https:\/\/aeroportcastello.com\/wp-content\/uploads\/2025\/06\/paisaje-urbano-del-centro-de-frankfurt-alemania-copia-2-2048x1367.webp 2048w\" sizes=\"(max-width: 1024px) 100vw, 1024px\" \/><\/a>\n\t\t\t<\/div><\/figure>\n\t\t<\/div>\n\t\t<\/div>\n\t\t\t\t<\/div>\n\t\t\t\t<\/div>\n\t\t\t\t\t<\/div>\n\t\t<\/div>\n\t\t\t\t\t<\/div>\n\t\t<\/section>\n\t\t\t\t<section class=\"elementor-section elementor-top-section elementor-element elementor-element-0759218 elementor-section-boxed elementor-section-height-default elementor-section-height-default\" data-id=\"0759218\" data-element_type=\"section\" data-settings=\"{&quot;jet_parallax_layout_list&quot;:[]}\">\n\t\t\t\t\t\t<div class=\"elementor-container elementor-column-gap-default\">\n\t\t\t\t\t<div class=\"elementor-column elementor-col-100 elementor-top-column elementor-element elementor-element-2510e1f\" data-id=\"2510e1f\" data-element_type=\"column\">\n\t\t\t<div class=\"elementor-widget-wrap elementor-element-populated\">\n\t\t\t\t\t\t<div class=\"elementor-element elementor-element-dc913d2 elementor-widget elementor-widget-spacer\" data-id=\"dc913d2\" data-element_type=\"widget\" data-widget_type=\"spacer.default\">\n\t\t\t\t<div class=\"elementor-widget-container\">\n\t\t\t\t\t<div class=\"elementor-spacer\">\n\t\t\t<div class=\"elementor-spacer-inner\"><\/div>\n\t\t<\/div>\n\t\t\t\t<\/div>\n\t\t\t\t<\/div>\n\t\t\t\t<div class=\"elementor-element elementor-element-1289418 elementor-widget elementor-widget-heading\" data-id=\"1289418\" data-element_type=\"widget\" data-widget_type=\"heading.default\">\n\t\t\t\t<div class=\"elementor-widget-container\">\n\t\t\t<h3 class=\"elementor-heading-title elementor-size-default\">Enlaces \u00fatiles<\/h3>\t\t<\/div>\n\t\t\t\t<\/div>\n\t\t\t\t<div class=\"elementor-element elementor-element-7a95dcf elementor-widget elementor-widget-text-editor\" data-id=\"7a95dcf\" data-element_type=\"widget\" data-widget_type=\"text-editor.default\">\n\t\t\t\t<div class=\"elementor-widget-container\">\n\t\t\t\t\t\t\t<ul>\n<li>\n<p class=\"p1\"><a href=\"https:\/\/www.visitberlin.de\/en\">Turismo oficial de Berl\u00edn (visitBerlin)<\/a>.<\/p>\n<\/li>\n<li>\n<p class=\"p1\"><a href=\"https:\/\/ber.berlin-airport.de\/en.html\">Aeropuerto de Berl\u00edn Brandeburgo (BER)<\/a>.<\/p>\n<\/li>\n<li>\n<p class=\"p1\"><a href=\"https:\/\/www.bvg.de\/en\">Transporte p\u00fablico de Berl\u00edn (BVG)<\/a>.<\/p><\/li>\n<\/ul>\t\t\t\t\t\t<\/div>\n\t\t\t\t<\/div>\n\t\t\t\t\t<\/div>\n\t\t<\/div>\n\t\t\t\t\t<\/div>\n\t\t<\/section>\n\t\t\t\t<\/div>\n\t\t","protected":false},"excerpt":{"rendered":"<p>Berl\u00edn: una ciudad de historia viva y creatividad urbana Berl\u00edn es una capital que no deja indiferente. Moderna y alternativa, pero profundamente marcada por su historia reciente, la ciudad ofrece una combinaci\u00f3n \u00fanica de museos de primer nivel, arte urbano, arquitectura, memoriales y vida nocturna. Ideal para quienes buscan cultura, reflexi\u00f3n y energ\u00eda joven. Informaci\u00f3n &#8230; <\/p>\n<p class=\"read-more-container\"><a title=\"Berl\u00edn\" class=\"read-more button\" href=\"https:\/\/aeroportcastello.com\/es\/destinos\/berlin\/#more-12157\" aria-label=\"Leer m\u00e1s sobre Berl\u00edn\">Leer m\u00e1s<\/a><\/p>\n","protected":false},"author":8,"featured_media":0,"parent":12141,"menu_order":0,"comment_status":"closed","ping_status":"closed","template":"elementor_header_footer","meta":{"footnotes":""},"yoast_head":"<!-- This site is optimized with the Yoast SEO plugin v22.0 - https:\/\/yoast.com\/wordpress\/plugins\/seo\/ -->\n<title>Berl\u00edn - Aeropuerto Castell\u00f3n<\/title>\n<meta name=\"robots\" content=\"index, follow, max-snippet:-1, max-image-preview:large, max-video-preview:-1\" \/>\n<link rel=\"canonical\" href=\"https:\/\/aeroportcastello.com\/es\/destinos\/berlin\/\" \/>\n<meta property=\"og:locale\" content=\"es_ES\" \/>\n<meta property=\"og:type\" content=\"article\" \/>\n<meta property=\"og:title\" content=\"Berl\u00edn - Aeropuerto Castell\u00f3n\" \/>\n<meta property=\"og:description\" content=\"Berl\u00edn: una ciudad de historia viva y creatividad urbana Berl\u00edn es una capital que no deja indiferente. Moderna y alternativa, pero profundamente marcada por su historia reciente, la ciudad ofrece una combinaci\u00f3n \u00fanica de museos de primer nivel, arte urbano, arquitectura, memoriales y vida nocturna. Ideal para quienes buscan cultura, reflexi\u00f3n y energ\u00eda joven. Informaci\u00f3n ... Leer m\u00e1s\" \/>\n<meta property=\"og:url\" content=\"https:\/\/aeroportcastello.com\/es\/destinos\/berlin\/\" \/>\n<meta property=\"og:site_name\" content=\"Aeropuerto Castell\u00f3n\" \/>\n<meta property=\"article:modified_time\" content=\"2025-06-27T13:04:07+00:00\" \/>\n<meta property=\"og:image\" content=\"https:\/\/aeroportcastello.com\/wp-content\/uploads\/2025\/06\/calles-vacias-durante-la-pandemia-de-coronavirus-copia-683x1024.webp\" \/>\n<meta name=\"twitter:card\" content=\"summary_large_image\" \/>\n<meta name=\"twitter:label1\" content=\"Tiempo de lectura\" \/>\n\t<meta name=\"twitter:data1\" content=\"3 minutos\" \/>\n<script type=\"application\/ld+json\" class=\"yoast-schema-graph\">{\"@context\":\"https:\/\/schema.org\",\"@graph\":[{\"@type\":\"WebPage\",\"@id\":\"https:\/\/aeroportcastello.com\/es\/destinos\/berlin\/\",\"url\":\"https:\/\/aeroportcastello.com\/es\/destinos\/berlin\/\",\"name\":\"Berl\u00edn - Aeropuerto Castell\u00f3n\",\"isPartOf\":{\"@id\":\"https:\/\/aeroportcastello.com\/es\/#website\"},\"datePublished\":\"2025-06-24T14:15:57+00:00\",\"dateModified\":\"2025-06-27T13:04:07+00:00\",\"breadcrumb\":{\"@id\":\"https:\/\/aeroportcastello.com\/es\/destinos\/berlin\/#breadcrumb\"},\"inLanguage\":\"es\",\"potentialAction\":[{\"@type\":\"ReadAction\",\"target\":[\"https:\/\/aeroportcastello.com\/es\/destinos\/berlin\/\"]}]},{\"@type\":\"BreadcrumbList\",\"@id\":\"https:\/\/aeroportcastello.com\/es\/destinos\/berlin\/#breadcrumb\",\"itemListElement\":[{\"@type\":\"ListItem\",\"position\":1,\"name\":\"Pasajeros\",\"item\":\"https:\/\/aeroportcastello.com\/es\/\"},{\"@type\":\"ListItem\",\"position\":2,\"name\":\"Destinos\",\"item\":\"https:\/\/aeroportcastello.com\/es\/destinos\/\"},{\"@type\":\"ListItem\",\"position\":3,\"name\":\"Berl\u00edn\"}]},{\"@type\":\"WebSite\",\"@id\":\"https:\/\/aeroportcastello.com\/es\/#website\",\"url\":\"https:\/\/aeroportcastello.com\/es\/\",\"name\":\"Aeropuerto Castell\u00f3n\",\"description\":\"Aeropuerto Castell\u00f3n\",\"publisher\":{\"@id\":\"https:\/\/aeroportcastello.com\/es\/#organization\"},\"potentialAction\":[{\"@type\":\"SearchAction\",\"target\":{\"@type\":\"EntryPoint\",\"urlTemplate\":\"https:\/\/aeroportcastello.com\/es\/?s={search_term_string}\"},\"query-input\":\"required name=search_term_string\"}],\"inLanguage\":\"es\"},{\"@type\":\"Organization\",\"@id\":\"https:\/\/aeroportcastello.com\/es\/#organization\",\"name\":\"Aeropuerto Castell\u00f3n\",\"url\":\"https:\/\/aeroportcastello.com\/es\/\",\"logo\":{\"@type\":\"ImageObject\",\"inLanguage\":\"es\",\"@id\":\"https:\/\/aeroportcastello.com\/es\/#\/schema\/logo\/image\/\",\"url\":\"https:\/\/aeroportcastello.com\/wp-content\/uploads\/2021\/05\/logo_aeroport_castello-1.svg\",\"contentUrl\":\"https:\/\/aeroportcastello.com\/wp-content\/uploads\/2021\/05\/logo_aeroport_castello-1.svg\",\"width\":482.8999999999999772626324556767940521240234375,\"height\":93.7000000000000028421709430404007434844970703125,\"caption\":\"Aeropuerto Castell\u00f3n\"},\"image\":{\"@id\":\"https:\/\/aeroportcastello.com\/es\/#\/schema\/logo\/image\/\"}}]}<\/script>\n<!-- \/ Yoast SEO plugin. -->","yoast_head_json":{"title":"Berl\u00edn - Aeropuerto Castell\u00f3n","robots":{"index":"index","follow":"follow","max-snippet":"max-snippet:-1","max-image-preview":"max-image-preview:large","max-video-preview":"max-video-preview:-1"},"canonical":"https:\/\/aeroportcastello.com\/es\/destinos\/berlin\/","og_locale":"es_ES","og_type":"article","og_title":"Berl\u00edn - Aeropuerto Castell\u00f3n","og_description":"Berl\u00edn: una ciudad de historia viva y creatividad urbana Berl\u00edn es una capital que no deja indiferente. Moderna y alternativa, pero profundamente marcada por su historia reciente, la ciudad ofrece una combinaci\u00f3n \u00fanica de museos de primer nivel, arte urbano, arquitectura, memoriales y vida nocturna. Ideal para quienes buscan cultura, reflexi\u00f3n y energ\u00eda joven. Informaci\u00f3n ... Leer m\u00e1s","og_url":"https:\/\/aeroportcastello.com\/es\/destinos\/berlin\/","og_site_name":"Aeropuerto Castell\u00f3n","article_modified_time":"2025-06-27T13:04:07+00:00","og_image":[{"url":"https:\/\/aeroportcastello.com\/wp-content\/uploads\/2025\/06\/calles-vacias-durante-la-pandemia-de-coronavirus-copia-683x1024.webp"}],"twitter_card":"summary_large_image","twitter_misc":{"Tiempo de lectura":"3 minutos"},"schema":{"@context":"https:\/\/schema.org","@graph":[{"@type":"WebPage","@id":"https:\/\/aeroportcastello.com\/es\/destinos\/berlin\/","url":"https:\/\/aeroportcastello.com\/es\/destinos\/berlin\/","name":"Berl\u00edn - Aeropuerto Castell\u00f3n","isPartOf":{"@id":"https:\/\/aeroportcastello.com\/es\/#website"},"datePublished":"2025-06-24T14:15:57+00:00","dateModified":"2025-06-27T13:04:07+00:00","breadcrumb":{"@id":"https:\/\/aeroportcastello.com\/es\/destinos\/berlin\/#breadcrumb"},"inLanguage":"es","potentialAction":[{"@type":"ReadAction","target":["https:\/\/aeroportcastello.com\/es\/destinos\/berlin\/"]}]},{"@type":"BreadcrumbList","@id":"https:\/\/aeroportcastello.com\/es\/destinos\/berlin\/#breadcrumb","itemListElement":[{"@type":"ListItem","position":1,"name":"Pasajeros","item":"https:\/\/aeroportcastello.com\/es\/"},{"@type":"ListItem","position":2,"name":"Destinos","item":"https:\/\/aeroportcastello.com\/es\/destinos\/"},{"@type":"ListItem","position":3,"name":"Berl\u00edn"}]},{"@type":"WebSite","@id":"https:\/\/aeroportcastello.com\/es\/#website","url":"https:\/\/aeroportcastello.com\/es\/","name":"Aeropuerto Castell\u00f3n","description":"Aeropuerto Castell\u00f3n","publisher":{"@id":"https:\/\/aeroportcastello.com\/es\/#organization"},"potentialAction":[{"@type":"SearchAction","target":{"@type":"EntryPoint","urlTemplate":"https:\/\/aeroportcastello.com\/es\/?s={search_term_string}"},"query-input":"required name=search_term_string"}],"inLanguage":"es"},{"@type":"Organization","@id":"https:\/\/aeroportcastello.com\/es\/#organization","name":"Aeropuerto Castell\u00f3n","url":"https:\/\/aeroportcastello.com\/es\/","logo":{"@type":"ImageObject","inLanguage":"es","@id":"https:\/\/aeroportcastello.com\/es\/#\/schema\/logo\/image\/","url":"https:\/\/aeroportcastello.com\/wp-content\/uploads\/2021\/05\/logo_aeroport_castello-1.svg","contentUrl":"https:\/\/aeroportcastello.com\/wp-content\/uploads\/2021\/05\/logo_aeroport_castello-1.svg","width":482.8999999999999772626324556767940521240234375,"height":93.7000000000000028421709430404007434844970703125,"caption":"Aeropuerto Castell\u00f3n"},"image":{"@id":"https:\/\/aeroportcastello.com\/es\/#\/schema\/logo\/image\/"}}]}},"_links":{"self":[{"href":"https:\/\/aeroportcastello.com\/es\/wp-json\/wp\/v2\/pages\/12157"}],"collection":[{"href":"https:\/\/aeroportcastello.com\/es\/wp-json\/wp\/v2\/pages"}],"about":[{"href":"https:\/\/aeroportcastello.com\/es\/wp-json\/wp\/v2\/types\/page"}],"author":[{"embeddable":true,"href":"https:\/\/aeroportcastello.com\/es\/wp-json\/wp\/v2\/users\/8"}],"replies":[{"embeddable":true,"href":"https:\/\/aeroportcastello.com\/es\/wp-json\/wp\/v2\/comments?post=12157"}],"version-history":[{"count":16,"href":"https:\/\/aeroportcastello.com\/es\/wp-json\/wp\/v2\/pages\/12157\/revisions"}],"predecessor-version":[{"id":12962,"href":"https:\/\/aeroportcastello.com\/es\/wp-json\/wp\/v2\/pages\/12157\/revisions\/12962"}],"up":[{"embeddable":true,"href":"https:\/\/aeroportcastello.com\/es\/wp-json\/wp\/v2\/pages\/12141"}],"wp:attachment":[{"href":"https:\/\/aeroportcastello.com\/es\/wp-json\/wp\/v2\/media?parent=12157"}],"curies":[{"name":"wp","href":"https:\/\/api.w.org\/{rel}","templated":true}]}}