{"id":12141,"date":"2025-06-23T15:49:47","date_gmt":"2025-06-23T13:49:47","guid":{"rendered":"https:\/\/aeroportcastello.com\/?page_id=12141"},"modified":"2025-11-12T13:04:15","modified_gmt":"2025-11-12T12:04:15","slug":"destinos","status":"publish","type":"page","link":"https:\/\/aeroportcastello.com\/es\/destinos\/","title":{"rendered":"Destinos"},"content":{"rendered":"\t\t<div data-elementor-type=\"wp-page\" data-elementor-id=\"12141\" class=\"elementor elementor-12141\" data-elementor-post-type=\"page\">\n\t\t\t\t\t\t<section class=\"elementor-section elementor-top-section elementor-element elementor-element-d136d9e elementor-section-boxed elementor-section-height-default elementor-section-height-default\" data-id=\"d136d9e\" data-element_type=\"section\" data-settings=\"{&quot;jet_parallax_layout_list&quot;:[],&quot;background_background&quot;:&quot;classic&quot;}\">\n\t\t\t\t\t\t<div class=\"elementor-container elementor-column-gap-default\">\n\t\t\t\t\t<div class=\"elementor-column elementor-col-100 elementor-top-column elementor-element elementor-element-475e7bd\" data-id=\"475e7bd\" data-element_type=\"column\">\n\t\t\t<div class=\"elementor-widget-wrap elementor-element-populated\">\n\t\t\t\t\t\t<div class=\"elementor-element elementor-element-fcc0f42 elementor-widget elementor-widget-spacer\" data-id=\"fcc0f42\" data-element_type=\"widget\" data-widget_type=\"spacer.default\">\n\t\t\t\t<div class=\"elementor-widget-container\">\n\t\t\t\t\t<div class=\"elementor-spacer\">\n\t\t\t<div class=\"elementor-spacer-inner\"><\/div>\n\t\t<\/div>\n\t\t\t\t<\/div>\n\t\t\t\t<\/div>\n\t\t\t\t<div class=\"elementor-element elementor-element-87f6c5c elementor-widget elementor-widget-heading\" data-id=\"87f6c5c\" data-element_type=\"widget\" data-widget_type=\"heading.default\">\n\t\t\t\t<div class=\"elementor-widget-container\">\n\t\t\t<h3 class=\"elementor-heading-title elementor-size-default\">Explora nuestros destinos<\/h3>\t\t<\/div>\n\t\t\t\t<\/div>\n\t\t\t\t<div class=\"elementor-element elementor-element-1feeb15 elementor-widget elementor-widget-text-editor\" data-id=\"1feeb15\" data-element_type=\"widget\" data-widget_type=\"text-editor.default\">\n\t\t\t\t<div class=\"elementor-widget-container\">\n\t\t\t\t\t\t\t<p style=\"text-align: center;\">Desde Castell\u00f3n puedes volar directamente a 16 destinos en Espa\u00f1a y Europa. <br \/>Haz clic en cada destino para ver qu\u00e9 te espera.<\/p>\t\t\t\t\t\t<\/div>\n\t\t\t\t<\/div>\n\t\t\t\t<div class=\"elementor-element elementor-element-1490dfd elementor-widget elementor-widget-text-editor\" data-id=\"1490dfd\" data-element_type=\"widget\" data-widget_type=\"text-editor.default\">\n\t\t\t\t<div class=\"elementor-widget-container\">\n\t\t\t\t\t\t\t\t\t\t\t\t\t<\/div>\n\t\t\t\t<\/div>\n\t\t\t\t\t<\/div>\n\t\t<\/div>\n\t\t\t\t\t<\/div>\n\t\t<\/section>\n\t\t\t\t<section class=\"elementor-section elementor-top-section elementor-element elementor-element-90ee33a elementor-section-boxed elementor-section-height-default elementor-section-height-default\" data-id=\"90ee33a\" data-element_type=\"section\" data-settings=\"{&quot;jet_parallax_layout_list&quot;:[]}\">\n\t\t\t\t\t\t<div class=\"elementor-container elementor-column-gap-default\">\n\t\t\t\t\t<div class=\"elementor-column elementor-col-33 elementor-top-column elementor-element elementor-element-a60da09\" data-id=\"a60da09\" data-element_type=\"column\" data-settings=\"{&quot;background_background&quot;:&quot;classic&quot;}\">\n\t\t\t<div class=\"elementor-widget-wrap elementor-element-populated\">\n\t\t\t\t\t\t<div class=\"elementor-element elementor-element-1e99e59 elementor-widget elementor-widget-image\" data-id=\"1e99e59\" data-element_type=\"widget\" data-widget_type=\"image.default\">\n\t\t\t\t<div class=\"elementor-widget-container\">\n\t\t\t\t\t\t\t\t\t\t\t\t\t\t<a href=\"https:\/\/aeroportcastello.com\/es\/destinos\/londres\/\">\n\t\t\t\t\t\t\t<img fetchpriority=\"high\" decoding=\"async\" width=\"1024\" height=\"683\" src=\"https:\/\/aeroportcastello.com\/wp-content\/uploads\/2025\/06\/hermosa-foto-de-tower-bridge-en-londres-copia-1024x683.webp\" class=\"attachment-large size-large wp-image-12126\" alt=\"\" srcset=\"https:\/\/aeroportcastello.com\/wp-content\/uploads\/2025\/06\/hermosa-foto-de-tower-bridge-en-londres-copia-1024x683.webp 1024w, https:\/\/aeroportcastello.com\/wp-content\/uploads\/2025\/06\/hermosa-foto-de-tower-bridge-en-londres-copia-300x200.webp 300w, https:\/\/aeroportcastello.com\/wp-content\/uploads\/2025\/06\/hermosa-foto-de-tower-bridge-en-londres-copia-768x512.webp 768w, https:\/\/aeroportcastello.com\/wp-content\/uploads\/2025\/06\/hermosa-foto-de-tower-bridge-en-londres-copia-1536x1024.webp 1536w, https:\/\/aeroportcastello.com\/wp-content\/uploads\/2025\/06\/hermosa-foto-de-tower-bridge-en-londres-copia-2048x1366.webp 2048w\" sizes=\"(max-width: 1024px) 100vw, 1024px\" \/>\t\t\t\t\t\t\t\t<\/a>\n\t\t\t\t\t\t\t\t\t\t\t\t\t<\/div>\n\t\t\t\t<\/div>\n\t\t\t\t<div class=\"elementor-element elementor-element-f1e76df elementor-widget elementor-widget-heading\" data-id=\"f1e76df\" data-element_type=\"widget\" data-widget_type=\"heading.default\">\n\t\t\t\t<div class=\"elementor-widget-container\">\n\t\t\t<h4 class=\"elementor-heading-title elementor-size-default\"><a href=\"https:\/\/aeroportcastello.com\/es\/destinos\/londres\/\">Londres<\/a><\/h4>\t\t<\/div>\n\t\t\t\t<\/div>\n\t\t\t\t<div class=\"elementor-element elementor-element-e91e216 elementor-widget elementor-widget-text-editor\" data-id=\"e91e216\" data-element_type=\"widget\" data-widget_type=\"text-editor.default\">\n\t\t\t\t<div class=\"elementor-widget-container\">\n\t\t\t\t\t\t\t<p class=\"p1\">Cosmopolita, hist\u00f3rica y vibrante. Desde el Big Ben hasta los mercados de Camden, Londres lo tiene todo: cultura, tradici\u00f3n y energ\u00eda para una escapada inolvidable. Vuela directo desde Castell\u00f3n.<\/p>\t\t\t\t\t\t<\/div>\n\t\t\t\t<\/div>\n\t\t\t\t<div class=\"elementor-element elementor-element-81694cd elementor-button-info elementor-widget elementor-widget-button\" data-id=\"81694cd\" data-element_type=\"widget\" data-widget_type=\"button.default\">\n\t\t\t\t<div class=\"elementor-widget-container\">\n\t\t\t\t\t<div class=\"elementor-button-wrapper\">\n\t\t\t<a class=\"elementor-button elementor-size-sm\" role=\"button\">\n\t\t\t\t\t\t<span class=\"elementor-button-content-wrapper\">\n\t\t\t\t\t\t<span class=\"elementor-button-text\">Ruta anual<\/span>\n\t\t<\/span>\n\t\t\t\t\t<\/a>\n\t\t<\/div>\n\t\t\t\t<\/div>\n\t\t\t\t<\/div>\n\t\t\t\t\t<\/div>\n\t\t<\/div>\n\t\t\t\t<div class=\"elementor-column elementor-col-33 elementor-top-column elementor-element elementor-element-fd7cd7f\" data-id=\"fd7cd7f\" data-element_type=\"column\" data-settings=\"{&quot;background_background&quot;:&quot;classic&quot;}\">\n\t\t\t<div class=\"elementor-widget-wrap elementor-element-populated\">\n\t\t\t\t\t\t<div class=\"elementor-element elementor-element-1311fdb elementor-widget elementor-widget-image\" data-id=\"1311fdb\" data-element_type=\"widget\" data-widget_type=\"image.default\">\n\t\t\t\t<div class=\"elementor-widget-container\">\n\t\t\t\t\t\t\t\t\t\t\t\t\t\t<a href=\"https:\/\/aeroportcastello.com\/es\/destinos\/bruselas\/\">\n\t\t\t\t\t\t\t<img decoding=\"async\" width=\"1024\" height=\"683\" src=\"https:\/\/aeroportcastello.com\/wp-content\/uploads\/2025\/06\/Bruselas01-1024x683.webp\" class=\"attachment-large size-large wp-image-12729\" alt=\"\" srcset=\"https:\/\/aeroportcastello.com\/wp-content\/uploads\/2025\/06\/Bruselas01-1024x683.webp 1024w, https:\/\/aeroportcastello.com\/wp-content\/uploads\/2025\/06\/Bruselas01-300x200.webp 300w, https:\/\/aeroportcastello.com\/wp-content\/uploads\/2025\/06\/Bruselas01-768x512.webp 768w, https:\/\/aeroportcastello.com\/wp-content\/uploads\/2025\/06\/Bruselas01-1536x1025.webp 1536w, https:\/\/aeroportcastello.com\/wp-content\/uploads\/2025\/06\/Bruselas01-2048x1367.webp 2048w\" sizes=\"(max-width: 1024px) 100vw, 1024px\" \/>\t\t\t\t\t\t\t\t<\/a>\n\t\t\t\t\t\t\t\t\t\t\t\t\t<\/div>\n\t\t\t\t<\/div>\n\t\t\t\t<div class=\"elementor-element elementor-element-36f4afe elementor-widget elementor-widget-heading\" data-id=\"36f4afe\" data-element_type=\"widget\" data-widget_type=\"heading.default\">\n\t\t\t\t<div class=\"elementor-widget-container\">\n\t\t\t<h4 class=\"elementor-heading-title elementor-size-default\"><a href=\"https:\/\/aeroportcastello.com\/es\/destinos\/bruselas\/\">Bruselas<\/a><\/h4>\t\t<\/div>\n\t\t\t\t<\/div>\n\t\t\t\t<div class=\"elementor-element elementor-element-e2df52a elementor-widget elementor-widget-text-editor\" data-id=\"e2df52a\" data-element_type=\"widget\" data-widget_type=\"text-editor.default\">\n\t\t\t\t<div class=\"elementor-widget-container\">\n\t\t\t\t\t\t\t<p class=\"p1\">Capital europea con alma medieval. Disfruta de su arquitectura, sus museos, el chocolate belga y excursiones a ciudades como Brujas o Gante.<\/p>\t\t\t\t\t\t<\/div>\n\t\t\t\t<\/div>\n\t\t\t\t<div class=\"elementor-element elementor-element-d282640 elementor-button-info elementor-widget elementor-widget-button\" data-id=\"d282640\" data-element_type=\"widget\" data-widget_type=\"button.default\">\n\t\t\t\t<div class=\"elementor-widget-container\">\n\t\t\t\t\t<div class=\"elementor-button-wrapper\">\n\t\t\t<a class=\"elementor-button elementor-size-sm\" role=\"button\">\n\t\t\t\t\t\t<span class=\"elementor-button-content-wrapper\">\n\t\t\t\t\t\t<span class=\"elementor-button-text\">Ruta anual<\/span>\n\t\t<\/span>\n\t\t\t\t\t<\/a>\n\t\t<\/div>\n\t\t\t\t<\/div>\n\t\t\t\t<\/div>\n\t\t\t\t\t<\/div>\n\t\t<\/div>\n\t\t\t\t<div class=\"elementor-column elementor-col-33 elementor-top-column elementor-element elementor-element-716e755\" data-id=\"716e755\" data-element_type=\"column\" data-settings=\"{&quot;background_background&quot;:&quot;classic&quot;}\">\n\t\t\t<div class=\"elementor-widget-wrap elementor-element-populated\">\n\t\t\t\t\t\t<div class=\"elementor-element elementor-element-6ff7493 elementor-widget elementor-widget-image\" data-id=\"6ff7493\" data-element_type=\"widget\" data-widget_type=\"image.default\">\n\t\t\t\t<div class=\"elementor-widget-container\">\n\t\t\t\t\t\t\t\t\t\t\t\t\t\t<a href=\"https:\/\/aeroportcastello.com\/es\/destinos\/bucarest\/\">\n\t\t\t\t\t\t\t<img decoding=\"async\" width=\"1024\" height=\"683\" src=\"https:\/\/aeroportcastello.com\/wp-content\/uploads\/2025\/06\/buc4-1024x683.webp\" class=\"attachment-large size-large wp-image-12599\" alt=\"\" srcset=\"https:\/\/aeroportcastello.com\/wp-content\/uploads\/2025\/06\/buc4-1024x683.webp 1024w, https:\/\/aeroportcastello.com\/wp-content\/uploads\/2025\/06\/buc4-300x200.webp 300w, https:\/\/aeroportcastello.com\/wp-content\/uploads\/2025\/06\/buc4-768x512.webp 768w, https:\/\/aeroportcastello.com\/wp-content\/uploads\/2025\/06\/buc4-1536x1025.webp 1536w, https:\/\/aeroportcastello.com\/wp-content\/uploads\/2025\/06\/buc4-2048x1367.webp 2048w\" sizes=\"(max-width: 1024px) 100vw, 1024px\" \/>\t\t\t\t\t\t\t\t<\/a>\n\t\t\t\t\t\t\t\t\t\t\t\t\t<\/div>\n\t\t\t\t<\/div>\n\t\t\t\t<div class=\"elementor-element elementor-element-95d7dd1 elementor-widget elementor-widget-heading\" data-id=\"95d7dd1\" data-element_type=\"widget\" data-widget_type=\"heading.default\">\n\t\t\t\t<div class=\"elementor-widget-container\">\n\t\t\t<h4 class=\"elementor-heading-title elementor-size-default\"><a href=\"https:\/\/aeroportcastello.com\/es\/destinos\/bucarest\/\">Bucarest<\/a><\/h4>\t\t<\/div>\n\t\t\t\t<\/div>\n\t\t\t\t<div class=\"elementor-element elementor-element-622fa93 elementor-widget elementor-widget-text-editor\" data-id=\"622fa93\" data-element_type=\"widget\" data-widget_type=\"text-editor.default\">\n\t\t\t\t<div class=\"elementor-widget-container\">\n\t\t\t\t\t\t\t<p>Una capital en transformaci\u00f3n. Ofrece una vida vibrante con una mezcla de historia, cultura y modernidad. La ciudad es conocida por su arquitectura impresionante, parques exuberantes y una vida nocturna animada.<\/p>\t\t\t\t\t\t<\/div>\n\t\t\t\t<\/div>\n\t\t\t\t<div class=\"elementor-element elementor-element-c0c9646 elementor-button-info elementor-widget elementor-widget-button\" data-id=\"c0c9646\" data-element_type=\"widget\" data-widget_type=\"button.default\">\n\t\t\t\t<div class=\"elementor-widget-container\">\n\t\t\t\t\t<div class=\"elementor-button-wrapper\">\n\t\t\t<a class=\"elementor-button elementor-size-sm\" role=\"button\">\n\t\t\t\t\t\t<span class=\"elementor-button-content-wrapper\">\n\t\t\t\t\t\t<span class=\"elementor-button-text\">Ruta anual<\/span>\n\t\t<\/span>\n\t\t\t\t\t<\/a>\n\t\t<\/div>\n\t\t\t\t<\/div>\n\t\t\t\t<\/div>\n\t\t\t\t\t<\/div>\n\t\t<\/div>\n\t\t\t\t\t<\/div>\n\t\t<\/section>\n\t\t\t\t<section class=\"elementor-section elementor-top-section elementor-element elementor-element-021c08f elementor-section-boxed elementor-section-height-default elementor-section-height-default\" data-id=\"021c08f\" data-element_type=\"section\" data-settings=\"{&quot;jet_parallax_layout_list&quot;:[]}\">\n\t\t\t\t\t\t<div class=\"elementor-container elementor-column-gap-default\">\n\t\t\t\t\t<div class=\"elementor-column elementor-col-33 elementor-top-column elementor-element elementor-element-5c0cbed\" data-id=\"5c0cbed\" data-element_type=\"column\" data-settings=\"{&quot;background_background&quot;:&quot;classic&quot;}\">\n\t\t\t<div class=\"elementor-widget-wrap elementor-element-populated\">\n\t\t\t\t\t\t<div class=\"elementor-element elementor-element-83d99b7 elementor-widget elementor-widget-image\" data-id=\"83d99b7\" data-element_type=\"widget\" data-widget_type=\"image.default\">\n\t\t\t\t<div class=\"elementor-widget-container\">\n\t\t\t\t\t\t\t\t\t\t\t\t\t\t<a href=\"https:\/\/aeroportcastello.com\/es\/destinos\/madrid\/\">\n\t\t\t\t\t\t\t<img loading=\"lazy\" decoding=\"async\" width=\"1024\" height=\"683\" src=\"https:\/\/aeroportcastello.com\/wp-content\/uploads\/2025\/06\/MAD6-1024x683.webp\" class=\"attachment-large size-large wp-image-12484\" alt=\"\" srcset=\"https:\/\/aeroportcastello.com\/wp-content\/uploads\/2025\/06\/MAD6-1024x683.webp 1024w, https:\/\/aeroportcastello.com\/wp-content\/uploads\/2025\/06\/MAD6-300x200.webp 300w, https:\/\/aeroportcastello.com\/wp-content\/uploads\/2025\/06\/MAD6-768x512.webp 768w, https:\/\/aeroportcastello.com\/wp-content\/uploads\/2025\/06\/MAD6-1536x1025.webp 1536w, https:\/\/aeroportcastello.com\/wp-content\/uploads\/2025\/06\/MAD6-2048x1367.webp 2048w\" sizes=\"(max-width: 1024px) 100vw, 1024px\" \/>\t\t\t\t\t\t\t\t<\/a>\n\t\t\t\t\t\t\t\t\t\t\t\t\t<\/div>\n\t\t\t\t<\/div>\n\t\t\t\t<div class=\"elementor-element elementor-element-245495f elementor-widget elementor-widget-heading\" data-id=\"245495f\" data-element_type=\"widget\" data-widget_type=\"heading.default\">\n\t\t\t\t<div class=\"elementor-widget-container\">\n\t\t\t<h4 class=\"elementor-heading-title elementor-size-default\"><a href=\"https:\/\/aeroportcastello.com\/es\/destinos\/madrid\/\">Madrid<\/a><\/h4>\t\t<\/div>\n\t\t\t\t<\/div>\n\t\t\t\t<div class=\"elementor-element elementor-element-097cdd5 elementor-widget elementor-widget-text-editor\" data-id=\"097cdd5\" data-element_type=\"widget\" data-widget_type=\"text-editor.default\">\n\t\t\t\t<div class=\"elementor-widget-container\">\n\t\t\t\t\t\t\t<p class=\"p1\">Una escapada urbana sin l\u00edmites. Museos, parques, gastronom\u00eda y ambiente en una de las ciudades m\u00e1s vivas de Europa.<\/p>\t\t\t\t\t\t<\/div>\n\t\t\t\t<\/div>\n\t\t\t\t<div class=\"elementor-element elementor-element-b012153 elementor-button-info elementor-widget elementor-widget-button\" data-id=\"b012153\" data-element_type=\"widget\" data-widget_type=\"button.default\">\n\t\t\t\t<div class=\"elementor-widget-container\">\n\t\t\t\t\t<div class=\"elementor-button-wrapper\">\n\t\t\t<a class=\"elementor-button elementor-size-sm\" role=\"button\">\n\t\t\t\t\t\t<span class=\"elementor-button-content-wrapper\">\n\t\t\t\t\t\t<span class=\"elementor-button-text\">Ruta anual<\/span>\n\t\t<\/span>\n\t\t\t\t\t<\/a>\n\t\t<\/div>\n\t\t\t\t<\/div>\n\t\t\t\t<\/div>\n\t\t\t\t\t<\/div>\n\t\t<\/div>\n\t\t\t\t<div class=\"elementor-column elementor-col-33 elementor-top-column elementor-element elementor-element-9bbaca9\" data-id=\"9bbaca9\" data-element_type=\"column\" data-settings=\"{&quot;background_background&quot;:&quot;classic&quot;}\">\n\t\t\t<div class=\"elementor-widget-wrap elementor-element-populated\">\n\t\t\t\t\t\t<div class=\"elementor-element elementor-element-57203d8 elementor-widget elementor-widget-image\" data-id=\"57203d8\" data-element_type=\"widget\" data-widget_type=\"image.default\">\n\t\t\t\t<div class=\"elementor-widget-container\">\n\t\t\t\t\t\t\t\t\t\t\t\t\t\t<a href=\"https:\/\/aeroportcastello.com\/es\/destinos\/cluj-napoca\/\">\n\t\t\t\t\t\t\t<img loading=\"lazy\" decoding=\"async\" width=\"1024\" height=\"683\" src=\"https:\/\/aeroportcastello.com\/wp-content\/uploads\/2025\/06\/cluj5-1024x683.webp\" class=\"attachment-large size-large wp-image-12433\" alt=\"\" srcset=\"https:\/\/aeroportcastello.com\/wp-content\/uploads\/2025\/06\/cluj5-1024x683.webp 1024w, https:\/\/aeroportcastello.com\/wp-content\/uploads\/2025\/06\/cluj5-300x200.webp 300w, https:\/\/aeroportcastello.com\/wp-content\/uploads\/2025\/06\/cluj5-768x512.webp 768w, https:\/\/aeroportcastello.com\/wp-content\/uploads\/2025\/06\/cluj5-1536x1025.webp 1536w, https:\/\/aeroportcastello.com\/wp-content\/uploads\/2025\/06\/cluj5-2048x1367.webp 2048w\" sizes=\"(max-width: 1024px) 100vw, 1024px\" \/>\t\t\t\t\t\t\t\t<\/a>\n\t\t\t\t\t\t\t\t\t\t\t\t\t<\/div>\n\t\t\t\t<\/div>\n\t\t\t\t<div class=\"elementor-element elementor-element-ecb1d24 elementor-widget elementor-widget-heading\" data-id=\"ecb1d24\" data-element_type=\"widget\" data-widget_type=\"heading.default\">\n\t\t\t\t<div class=\"elementor-widget-container\">\n\t\t\t<h4 class=\"elementor-heading-title elementor-size-default\"><a href=\"https:\/\/aeroportcastello.com\/es\/destinos\/cluj-napoca\/\">Cluj-Napoca<\/a><\/h4>\t\t<\/div>\n\t\t\t\t<\/div>\n\t\t\t\t<div class=\"elementor-element elementor-element-2eeee32 elementor-widget elementor-widget-text-editor\" data-id=\"2eeee32\" data-element_type=\"widget\" data-widget_type=\"text-editor.default\">\n\t\t\t\t<div class=\"elementor-widget-container\">\n\t\t\t\t\t\t\t<p class=\"p1\">Joven, cultural y muy verde. Cluj es el coraz\u00f3n de Transilvania, perfecta para descubrir castillos, naturaleza y la aut\u00e9ntica Ruman\u00eda.<\/p>\t\t\t\t\t\t<\/div>\n\t\t\t\t<\/div>\n\t\t\t\t<div class=\"elementor-element elementor-element-0ba4cd9 elementor-button-info elementor-widget elementor-widget-button\" data-id=\"0ba4cd9\" data-element_type=\"widget\" data-widget_type=\"button.default\">\n\t\t\t\t<div class=\"elementor-widget-container\">\n\t\t\t\t\t<div class=\"elementor-button-wrapper\">\n\t\t\t<a class=\"elementor-button elementor-size-sm\" role=\"button\">\n\t\t\t\t\t\t<span class=\"elementor-button-content-wrapper\">\n\t\t\t\t\t\t<span class=\"elementor-button-text\">Ruta anual<\/span>\n\t\t<\/span>\n\t\t\t\t\t<\/a>\n\t\t<\/div>\n\t\t\t\t<\/div>\n\t\t\t\t<\/div>\n\t\t\t\t\t<\/div>\n\t\t<\/div>\n\t\t\t\t<div class=\"elementor-column elementor-col-33 elementor-top-column elementor-element elementor-element-81c676e\" data-id=\"81c676e\" data-element_type=\"column\" data-settings=\"{&quot;background_background&quot;:&quot;classic&quot;}\">\n\t\t\t<div class=\"elementor-widget-wrap elementor-element-populated\">\n\t\t\t\t\t\t<div class=\"elementor-element elementor-element-3e11c6d elementor-widget elementor-widget-image\" data-id=\"3e11c6d\" data-element_type=\"widget\" data-widget_type=\"image.default\">\n\t\t\t\t<div class=\"elementor-widget-container\">\n\t\t\t\t\t\t\t\t\t\t\t\t\t\t<a href=\"https:\/\/aeroportcastello.com\/es\/destinos\/dusseldorf-weeze\/\">\n\t\t\t\t\t\t\t<img loading=\"lazy\" decoding=\"async\" width=\"1024\" height=\"683\" src=\"https:\/\/aeroportcastello.com\/wp-content\/uploads\/2025\/06\/dus1-1-1024x683.webp\" class=\"attachment-large size-large wp-image-12741\" alt=\"\" srcset=\"https:\/\/aeroportcastello.com\/wp-content\/uploads\/2025\/06\/dus1-1-1024x683.webp 1024w, https:\/\/aeroportcastello.com\/wp-content\/uploads\/2025\/06\/dus1-1-300x200.webp 300w, https:\/\/aeroportcastello.com\/wp-content\/uploads\/2025\/06\/dus1-1-768x512.webp 768w, https:\/\/aeroportcastello.com\/wp-content\/uploads\/2025\/06\/dus1-1-1536x1025.webp 1536w, https:\/\/aeroportcastello.com\/wp-content\/uploads\/2025\/06\/dus1-1-2048x1367.webp 2048w\" sizes=\"(max-width: 1024px) 100vw, 1024px\" \/>\t\t\t\t\t\t\t\t<\/a>\n\t\t\t\t\t\t\t\t\t\t\t\t\t<\/div>\n\t\t\t\t<\/div>\n\t\t\t\t<div class=\"elementor-element elementor-element-38d64c5 elementor-widget elementor-widget-heading\" data-id=\"38d64c5\" data-element_type=\"widget\" data-widget_type=\"heading.default\">\n\t\t\t\t<div class=\"elementor-widget-container\">\n\t\t\t<h4 class=\"elementor-heading-title elementor-size-default\"><a href=\"https:\/\/aeroportcastello.com\/es\/destinos\/dusseldorf-weeze\/\">D\u00fcsseldorf Weeze<\/a><\/h4>\t\t<\/div>\n\t\t\t\t<\/div>\n\t\t\t\t<div class=\"elementor-element elementor-element-d10315c elementor-widget elementor-widget-text-editor\" data-id=\"d10315c\" data-element_type=\"widget\" data-widget_type=\"text-editor.default\">\n\t\t\t\t<div class=\"elementor-widget-container\">\n\t\t\t\t\t\t\t<p>Situado muy pr\u00f3ximo a la frontera de Alemania y Pa\u00edses Bajos. Ideal para visitar ciudades como D\u00fcsseldorf y Colonia, el oeste de Alemania y la regi\u00f3n del Rin. Tambi\u00e9n puerta de entrada a los Pa\u00edses Bajos.<\/p>\t\t\t\t\t\t<\/div>\n\t\t\t\t<\/div>\n\t\t\t\t<div class=\"elementor-element elementor-element-209401f elementor-button-info elementor-widget elementor-widget-button\" data-id=\"209401f\" data-element_type=\"widget\" data-widget_type=\"button.default\">\n\t\t\t\t<div class=\"elementor-widget-container\">\n\t\t\t\t\t<div class=\"elementor-button-wrapper\">\n\t\t\t<a class=\"elementor-button elementor-size-sm\" role=\"button\">\n\t\t\t\t\t\t<span class=\"elementor-button-content-wrapper\">\n\t\t\t\t\t\t<span class=\"elementor-button-text\">Temporada de verano<\/span>\n\t\t<\/span>\n\t\t\t\t\t<\/a>\n\t\t<\/div>\n\t\t\t\t<\/div>\n\t\t\t\t<\/div>\n\t\t\t\t\t<\/div>\n\t\t<\/div>\n\t\t\t\t\t<\/div>\n\t\t<\/section>\n\t\t\t\t<section class=\"elementor-section elementor-top-section elementor-element elementor-element-3913ce8 elementor-section-boxed elementor-section-height-default elementor-section-height-default\" data-id=\"3913ce8\" data-element_type=\"section\" data-settings=\"{&quot;jet_parallax_layout_list&quot;:[]}\">\n\t\t\t\t\t\t<div class=\"elementor-container elementor-column-gap-default\">\n\t\t\t\t\t<div class=\"elementor-column elementor-col-33 elementor-top-column elementor-element elementor-element-75bd05b\" data-id=\"75bd05b\" data-element_type=\"column\" data-settings=\"{&quot;background_background&quot;:&quot;classic&quot;}\">\n\t\t\t<div class=\"elementor-widget-wrap elementor-element-populated\">\n\t\t\t\t\t\t<div class=\"elementor-element elementor-element-87abc7a elementor-widget elementor-widget-image\" data-id=\"87abc7a\" data-element_type=\"widget\" data-widget_type=\"image.default\">\n\t\t\t\t<div class=\"elementor-widget-container\">\n\t\t\t\t\t\t\t\t\t\t\t\t\t\t<a href=\"https:\/\/aeroportcastello.com\/es\/destinos\/milan-bergamo\/\">\n\t\t\t\t\t\t\t<img loading=\"lazy\" decoding=\"async\" width=\"1024\" height=\"683\" src=\"https:\/\/aeroportcastello.com\/wp-content\/uploads\/2025\/06\/milan5-1024x683.webp\" class=\"attachment-large size-large wp-image-12529\" alt=\"\" srcset=\"https:\/\/aeroportcastello.com\/wp-content\/uploads\/2025\/06\/milan5-1024x683.webp 1024w, https:\/\/aeroportcastello.com\/wp-content\/uploads\/2025\/06\/milan5-300x200.webp 300w, https:\/\/aeroportcastello.com\/wp-content\/uploads\/2025\/06\/milan5-768x512.webp 768w, https:\/\/aeroportcastello.com\/wp-content\/uploads\/2025\/06\/milan5-1536x1025.webp 1536w, https:\/\/aeroportcastello.com\/wp-content\/uploads\/2025\/06\/milan5-2048x1367.webp 2048w\" sizes=\"(max-width: 1024px) 100vw, 1024px\" \/>\t\t\t\t\t\t\t\t<\/a>\n\t\t\t\t\t\t\t\t\t\t\t\t\t<\/div>\n\t\t\t\t<\/div>\n\t\t\t\t<div class=\"elementor-element elementor-element-f34a193 elementor-widget elementor-widget-heading\" data-id=\"f34a193\" data-element_type=\"widget\" data-widget_type=\"heading.default\">\n\t\t\t\t<div class=\"elementor-widget-container\">\n\t\t\t<h4 class=\"elementor-heading-title elementor-size-default\"><a href=\"https:\/\/aeroportcastello.com\/es\/destinos\/milan-bergamo\/\">Mil\u00e1n B\u00e9rgamo<\/a><\/h4>\t\t<\/div>\n\t\t\t\t<\/div>\n\t\t\t\t<div class=\"elementor-element elementor-element-585c5b3 elementor-widget elementor-widget-text-editor\" data-id=\"585c5b3\" data-element_type=\"widget\" data-widget_type=\"text-editor.default\">\n\t\t\t\t<div class=\"elementor-widget-container\">\n\t\t\t\t\t\t\t<p class=\"p1\">Moda, dise\u00f1o y arte. Vuela a la regi\u00f3n de Lombard\u00eda y descubre Mil\u00e1n, B\u00e9rgamo y los impresionantes lagos del norte de Italia.<\/p>\t\t\t\t\t\t<\/div>\n\t\t\t\t<\/div>\n\t\t\t\t<div class=\"elementor-element elementor-element-26cb964 elementor-button-info elementor-widget elementor-widget-button\" data-id=\"26cb964\" data-element_type=\"widget\" data-widget_type=\"button.default\">\n\t\t\t\t<div class=\"elementor-widget-container\">\n\t\t\t\t\t<div class=\"elementor-button-wrapper\">\n\t\t\t<a class=\"elementor-button elementor-size-sm\" role=\"button\">\n\t\t\t\t\t\t<span class=\"elementor-button-content-wrapper\">\n\t\t\t\t\t\t<span class=\"elementor-button-text\">Temporada de verano<\/span>\n\t\t<\/span>\n\t\t\t\t\t<\/a>\n\t\t<\/div>\n\t\t\t\t<\/div>\n\t\t\t\t<\/div>\n\t\t\t\t\t<\/div>\n\t\t<\/div>\n\t\t\t\t<div class=\"elementor-column elementor-col-33 elementor-top-column elementor-element elementor-element-c2f0c2d\" data-id=\"c2f0c2d\" data-element_type=\"column\" data-settings=\"{&quot;background_background&quot;:&quot;classic&quot;}\">\n\t\t\t<div class=\"elementor-widget-wrap elementor-element-populated\">\n\t\t\t\t\t\t<div class=\"elementor-element elementor-element-fe46672 elementor-widget elementor-widget-image\" data-id=\"fe46672\" data-element_type=\"widget\" data-widget_type=\"image.default\">\n\t\t\t\t<div class=\"elementor-widget-container\">\n\t\t\t\t\t\t\t\t\t\t\t\t\t\t<a href=\"https:\/\/aeroportcastello.com\/es\/destinos\/oporto\/\">\n\t\t\t\t\t\t\t<img loading=\"lazy\" decoding=\"async\" width=\"1024\" height=\"683\" src=\"https:\/\/aeroportcastello.com\/wp-content\/uploads\/2025\/06\/opo1-1024x683.webp\" class=\"attachment-large size-large wp-image-12747\" alt=\"\" srcset=\"https:\/\/aeroportcastello.com\/wp-content\/uploads\/2025\/06\/opo1-1024x683.webp 1024w, https:\/\/aeroportcastello.com\/wp-content\/uploads\/2025\/06\/opo1-300x200.webp 300w, https:\/\/aeroportcastello.com\/wp-content\/uploads\/2025\/06\/opo1-768x512.webp 768w, https:\/\/aeroportcastello.com\/wp-content\/uploads\/2025\/06\/opo1-1536x1025.webp 1536w, https:\/\/aeroportcastello.com\/wp-content\/uploads\/2025\/06\/opo1-2048x1367.webp 2048w\" sizes=\"(max-width: 1024px) 100vw, 1024px\" \/>\t\t\t\t\t\t\t\t<\/a>\n\t\t\t\t\t\t\t\t\t\t\t\t\t<\/div>\n\t\t\t\t<\/div>\n\t\t\t\t<div class=\"elementor-element elementor-element-a87165b elementor-widget elementor-widget-heading\" data-id=\"a87165b\" data-element_type=\"widget\" data-widget_type=\"heading.default\">\n\t\t\t\t<div class=\"elementor-widget-container\">\n\t\t\t<h4 class=\"elementor-heading-title elementor-size-default\"><a href=\"https:\/\/aeroportcastello.com\/es\/destinos\/oporto\/\">Oporto<\/a><\/h4>\t\t<\/div>\n\t\t\t\t<\/div>\n\t\t\t\t<div class=\"elementor-element elementor-element-c1c25a7 elementor-widget elementor-widget-text-editor\" data-id=\"c1c25a7\" data-element_type=\"widget\" data-widget_type=\"text-editor.default\">\n\t\t\t\t<div class=\"elementor-widget-container\">\n\t\t\t\t\t\t\t<p class=\"p1\">Una ciudad con alma. Pasea por la Ribeira, cruza el puente Don Luis I y disfruta del vino de Oporto frente al r\u00edo Duero.<\/p>\t\t\t\t\t\t<\/div>\n\t\t\t\t<\/div>\n\t\t\t\t<div class=\"elementor-element elementor-element-952ac57 elementor-button-info elementor-widget elementor-widget-button\" data-id=\"952ac57\" data-element_type=\"widget\" data-widget_type=\"button.default\">\n\t\t\t\t<div class=\"elementor-widget-container\">\n\t\t\t\t\t<div class=\"elementor-button-wrapper\">\n\t\t\t<a class=\"elementor-button elementor-size-sm\" role=\"button\">\n\t\t\t\t\t\t<span class=\"elementor-button-content-wrapper\">\n\t\t\t\t\t\t<span class=\"elementor-button-text\">Temporada de verano<\/span>\n\t\t<\/span>\n\t\t\t\t\t<\/a>\n\t\t<\/div>\n\t\t\t\t<\/div>\n\t\t\t\t<\/div>\n\t\t\t\t\t<\/div>\n\t\t<\/div>\n\t\t\t\t<div class=\"elementor-column elementor-col-33 elementor-top-column elementor-element elementor-element-28bc74f\" data-id=\"28bc74f\" data-element_type=\"column\" data-settings=\"{&quot;background_background&quot;:&quot;classic&quot;}\">\n\t\t\t<div class=\"elementor-widget-wrap elementor-element-populated\">\n\t\t\t\t\t\t<div class=\"elementor-element elementor-element-ce44da6 elementor-widget elementor-widget-image\" data-id=\"ce44da6\" data-element_type=\"widget\" data-widget_type=\"image.default\">\n\t\t\t\t<div class=\"elementor-widget-container\">\n\t\t\t\t\t\t\t\t\t\t\t\t\t\t<a href=\"https:\/\/aeroportcastello.com\/es\/destinos\/berlin\/\">\n\t\t\t\t\t\t\t<img loading=\"lazy\" decoding=\"async\" width=\"1024\" height=\"683\" src=\"https:\/\/aeroportcastello.com\/wp-content\/uploads\/2025\/06\/berlin01-1024x683.webp\" class=\"attachment-large size-large wp-image-12735\" alt=\"\" srcset=\"https:\/\/aeroportcastello.com\/wp-content\/uploads\/2025\/06\/berlin01-1024x683.webp 1024w, https:\/\/aeroportcastello.com\/wp-content\/uploads\/2025\/06\/berlin01-300x200.webp 300w, https:\/\/aeroportcastello.com\/wp-content\/uploads\/2025\/06\/berlin01-768x512.webp 768w, https:\/\/aeroportcastello.com\/wp-content\/uploads\/2025\/06\/berlin01-1536x1025.webp 1536w, https:\/\/aeroportcastello.com\/wp-content\/uploads\/2025\/06\/berlin01-2048x1367.webp 2048w\" sizes=\"(max-width: 1024px) 100vw, 1024px\" \/>\t\t\t\t\t\t\t\t<\/a>\n\t\t\t\t\t\t\t\t\t\t\t\t\t<\/div>\n\t\t\t\t<\/div>\n\t\t\t\t<div class=\"elementor-element elementor-element-35ffe9a elementor-widget elementor-widget-heading\" data-id=\"35ffe9a\" data-element_type=\"widget\" data-widget_type=\"heading.default\">\n\t\t\t\t<div class=\"elementor-widget-container\">\n\t\t\t<h4 class=\"elementor-heading-title elementor-size-default\"><a href=\"https:\/\/aeroportcastello.com\/es\/destinos\/berlin\/\">Berl\u00edn<\/a><\/h4>\t\t<\/div>\n\t\t\t\t<\/div>\n\t\t\t\t<div class=\"elementor-element elementor-element-215e7bb elementor-widget elementor-widget-text-editor\" data-id=\"215e7bb\" data-element_type=\"widget\" data-widget_type=\"text-editor.default\">\n\t\t\t\t<div class=\"elementor-widget-container\">\n\t\t\t\t\t\t\t<p class=\"p1\">Creativa, moderna y llena de historia. Berl\u00edn te espera con su mezcla \u00fanica de pasado y vanguardia, arte urbano y cultura alternativa.<\/p>\t\t\t\t\t\t<\/div>\n\t\t\t\t<\/div>\n\t\t\t\t<div class=\"elementor-element elementor-element-0a94c43 elementor-button-info elementor-widget elementor-widget-button\" data-id=\"0a94c43\" data-element_type=\"widget\" data-widget_type=\"button.default\">\n\t\t\t\t<div class=\"elementor-widget-container\">\n\t\t\t\t\t<div class=\"elementor-button-wrapper\">\n\t\t\t<a class=\"elementor-button elementor-size-sm\" role=\"button\">\n\t\t\t\t\t\t<span class=\"elementor-button-content-wrapper\">\n\t\t\t\t\t\t<span class=\"elementor-button-text\">Temporada de verano<\/span>\n\t\t<\/span>\n\t\t\t\t\t<\/a>\n\t\t<\/div>\n\t\t\t\t<\/div>\n\t\t\t\t<\/div>\n\t\t\t\t\t<\/div>\n\t\t<\/div>\n\t\t\t\t\t<\/div>\n\t\t<\/section>\n\t\t\t\t<section class=\"elementor-section elementor-top-section elementor-element elementor-element-e96af67 elementor-section-boxed elementor-section-height-default elementor-section-height-default\" data-id=\"e96af67\" data-element_type=\"section\" data-settings=\"{&quot;jet_parallax_layout_list&quot;:[]}\">\n\t\t\t\t\t\t<div class=\"elementor-container elementor-column-gap-default\">\n\t\t\t\t\t<div class=\"elementor-column elementor-col-33 elementor-top-column elementor-element elementor-element-2e6226b\" data-id=\"2e6226b\" data-element_type=\"column\" data-settings=\"{&quot;background_background&quot;:&quot;classic&quot;}\">\n\t\t\t<div class=\"elementor-widget-wrap elementor-element-populated\">\n\t\t\t\t\t\t<div class=\"elementor-element elementor-element-2ba5797 elementor-widget elementor-widget-image\" data-id=\"2ba5797\" data-element_type=\"widget\" data-widget_type=\"image.default\">\n\t\t\t\t<div class=\"elementor-widget-container\">\n\t\t\t\t\t\t\t\t\t\t\t\t\t\t<a href=\"https:\/\/aeroportcastello.com\/es\/destinos\/cracovia\/\">\n\t\t\t\t\t\t\t<img loading=\"lazy\" decoding=\"async\" width=\"1024\" height=\"683\" src=\"https:\/\/aeroportcastello.com\/wp-content\/uploads\/2025\/06\/cra2-1024x683.webp\" class=\"attachment-large size-large wp-image-12569\" alt=\"\" srcset=\"https:\/\/aeroportcastello.com\/wp-content\/uploads\/2025\/06\/cra2-1024x683.webp 1024w, https:\/\/aeroportcastello.com\/wp-content\/uploads\/2025\/06\/cra2-300x200.webp 300w, https:\/\/aeroportcastello.com\/wp-content\/uploads\/2025\/06\/cra2-768x512.webp 768w, https:\/\/aeroportcastello.com\/wp-content\/uploads\/2025\/06\/cra2-1536x1025.webp 1536w, https:\/\/aeroportcastello.com\/wp-content\/uploads\/2025\/06\/cra2-2048x1367.webp 2048w\" sizes=\"(max-width: 1024px) 100vw, 1024px\" \/>\t\t\t\t\t\t\t\t<\/a>\n\t\t\t\t\t\t\t\t\t\t\t\t\t<\/div>\n\t\t\t\t<\/div>\n\t\t\t\t<div class=\"elementor-element elementor-element-ca578d9 elementor-widget elementor-widget-heading\" data-id=\"ca578d9\" data-element_type=\"widget\" data-widget_type=\"heading.default\">\n\t\t\t\t<div class=\"elementor-widget-container\">\n\t\t\t<h4 class=\"elementor-heading-title elementor-size-default\"><a href=\"https:\/\/aeroportcastello.com\/es\/destinos\/cracovia\/\">Cracovia<\/a><\/h4>\t\t<\/div>\n\t\t\t\t<\/div>\n\t\t\t\t<div class=\"elementor-element elementor-element-52010f6 elementor-widget elementor-widget-text-editor\" data-id=\"52010f6\" data-element_type=\"widget\" data-widget_type=\"text-editor.default\">\n\t\t\t\t<div class=\"elementor-widget-container\">\n\t\t\t\t\t\t\t<p>Una ciudad de cuento. Su casco antiguo, su historia y su cercan\u00eda a Auschwitz y las minas de sal hacen de Cracovia un destino conmovedor y cultural.<\/p>\t\t\t\t\t\t<\/div>\n\t\t\t\t<\/div>\n\t\t\t\t<div class=\"elementor-element elementor-element-14dc451 elementor-button-info elementor-widget elementor-widget-button\" data-id=\"14dc451\" data-element_type=\"widget\" data-widget_type=\"button.default\">\n\t\t\t\t<div class=\"elementor-widget-container\">\n\t\t\t\t\t<div class=\"elementor-button-wrapper\">\n\t\t\t<a class=\"elementor-button elementor-size-sm\" role=\"button\">\n\t\t\t\t\t\t<span class=\"elementor-button-content-wrapper\">\n\t\t\t\t\t\t<span class=\"elementor-button-text\">Temporada de verano<\/span>\n\t\t<\/span>\n\t\t\t\t\t<\/a>\n\t\t<\/div>\n\t\t\t\t<\/div>\n\t\t\t\t<\/div>\n\t\t\t\t\t<\/div>\n\t\t<\/div>\n\t\t\t\t<div class=\"elementor-column elementor-col-33 elementor-top-column elementor-element elementor-element-8338a58\" data-id=\"8338a58\" data-element_type=\"column\" data-settings=\"{&quot;background_background&quot;:&quot;classic&quot;}\">\n\t\t\t<div class=\"elementor-widget-wrap elementor-element-populated\">\n\t\t\t\t\t\t<div class=\"elementor-element elementor-element-8aafd34 elementor-widget elementor-widget-image\" data-id=\"8aafd34\" data-element_type=\"widget\" data-widget_type=\"image.default\">\n\t\t\t\t<div class=\"elementor-widget-container\">\n\t\t\t\t\t\t\t\t\t\t\t\t\t\t<a href=\"https:\/\/aeroportcastello.com\/es\/destinos\/budapest\/\">\n\t\t\t\t\t\t\t<img loading=\"lazy\" decoding=\"async\" width=\"1024\" height=\"683\" src=\"https:\/\/aeroportcastello.com\/wp-content\/uploads\/2025\/06\/bud2-1024x683.webp\" class=\"attachment-large size-large wp-image-12623\" alt=\"\" srcset=\"https:\/\/aeroportcastello.com\/wp-content\/uploads\/2025\/06\/bud2-1024x683.webp 1024w, https:\/\/aeroportcastello.com\/wp-content\/uploads\/2025\/06\/bud2-300x200.webp 300w, https:\/\/aeroportcastello.com\/wp-content\/uploads\/2025\/06\/bud2-768x512.webp 768w, https:\/\/aeroportcastello.com\/wp-content\/uploads\/2025\/06\/bud2-1536x1025.webp 1536w, https:\/\/aeroportcastello.com\/wp-content\/uploads\/2025\/06\/bud2-2048x1367.webp 2048w\" sizes=\"(max-width: 1024px) 100vw, 1024px\" \/>\t\t\t\t\t\t\t\t<\/a>\n\t\t\t\t\t\t\t\t\t\t\t\t\t<\/div>\n\t\t\t\t<\/div>\n\t\t\t\t<div class=\"elementor-element elementor-element-fd322fe elementor-widget elementor-widget-heading\" data-id=\"fd322fe\" data-element_type=\"widget\" data-widget_type=\"heading.default\">\n\t\t\t\t<div class=\"elementor-widget-container\">\n\t\t\t<h4 class=\"elementor-heading-title elementor-size-default\"><a href=\"https:\/\/aeroportcastello.com\/es\/destinos\/budapest\/\">Budapest<\/a><\/h4>\t\t<\/div>\n\t\t\t\t<\/div>\n\t\t\t\t<div class=\"elementor-element elementor-element-e5d8432 elementor-widget elementor-widget-text-editor\" data-id=\"e5d8432\" data-element_type=\"widget\" data-widget_type=\"text-editor.default\">\n\t\t\t\t<div class=\"elementor-widget-container\">\n\t\t\t\t\t\t\t<p>Una joya a orillas del Danubio. Rel\u00e1jate en sus famosos ba\u00f1os termales, explora su arquitectura imperial y d\u00e9jate sorprender por su ambiente nocturno.<\/p>\t\t\t\t\t\t<\/div>\n\t\t\t\t<\/div>\n\t\t\t\t<div class=\"elementor-element elementor-element-843f913 elementor-button-info elementor-widget elementor-widget-button\" data-id=\"843f913\" data-element_type=\"widget\" data-widget_type=\"button.default\">\n\t\t\t\t<div class=\"elementor-widget-container\">\n\t\t\t\t\t<div class=\"elementor-button-wrapper\">\n\t\t\t<a class=\"elementor-button elementor-size-sm\" role=\"button\">\n\t\t\t\t\t\t<span class=\"elementor-button-content-wrapper\">\n\t\t\t\t\t\t<span class=\"elementor-button-text\">Temporada de verano<\/span>\n\t\t<\/span>\n\t\t\t\t\t<\/a>\n\t\t<\/div>\n\t\t\t\t<\/div>\n\t\t\t\t<\/div>\n\t\t\t\t\t<\/div>\n\t\t<\/div>\n\t\t\t\t<div class=\"elementor-column elementor-col-33 elementor-top-column elementor-element elementor-element-fe3ee40\" data-id=\"fe3ee40\" data-element_type=\"column\" data-settings=\"{&quot;background_background&quot;:&quot;classic&quot;}\">\n\t\t\t<div class=\"elementor-widget-wrap elementor-element-populated\">\n\t\t\t\t\t\t<div class=\"elementor-element elementor-element-0d1bc62 elementor-widget elementor-widget-image\" data-id=\"0d1bc62\" data-element_type=\"widget\" data-widget_type=\"image.default\">\n\t\t\t\t<div class=\"elementor-widget-container\">\n\t\t\t\t\t\t\t\t\t\t\t\t\t\t<a href=\"https:\/\/aeroportcastello.com\/es\/destinos\/bilbao\/\">\n\t\t\t\t\t\t\t<img loading=\"lazy\" decoding=\"async\" width=\"1024\" height=\"683\" src=\"https:\/\/aeroportcastello.com\/wp-content\/uploads\/2025\/06\/bil1-1024x683.webp\" class=\"attachment-large size-large wp-image-12654\" alt=\"\" srcset=\"https:\/\/aeroportcastello.com\/wp-content\/uploads\/2025\/06\/bil1-1024x683.webp 1024w, https:\/\/aeroportcastello.com\/wp-content\/uploads\/2025\/06\/bil1-300x200.webp 300w, https:\/\/aeroportcastello.com\/wp-content\/uploads\/2025\/06\/bil1-768x512.webp 768w, https:\/\/aeroportcastello.com\/wp-content\/uploads\/2025\/06\/bil1-1536x1025.webp 1536w, https:\/\/aeroportcastello.com\/wp-content\/uploads\/2025\/06\/bil1-2048x1367.webp 2048w\" sizes=\"(max-width: 1024px) 100vw, 1024px\" \/>\t\t\t\t\t\t\t\t<\/a>\n\t\t\t\t\t\t\t\t\t\t\t\t\t<\/div>\n\t\t\t\t<\/div>\n\t\t\t\t<div class=\"elementor-element elementor-element-76db5b2 elementor-widget elementor-widget-heading\" data-id=\"76db5b2\" data-element_type=\"widget\" data-widget_type=\"heading.default\">\n\t\t\t\t<div class=\"elementor-widget-container\">\n\t\t\t<h4 class=\"elementor-heading-title elementor-size-default\"><a href=\"https:\/\/aeroportcastello.com\/es\/destinos\/bilbao\/\">Bilbao<\/a><\/h4>\t\t<\/div>\n\t\t\t\t<\/div>\n\t\t\t\t<div class=\"elementor-element elementor-element-80bbe55 elementor-widget elementor-widget-text-editor\" data-id=\"80bbe55\" data-element_type=\"widget\" data-widget_type=\"text-editor.default\">\n\t\t\t\t<div class=\"elementor-widget-container\">\n\t\t\t\t\t\t\t<p class=\"p1\">Tradici\u00f3n vasca y arquitectura contempor\u00e1nea. El Guggenheim, su gastronom\u00eda y la r\u00eda te esperan en esta ciudad sorprendente.<\/p>\t\t\t\t\t\t<\/div>\n\t\t\t\t<\/div>\n\t\t\t\t<div class=\"elementor-element elementor-element-72cbb13 elementor-button-info elementor-widget elementor-widget-button\" data-id=\"72cbb13\" data-element_type=\"widget\" data-widget_type=\"button.default\">\n\t\t\t\t<div class=\"elementor-widget-container\">\n\t\t\t\t\t<div class=\"elementor-button-wrapper\">\n\t\t\t<a class=\"elementor-button elementor-size-sm\" role=\"button\">\n\t\t\t\t\t\t<span class=\"elementor-button-content-wrapper\">\n\t\t\t\t\t\t<span class=\"elementor-button-text\">Temporada de verano<\/span>\n\t\t<\/span>\n\t\t\t\t\t<\/a>\n\t\t<\/div>\n\t\t\t\t<\/div>\n\t\t\t\t<\/div>\n\t\t\t\t\t<\/div>\n\t\t<\/div>\n\t\t\t\t\t<\/div>\n\t\t<\/section>\n\t\t\t\t<section class=\"elementor-section elementor-top-section elementor-element elementor-element-07baabe elementor-section-boxed elementor-section-height-default elementor-section-height-default\" data-id=\"07baabe\" data-element_type=\"section\" data-settings=\"{&quot;jet_parallax_layout_list&quot;:[]}\">\n\t\t\t\t\t\t<div class=\"elementor-container elementor-column-gap-default\">\n\t\t\t\t\t<div class=\"elementor-column elementor-col-33 elementor-top-column elementor-element elementor-element-a09160e\" data-id=\"a09160e\" data-element_type=\"column\" data-settings=\"{&quot;background_background&quot;:&quot;classic&quot;}\">\n\t\t\t<div class=\"elementor-widget-wrap elementor-element-populated\">\n\t\t\t\t\t\t<div class=\"elementor-element elementor-element-a59b1c0 elementor-widget elementor-widget-image\" data-id=\"a59b1c0\" data-element_type=\"widget\" data-widget_type=\"image.default\">\n\t\t\t\t<div class=\"elementor-widget-container\">\n\t\t\t\t\t\t\t\t\t\t\t\t\t\t<a href=\"https:\/\/aeroportcastello.com\/es\/destinos\/asturias\/\">\n\t\t\t\t\t\t\t<img loading=\"lazy\" decoding=\"async\" width=\"1024\" height=\"683\" src=\"https:\/\/aeroportcastello.com\/wp-content\/uploads\/2025\/06\/vista-posterior-viajero-caminando-por-el-puente-copia-1-1024x683.webp\" class=\"attachment-large size-large wp-image-12259\" alt=\"\" srcset=\"https:\/\/aeroportcastello.com\/wp-content\/uploads\/2025\/06\/vista-posterior-viajero-caminando-por-el-puente-copia-1-1024x683.webp 1024w, https:\/\/aeroportcastello.com\/wp-content\/uploads\/2025\/06\/vista-posterior-viajero-caminando-por-el-puente-copia-1-300x200.webp 300w, https:\/\/aeroportcastello.com\/wp-content\/uploads\/2025\/06\/vista-posterior-viajero-caminando-por-el-puente-copia-1-768x512.webp 768w, https:\/\/aeroportcastello.com\/wp-content\/uploads\/2025\/06\/vista-posterior-viajero-caminando-por-el-puente-copia-1-1536x1025.webp 1536w, https:\/\/aeroportcastello.com\/wp-content\/uploads\/2025\/06\/vista-posterior-viajero-caminando-por-el-puente-copia-1-2048x1367.webp 2048w\" sizes=\"(max-width: 1024px) 100vw, 1024px\" \/>\t\t\t\t\t\t\t\t<\/a>\n\t\t\t\t\t\t\t\t\t\t\t\t\t<\/div>\n\t\t\t\t<\/div>\n\t\t\t\t<div class=\"elementor-element elementor-element-59c592f elementor-widget elementor-widget-heading\" data-id=\"59c592f\" data-element_type=\"widget\" data-widget_type=\"heading.default\">\n\t\t\t\t<div class=\"elementor-widget-container\">\n\t\t\t<h4 class=\"elementor-heading-title elementor-size-default\"><a href=\"https:\/\/aeroportcastello.com\/es\/destinos\/asturias\/\">Asturias<\/a><\/h4>\t\t<\/div>\n\t\t\t\t<\/div>\n\t\t\t\t<div class=\"elementor-element elementor-element-b191bc1 elementor-widget elementor-widget-text-editor\" data-id=\"b191bc1\" data-element_type=\"widget\" data-widget_type=\"text-editor.default\">\n\t\t\t\t<div class=\"elementor-widget-container\">\n\t\t\t\t\t\t\t<p class=\"p1\">Verde, salvaje y sabrosa. Descubre su costa, sus monta\u00f1as, su sidra y pueblos como Cudillero o Llanes.<\/p>\t\t\t\t\t\t<\/div>\n\t\t\t\t<\/div>\n\t\t\t\t<div class=\"elementor-element elementor-element-d733204 elementor-button-info elementor-widget elementor-widget-button\" data-id=\"d733204\" data-element_type=\"widget\" data-widget_type=\"button.default\">\n\t\t\t\t<div class=\"elementor-widget-container\">\n\t\t\t\t\t<div class=\"elementor-button-wrapper\">\n\t\t\t<a class=\"elementor-button elementor-size-sm\" role=\"button\">\n\t\t\t\t\t\t<span class=\"elementor-button-content-wrapper\">\n\t\t\t\t\t\t<span class=\"elementor-button-text\">Temporada de verano<\/span>\n\t\t<\/span>\n\t\t\t\t\t<\/a>\n\t\t<\/div>\n\t\t\t\t<\/div>\n\t\t\t\t<\/div>\n\t\t\t\t\t<\/div>\n\t\t<\/div>\n\t\t\t\t<div class=\"elementor-column elementor-col-33 elementor-top-column elementor-element elementor-element-c5d9b37\" data-id=\"c5d9b37\" data-element_type=\"column\" data-settings=\"{&quot;background_background&quot;:&quot;classic&quot;}\">\n\t\t\t<div class=\"elementor-widget-wrap elementor-element-populated\">\n\t\t\t\t\t\t<div class=\"elementor-element elementor-element-92f56b0 elementor-widget elementor-widget-image\" data-id=\"92f56b0\" data-element_type=\"widget\" data-widget_type=\"image.default\">\n\t\t\t\t<div class=\"elementor-widget-container\">\n\t\t\t\t\t\t\t\t\t\t\t\t\t\t<a href=\"https:\/\/aeroportcastello.com\/es\/destinos\/palma-de-mallorca\/\">\n\t\t\t\t\t\t\t<img loading=\"lazy\" decoding=\"async\" width=\"1024\" height=\"683\" src=\"https:\/\/aeroportcastello.com\/wp-content\/uploads\/2025\/06\/palma1-1024x683.webp\" class=\"attachment-large size-large wp-image-12445\" alt=\"\" srcset=\"https:\/\/aeroportcastello.com\/wp-content\/uploads\/2025\/06\/palma1-1024x683.webp 1024w, https:\/\/aeroportcastello.com\/wp-content\/uploads\/2025\/06\/palma1-300x200.webp 300w, https:\/\/aeroportcastello.com\/wp-content\/uploads\/2025\/06\/palma1-768x512.webp 768w, https:\/\/aeroportcastello.com\/wp-content\/uploads\/2025\/06\/palma1-1536x1025.webp 1536w, https:\/\/aeroportcastello.com\/wp-content\/uploads\/2025\/06\/palma1-2048x1367.webp 2048w\" sizes=\"(max-width: 1024px) 100vw, 1024px\" \/>\t\t\t\t\t\t\t\t<\/a>\n\t\t\t\t\t\t\t\t\t\t\t\t\t<\/div>\n\t\t\t\t<\/div>\n\t\t\t\t<div class=\"elementor-element elementor-element-8cce64b elementor-widget elementor-widget-heading\" data-id=\"8cce64b\" data-element_type=\"widget\" data-widget_type=\"heading.default\">\n\t\t\t\t<div class=\"elementor-widget-container\">\n\t\t\t<h4 class=\"elementor-heading-title elementor-size-default\"><a href=\"https:\/\/aeroportcastello.com\/es\/destinos\/palma-de-mallorca\/\">Palma de Mallorca<\/a><\/h4>\t\t<\/div>\n\t\t\t\t<\/div>\n\t\t\t\t<div class=\"elementor-element elementor-element-6edecc2 elementor-widget elementor-widget-text-editor\" data-id=\"6edecc2\" data-element_type=\"widget\" data-widget_type=\"text-editor.default\">\n\t\t\t\t<div class=\"elementor-widget-container\">\n\t\t\t\t\t\t\t<p class=\"p1\">Mediterr\u00e1neo en estado puro. Cultura, calas escondidas y ocio en una isla que lo tiene todo para desconectar.<\/p>\t\t\t\t\t\t<\/div>\n\t\t\t\t<\/div>\n\t\t\t\t<div class=\"elementor-element elementor-element-347f6e0 elementor-button-info elementor-widget elementor-widget-button\" data-id=\"347f6e0\" data-element_type=\"widget\" data-widget_type=\"button.default\">\n\t\t\t\t<div class=\"elementor-widget-container\">\n\t\t\t\t\t<div class=\"elementor-button-wrapper\">\n\t\t\t<a class=\"elementor-button elementor-size-sm\" role=\"button\">\n\t\t\t\t\t\t<span class=\"elementor-button-content-wrapper\">\n\t\t\t\t\t\t<span class=\"elementor-button-text\">Temporada de verano<\/span>\n\t\t<\/span>\n\t\t\t\t\t<\/a>\n\t\t<\/div>\n\t\t\t\t<\/div>\n\t\t\t\t<\/div>\n\t\t\t\t\t<\/div>\n\t\t<\/div>\n\t\t\t\t<div class=\"elementor-column elementor-col-33 elementor-top-column elementor-element elementor-element-dccab01\" data-id=\"dccab01\" data-element_type=\"column\" data-settings=\"{&quot;background_background&quot;:&quot;classic&quot;}\">\n\t\t\t<div class=\"elementor-widget-wrap elementor-element-populated\">\n\t\t\t\t\t\t<div class=\"elementor-element elementor-element-eccaa5e elementor-widget elementor-widget-image\" data-id=\"eccaa5e\" data-element_type=\"widget\" data-widget_type=\"image.default\">\n\t\t\t\t<div class=\"elementor-widget-container\">\n\t\t\t\t\t\t\t\t\t\t\t\t\t\t<a href=\"https:\/\/aeroportcastello.com\/es\/destinos\/manchester\/\">\n\t\t\t\t\t\t\t<img loading=\"lazy\" decoding=\"async\" width=\"1024\" height=\"683\" src=\"https:\/\/aeroportcastello.com\/wp-content\/uploads\/2025\/11\/manchester-1024x683.jpg\" class=\"attachment-large size-large wp-image-14096\" alt=\"\" srcset=\"https:\/\/aeroportcastello.com\/wp-content\/uploads\/2025\/11\/manchester-1024x683.jpg 1024w, https:\/\/aeroportcastello.com\/wp-content\/uploads\/2025\/11\/manchester-300x200.jpg 300w, https:\/\/aeroportcastello.com\/wp-content\/uploads\/2025\/11\/manchester-768x512.jpg 768w, https:\/\/aeroportcastello.com\/wp-content\/uploads\/2025\/11\/manchester-1536x1025.jpg 1536w, https:\/\/aeroportcastello.com\/wp-content\/uploads\/2025\/11\/manchester-2048x1367.jpg 2048w\" sizes=\"(max-width: 1024px) 100vw, 1024px\" \/>\t\t\t\t\t\t\t\t<\/a>\n\t\t\t\t\t\t\t\t\t\t\t\t\t<\/div>\n\t\t\t\t<\/div>\n\t\t\t\t<div class=\"elementor-element elementor-element-0d5d687 elementor-widget elementor-widget-heading\" data-id=\"0d5d687\" data-element_type=\"widget\" data-widget_type=\"heading.default\">\n\t\t\t\t<div class=\"elementor-widget-container\">\n\t\t\t<h4 class=\"elementor-heading-title elementor-size-default\"><a href=\"https:\/\/aeroportcastello.com\/es\/destinos\/manchester\">Manchester<\/a><\/h4>\t\t<\/div>\n\t\t\t\t<\/div>\n\t\t\t\t<div class=\"elementor-element elementor-element-d305766 elementor-widget elementor-widget-text-editor\" data-id=\"d305766\" data-element_type=\"widget\" data-widget_type=\"text-editor.default\">\n\t\t\t\t<div class=\"elementor-widget-container\">\n\t\t\t\t\t\t\t<p>Historia industrial, cultura y modernidad. Pasea por sus canales, visita el m\u00edtico Old Trafford o pi\u00e9rdete por el vibrante Northern Quarter.<\/p>\t\t\t\t\t\t<\/div>\n\t\t\t\t<\/div>\n\t\t\t\t<div class=\"elementor-element elementor-element-971f709 elementor-button-info elementor-widget elementor-widget-button\" data-id=\"971f709\" data-element_type=\"widget\" data-widget_type=\"button.default\">\n\t\t\t\t<div class=\"elementor-widget-container\">\n\t\t\t\t\t<div class=\"elementor-button-wrapper\">\n\t\t\t<a class=\"elementor-button elementor-size-sm\" role=\"button\">\n\t\t\t\t\t\t<span class=\"elementor-button-content-wrapper\">\n\t\t\t\t\t\t<span class=\"elementor-button-text\">Temporada de verano<\/span>\n\t\t<\/span>\n\t\t\t\t\t<\/a>\n\t\t<\/div>\n\t\t\t\t<\/div>\n\t\t\t\t<\/div>\n\t\t\t\t\t<\/div>\n\t\t<\/div>\n\t\t\t\t\t<\/div>\n\t\t<\/section>\n\t\t\t\t<section class=\"elementor-section elementor-top-section elementor-element elementor-element-ff23f2d elementor-section-boxed elementor-section-height-default elementor-section-height-default\" data-id=\"ff23f2d\" data-element_type=\"section\" data-settings=\"{&quot;jet_parallax_layout_list&quot;:[]}\">\n\t\t\t\t\t\t<div class=\"elementor-container elementor-column-gap-default\">\n\t\t\t\t\t<div class=\"elementor-column elementor-col-33 elementor-top-column elementor-element elementor-element-f766ad1\" data-id=\"f766ad1\" data-element_type=\"column\">\n\t\t\t<div class=\"elementor-widget-wrap elementor-element-populated\">\n\t\t\t\t\t\t<div class=\"elementor-element elementor-element-9d9e912 elementor-widget elementor-widget-image\" data-id=\"9d9e912\" data-element_type=\"widget\" data-widget_type=\"image.default\">\n\t\t\t\t<div class=\"elementor-widget-container\">\n\t\t\t\t\t\t\t\t\t\t\t\t\t\t<a href=\"https:\/\/aeroportcastello.com\/es\/destinos\/bolonia\">\n\t\t\t\t\t\t\t<img loading=\"lazy\" decoding=\"async\" width=\"1024\" height=\"683\" src=\"https:\/\/aeroportcastello.com\/wp-content\/uploads\/2025\/11\/bologna-1024x683.jpg\" class=\"attachment-large size-large wp-image-14102\" alt=\"\" srcset=\"https:\/\/aeroportcastello.com\/wp-content\/uploads\/2025\/11\/bologna-1024x683.jpg 1024w, https:\/\/aeroportcastello.com\/wp-content\/uploads\/2025\/11\/bologna-300x200.jpg 300w, https:\/\/aeroportcastello.com\/wp-content\/uploads\/2025\/11\/bologna-768x512.jpg 768w, https:\/\/aeroportcastello.com\/wp-content\/uploads\/2025\/11\/bologna-1536x1025.jpg 1536w, https:\/\/aeroportcastello.com\/wp-content\/uploads\/2025\/11\/bologna-2048x1367.jpg 2048w\" sizes=\"(max-width: 1024px) 100vw, 1024px\" \/>\t\t\t\t\t\t\t\t<\/a>\n\t\t\t\t\t\t\t\t\t\t\t\t\t<\/div>\n\t\t\t\t<\/div>\n\t\t\t\t<div class=\"elementor-element elementor-element-3e383ea elementor-widget elementor-widget-heading\" data-id=\"3e383ea\" data-element_type=\"widget\" data-widget_type=\"heading.default\">\n\t\t\t\t<div class=\"elementor-widget-container\">\n\t\t\t<h4 class=\"elementor-heading-title elementor-size-default\"><a href=\"https:\/\/aeroportcastello.com\/es\/destinos\/bolonia\">Bolonia<\/a><\/h4>\t\t<\/div>\n\t\t\t\t<\/div>\n\t\t\t\t<div class=\"elementor-element elementor-element-2513130 elementor-widget elementor-widget-text-editor\" data-id=\"2513130\" data-element_type=\"widget\" data-widget_type=\"text-editor.default\">\n\t\t\t\t<div class=\"elementor-widget-container\">\n\t\t\t\t\t\t\t<p>Historia, arte y buena mesa. Recorre sus p\u00f3rticos, descubre su universidad milenaria y disfruta de la aut\u00e9ntica cocina italiana.<\/p>\t\t\t\t\t\t<\/div>\n\t\t\t\t<\/div>\n\t\t\t\t<div class=\"elementor-element elementor-element-799b16c elementor-button-info elementor-widget elementor-widget-button\" data-id=\"799b16c\" data-element_type=\"widget\" data-widget_type=\"button.default\">\n\t\t\t\t<div class=\"elementor-widget-container\">\n\t\t\t\t\t<div class=\"elementor-button-wrapper\">\n\t\t\t<a class=\"elementor-button elementor-size-sm\" role=\"button\">\n\t\t\t\t\t\t<span class=\"elementor-button-content-wrapper\">\n\t\t\t\t\t\t<span class=\"elementor-button-text\">Temporada de verano<\/span>\n\t\t<\/span>\n\t\t\t\t\t<\/a>\n\t\t<\/div>\n\t\t\t\t<\/div>\n\t\t\t\t<\/div>\n\t\t\t\t\t<\/div>\n\t\t<\/div>\n\t\t\t\t<div class=\"elementor-column elementor-col-33 elementor-top-column elementor-element elementor-element-618c367\" data-id=\"618c367\" data-element_type=\"column\" data-settings=\"{&quot;background_background&quot;:&quot;classic&quot;}\">\n\t\t\t<div class=\"elementor-widget-wrap\">\n\t\t\t\t\t\t\t<\/div>\n\t\t<\/div>\n\t\t\t\t<div class=\"elementor-column elementor-col-33 elementor-top-column elementor-element elementor-element-93d79d7\" data-id=\"93d79d7\" data-element_type=\"column\" data-settings=\"{&quot;background_background&quot;:&quot;classic&quot;}\">\n\t\t\t<div class=\"elementor-widget-wrap\">\n\t\t\t\t\t\t\t<\/div>\n\t\t<\/div>\n\t\t\t\t\t<\/div>\n\t\t<\/section>\n\t\t\t\t<\/div>\n\t\t","protected":false},"excerpt":{"rendered":"<p>Explora nuestros destinos Desde Castell\u00f3n puedes volar directamente a 16 destinos en Espa\u00f1a y Europa. Haz clic en cada destino para ver qu\u00e9 te espera. Londres Cosmopolita, hist\u00f3rica y vibrante. Desde el Big Ben hasta los mercados de Camden, Londres lo tiene todo: cultura, tradici\u00f3n y energ\u00eda para una escapada inolvidable. Vuela directo desde Castell\u00f3n. &#8230; <\/p>\n<p class=\"read-more-container\"><a title=\"Destinos\" class=\"read-more button\" href=\"https:\/\/aeroportcastello.com\/es\/destinos\/#more-12141\" aria-label=\"Leer m\u00e1s sobre Destinos\">Leer m\u00e1s<\/a><\/p>\n","protected":false},"author":8,"featured_media":0,"parent":0,"menu_order":0,"comment_status":"closed","ping_status":"closed","template":"elementor_header_footer","meta":{"footnotes":""},"yoast_head":"<!-- This site is optimized with the Yoast SEO plugin v22.0 - https:\/\/yoast.com\/wordpress\/plugins\/seo\/ -->\n<title>Destinos - Aeropuerto Castell\u00f3n<\/title>\n<meta name=\"robots\" content=\"index, follow, max-snippet:-1, max-image-preview:large, max-video-preview:-1\" \/>\n<link rel=\"canonical\" href=\"https:\/\/aeroportcastello.com\/es\/destinos\/\" \/>\n<meta property=\"og:locale\" content=\"es_ES\" \/>\n<meta property=\"og:type\" content=\"article\" \/>\n<meta property=\"og:title\" content=\"Destinos - Aeropuerto Castell\u00f3n\" \/>\n<meta property=\"og:description\" content=\"Explora nuestros destinos Desde Castell\u00f3n puedes volar directamente a 16 destinos en Espa\u00f1a y Europa. Haz clic en cada destino para ver qu\u00e9 te espera. Londres Cosmopolita, hist\u00f3rica y vibrante. Desde el Big Ben hasta los mercados de Camden, Londres lo tiene todo: cultura, tradici\u00f3n y energ\u00eda para una escapada inolvidable. Vuela directo desde Castell\u00f3n. ... Leer m\u00e1s\" \/>\n<meta property=\"og:url\" content=\"https:\/\/aeroportcastello.com\/es\/destinos\/\" \/>\n<meta property=\"og:site_name\" content=\"Aeropuerto Castell\u00f3n\" \/>\n<meta property=\"article:modified_time\" content=\"2025-11-12T12:04:15+00:00\" \/>\n<meta property=\"og:image\" content=\"https:\/\/aeroportcastello.com\/wp-content\/uploads\/2025\/06\/hermosa-foto-de-tower-bridge-en-londres-copia-1024x683.webp\" \/>\n<meta name=\"twitter:card\" content=\"summary_large_image\" \/>\n<meta name=\"twitter:label1\" content=\"Tiempo de lectura\" \/>\n\t<meta name=\"twitter:data1\" content=\"6 minutos\" \/>\n<script type=\"application\/ld+json\" class=\"yoast-schema-graph\">{\"@context\":\"https:\/\/schema.org\",\"@graph\":[{\"@type\":\"WebPage\",\"@id\":\"https:\/\/aeroportcastello.com\/es\/destinos\/\",\"url\":\"https:\/\/aeroportcastello.com\/es\/destinos\/\",\"name\":\"Destinos - Aeropuerto Castell\u00f3n\",\"isPartOf\":{\"@id\":\"https:\/\/aeroportcastello.com\/es\/#website\"},\"datePublished\":\"2025-06-23T13:49:47+00:00\",\"dateModified\":\"2025-11-12T12:04:15+00:00\",\"breadcrumb\":{\"@id\":\"https:\/\/aeroportcastello.com\/es\/destinos\/#breadcrumb\"},\"inLanguage\":\"es\",\"potentialAction\":[{\"@type\":\"ReadAction\",\"target\":[\"https:\/\/aeroportcastello.com\/es\/destinos\/\"]}]},{\"@type\":\"BreadcrumbList\",\"@id\":\"https:\/\/aeroportcastello.com\/es\/destinos\/#breadcrumb\",\"itemListElement\":[{\"@type\":\"ListItem\",\"position\":1,\"name\":\"Pasajeros\",\"item\":\"https:\/\/aeroportcastello.com\/es\/\"},{\"@type\":\"ListItem\",\"position\":2,\"name\":\"Destinos\"}]},{\"@type\":\"WebSite\",\"@id\":\"https:\/\/aeroportcastello.com\/es\/#website\",\"url\":\"https:\/\/aeroportcastello.com\/es\/\",\"name\":\"Aeropuerto Castell\u00f3n\",\"description\":\"Aeropuerto Castell\u00f3n\",\"publisher\":{\"@id\":\"https:\/\/aeroportcastello.com\/es\/#organization\"},\"potentialAction\":[{\"@type\":\"SearchAction\",\"target\":{\"@type\":\"EntryPoint\",\"urlTemplate\":\"https:\/\/aeroportcastello.com\/es\/?s={search_term_string}\"},\"query-input\":\"required name=search_term_string\"}],\"inLanguage\":\"es\"},{\"@type\":\"Organization\",\"@id\":\"https:\/\/aeroportcastello.com\/es\/#organization\",\"name\":\"Aeropuerto Castell\u00f3n\",\"url\":\"https:\/\/aeroportcastello.com\/es\/\",\"logo\":{\"@type\":\"ImageObject\",\"inLanguage\":\"es\",\"@id\":\"https:\/\/aeroportcastello.com\/es\/#\/schema\/logo\/image\/\",\"url\":\"https:\/\/aeroportcastello.com\/wp-content\/uploads\/2021\/05\/logo_aeroport_castello-1.svg\",\"contentUrl\":\"https:\/\/aeroportcastello.com\/wp-content\/uploads\/2021\/05\/logo_aeroport_castello-1.svg\",\"width\":482.8999999999999772626324556767940521240234375,\"height\":93.7000000000000028421709430404007434844970703125,\"caption\":\"Aeropuerto Castell\u00f3n\"},\"image\":{\"@id\":\"https:\/\/aeroportcastello.com\/es\/#\/schema\/logo\/image\/\"}}]}<\/script>\n<!-- \/ Yoast SEO plugin. -->","yoast_head_json":{"title":"Destinos - Aeropuerto Castell\u00f3n","robots":{"index":"index","follow":"follow","max-snippet":"max-snippet:-1","max-image-preview":"max-image-preview:large","max-video-preview":"max-video-preview:-1"},"canonical":"https:\/\/aeroportcastello.com\/es\/destinos\/","og_locale":"es_ES","og_type":"article","og_title":"Destinos - Aeropuerto Castell\u00f3n","og_description":"Explora nuestros destinos Desde Castell\u00f3n puedes volar directamente a 16 destinos en Espa\u00f1a y Europa. Haz clic en cada destino para ver qu\u00e9 te espera. Londres Cosmopolita, hist\u00f3rica y vibrante. Desde el Big Ben hasta los mercados de Camden, Londres lo tiene todo: cultura, tradici\u00f3n y energ\u00eda para una escapada inolvidable. Vuela directo desde Castell\u00f3n. ... Leer m\u00e1s","og_url":"https:\/\/aeroportcastello.com\/es\/destinos\/","og_site_name":"Aeropuerto Castell\u00f3n","article_modified_time":"2025-11-12T12:04:15+00:00","og_image":[{"url":"https:\/\/aeroportcastello.com\/wp-content\/uploads\/2025\/06\/hermosa-foto-de-tower-bridge-en-londres-copia-1024x683.webp"}],"twitter_card":"summary_large_image","twitter_misc":{"Tiempo de lectura":"6 minutos"},"schema":{"@context":"https:\/\/schema.org","@graph":[{"@type":"WebPage","@id":"https:\/\/aeroportcastello.com\/es\/destinos\/","url":"https:\/\/aeroportcastello.com\/es\/destinos\/","name":"Destinos - Aeropuerto Castell\u00f3n","isPartOf":{"@id":"https:\/\/aeroportcastello.com\/es\/#website"},"datePublished":"2025-06-23T13:49:47+00:00","dateModified":"2025-11-12T12:04:15+00:00","breadcrumb":{"@id":"https:\/\/aeroportcastello.com\/es\/destinos\/#breadcrumb"},"inLanguage":"es","potentialAction":[{"@type":"ReadAction","target":["https:\/\/aeroportcastello.com\/es\/destinos\/"]}]},{"@type":"BreadcrumbList","@id":"https:\/\/aeroportcastello.com\/es\/destinos\/#breadcrumb","itemListElement":[{"@type":"ListItem","position":1,"name":"Pasajeros","item":"https:\/\/aeroportcastello.com\/es\/"},{"@type":"ListItem","position":2,"name":"Destinos"}]},{"@type":"WebSite","@id":"https:\/\/aeroportcastello.com\/es\/#website","url":"https:\/\/aeroportcastello.com\/es\/","name":"Aeropuerto Castell\u00f3n","description":"Aeropuerto Castell\u00f3n","publisher":{"@id":"https:\/\/aeroportcastello.com\/es\/#organization"},"potentialAction":[{"@type":"SearchAction","target":{"@type":"EntryPoint","urlTemplate":"https:\/\/aeroportcastello.com\/es\/?s={search_term_string}"},"query-input":"required name=search_term_string"}],"inLanguage":"es"},{"@type":"Organization","@id":"https:\/\/aeroportcastello.com\/es\/#organization","name":"Aeropuerto Castell\u00f3n","url":"https:\/\/aeroportcastello.com\/es\/","logo":{"@type":"ImageObject","inLanguage":"es","@id":"https:\/\/aeroportcastello.com\/es\/#\/schema\/logo\/image\/","url":"https:\/\/aeroportcastello.com\/wp-content\/uploads\/2021\/05\/logo_aeroport_castello-1.svg","contentUrl":"https:\/\/aeroportcastello.com\/wp-content\/uploads\/2021\/05\/logo_aeroport_castello-1.svg","width":482.8999999999999772626324556767940521240234375,"height":93.7000000000000028421709430404007434844970703125,"caption":"Aeropuerto Castell\u00f3n"},"image":{"@id":"https:\/\/aeroportcastello.com\/es\/#\/schema\/logo\/image\/"}}]}},"_links":{"self":[{"href":"https:\/\/aeroportcastello.com\/es\/wp-json\/wp\/v2\/pages\/12141"}],"collection":[{"href":"https:\/\/aeroportcastello.com\/es\/wp-json\/wp\/v2\/pages"}],"about":[{"href":"https:\/\/aeroportcastello.com\/es\/wp-json\/wp\/v2\/types\/page"}],"author":[{"embeddable":true,"href":"https:\/\/aeroportcastello.com\/es\/wp-json\/wp\/v2\/users\/8"}],"replies":[{"embeddable":true,"href":"https:\/\/aeroportcastello.com\/es\/wp-json\/wp\/v2\/comments?post=12141"}],"version-history":[{"count":52,"href":"https:\/\/aeroportcastello.com\/es\/wp-json\/wp\/v2\/pages\/12141\/revisions"}],"predecessor-version":[{"id":14124,"href":"https:\/\/aeroportcastello.com\/es\/wp-json\/wp\/v2\/pages\/12141\/revisions\/14124"}],"wp:attachment":[{"href":"https:\/\/aeroportcastello.com\/es\/wp-json\/wp\/v2\/media?parent=12141"}],"curies":[{"name":"wp","href":"https:\/\/api.w.org\/{rel}","templated":true}]}}