{"id":2435,"date":"2021-05-12T16:02:23","date_gmt":"2021-05-12T14:02:23","guid":{"rendered":"https:\/\/aeroportcastello.com\/airport\/acceso-y-transporte\/"},"modified":"2026-04-02T11:08:13","modified_gmt":"2026-04-02T09:08:13","slug":"access-and-transport","status":"publish","type":"page","link":"https:\/\/aeroportcastello.com\/en\/airport\/access-and-transport\/","title":{"rendered":"Access and transport"},"content":{"rendered":"\t\t<div data-elementor-type=\"wp-page\" data-elementor-id=\"2435\" class=\"elementor elementor-2435 elementor-916\" data-elementor-post-type=\"page\">\n\t\t\t\t\t\t<section class=\"elementor-section elementor-top-section elementor-element elementor-element-2f02764 elementor-section-boxed elementor-section-height-default elementor-section-height-default\" data-id=\"2f02764\" data-element_type=\"section\" data-settings=\"{&quot;jet_parallax_layout_list&quot;:[]}\">\n\t\t\t\t\t\t<div class=\"elementor-container elementor-column-gap-default\">\n\t\t\t\t\t<div class=\"elementor-column elementor-col-50 elementor-top-column elementor-element elementor-element-9886ded\" data-id=\"9886ded\" data-element_type=\"column\">\n\t\t\t<div class=\"elementor-widget-wrap elementor-element-populated\">\n\t\t\t\t\t\t<section class=\"elementor-section elementor-inner-section elementor-element elementor-element-9dd7dce elementor-section-boxed elementor-section-height-default elementor-section-height-default\" data-id=\"9dd7dce\" data-element_type=\"section\" data-settings=\"{&quot;jet_parallax_layout_list&quot;:[]}\">\n\t\t\t\t\t\t<div class=\"elementor-container elementor-column-gap-default\">\n\t\t\t\t\t<div class=\"elementor-column elementor-col-100 elementor-inner-column elementor-element elementor-element-16c35ce\" data-id=\"16c35ce\" data-element_type=\"column\" data-settings=\"{&quot;background_background&quot;:&quot;classic&quot;}\">\n\t\t\t<div class=\"elementor-widget-wrap elementor-element-populated\">\n\t\t\t\t\t\t<div class=\"elementor-element elementor-element-d30420c elementor-widget elementor-widget-text-editor\" data-id=\"d30420c\" data-element_type=\"widget\" data-widget_type=\"text-editor.default\">\n\t\t\t\t<div class=\"elementor-widget-container\">\n\t\t\t\t\t\t\t<p>The airport is located in the north of the Region of Valencia, in the centre of Castell\u00f3 province. It has direct transport links to the major routes running through eastern Spain.<\/p><p>It is an hour\u2019s drive on dual carriageway from the city of Val\u00e8ncia and close to the main holiday resorts in Castell\u00f3 province.<\/p>\t\t\t\t\t\t<\/div>\n\t\t\t\t<\/div>\n\t\t\t\t\t<\/div>\n\t\t<\/div>\n\t\t\t\t\t<\/div>\n\t\t<\/section>\n\t\t\t\t\t<\/div>\n\t\t<\/div>\n\t\t\t\t<div class=\"elementor-column elementor-col-50 elementor-top-column elementor-element elementor-element-a699b3e\" data-id=\"a699b3e\" data-element_type=\"column\" data-settings=\"{&quot;background_background&quot;:&quot;slideshow&quot;,&quot;background_slideshow_gallery&quot;:[],&quot;background_slideshow_loop&quot;:&quot;yes&quot;,&quot;background_slideshow_slide_duration&quot;:5000,&quot;background_slideshow_slide_transition&quot;:&quot;fade&quot;,&quot;background_slideshow_transition_duration&quot;:500}\">\n\t\t\t<div class=\"elementor-widget-wrap elementor-element-populated\">\n\t\t\t\t\t\t<div class=\"elementor-element elementor-element-333b88b elementor-widget elementor-widget-image\" data-id=\"333b88b\" data-element_type=\"widget\" data-widget_type=\"image.default\">\n\t\t\t\t<div class=\"elementor-widget-container\">\n\t\t\t\t\t\t\t\t\t\t\t\t\t<img fetchpriority=\"high\" decoding=\"async\" width=\"1024\" height=\"684\" src=\"https:\/\/aeroportcastello.com\/wp-content\/uploads\/2021\/05\/accesos-1024x684.png\" class=\"attachment-large size-large wp-image-935\" alt=\"\" srcset=\"https:\/\/aeroportcastello.com\/wp-content\/uploads\/2021\/05\/accesos-1024x684.png 1024w, https:\/\/aeroportcastello.com\/wp-content\/uploads\/2021\/05\/accesos-300x200.png 300w, https:\/\/aeroportcastello.com\/wp-content\/uploads\/2021\/05\/accesos-768x513.png 768w, https:\/\/aeroportcastello.com\/wp-content\/uploads\/2021\/05\/accesos.png 1407w\" sizes=\"(max-width: 1024px) 100vw, 1024px\" \/>\t\t\t\t\t\t\t\t\t\t\t\t\t<\/div>\n\t\t\t\t<\/div>\n\t\t\t\t\t<\/div>\n\t\t<\/div>\n\t\t\t\t\t<\/div>\n\t\t<\/section>\n\t\t\t\t<section class=\"elementor-section elementor-top-section elementor-element elementor-element-75d57f5 elementor-section-boxed elementor-section-height-default elementor-section-height-default\" data-id=\"75d57f5\" data-element_type=\"section\" data-settings=\"{&quot;jet_parallax_layout_list&quot;:[]}\">\n\t\t\t\t\t\t<div class=\"elementor-container elementor-column-gap-default\">\n\t\t\t\t\t<div class=\"elementor-column elementor-col-100 elementor-top-column elementor-element elementor-element-f431a45\" data-id=\"f431a45\" data-element_type=\"column\">\n\t\t\t<div class=\"elementor-widget-wrap elementor-element-populated\">\n\t\t\t\t\t\t<div class=\"elementor-element elementor-element-dabb36b elementor-widget elementor-widget-spacer\" data-id=\"dabb36b\" data-element_type=\"widget\" data-widget_type=\"spacer.default\">\n\t\t\t\t<div class=\"elementor-widget-container\">\n\t\t\t\t\t<div class=\"elementor-spacer\">\n\t\t\t<div class=\"elementor-spacer-inner\"><\/div>\n\t\t<\/div>\n\t\t\t\t<\/div>\n\t\t\t\t<\/div>\n\t\t\t\t\t<\/div>\n\t\t<\/div>\n\t\t\t\t\t<\/div>\n\t\t<\/section>\n\t\t\t\t<section class=\"elementor-section elementor-top-section elementor-element elementor-element-65463d5 elementor-section-boxed elementor-section-height-default elementor-section-height-default\" data-id=\"65463d5\" data-element_type=\"section\" data-settings=\"{&quot;jet_parallax_layout_list&quot;:[]}\">\n\t\t\t\t\t\t<div class=\"elementor-container elementor-column-gap-default\">\n\t\t\t\t\t<div class=\"elementor-column elementor-col-50 elementor-top-column elementor-element elementor-element-31d46cc\" data-id=\"31d46cc\" data-element_type=\"column\" data-settings=\"{&quot;background_background&quot;:&quot;classic&quot;}\">\n\t\t\t<div class=\"elementor-widget-wrap elementor-element-populated\">\n\t\t\t\t\t\t<div class=\"elementor-element elementor-element-3d3261e elementor-view-framed elementor-shape-circle elementor-widget elementor-widget-icon\" data-id=\"3d3261e\" data-element_type=\"widget\" data-widget_type=\"icon.default\">\n\t\t\t\t<div class=\"elementor-widget-container\">\n\t\t\t\t\t<div class=\"elementor-icon-wrapper\">\n\t\t\t<div class=\"elementor-icon\">\n\t\t\t<i aria-hidden=\"true\" class=\"fas fa-bus\"><\/i>\t\t\t<\/div>\n\t\t<\/div>\n\t\t\t\t<\/div>\n\t\t\t\t<\/div>\n\t\t\t\t<div class=\"elementor-element elementor-element-ef389a2 elementor-widget elementor-widget-heading\" data-id=\"ef389a2\" data-element_type=\"widget\" data-widget_type=\"heading.default\">\n\t\t\t\t<div class=\"elementor-widget-container\">\n\t\t\t<h3 class=\"elementor-heading-title elementor-size-default\">Bus service Airport-Castell\u00f3n-Valencia* <\/h3>\t\t<\/div>\n\t\t\t\t<\/div>\n\t\t\t\t<div class=\"elementor-element elementor-element-e0b9158 elementor-widget elementor-widget-heading\" data-id=\"e0b9158\" data-element_type=\"widget\" data-widget_type=\"heading.default\">\n\t\t\t\t<div class=\"elementor-widget-container\">\n\t\t\t<h3 class=\"elementor-heading-title elementor-size-default\">(SCHEDULE ADAPTED TO THE FLIGHTS) <\/h3>\t\t<\/div>\n\t\t\t\t<\/div>\n\t\t\t\t<div class=\"elementor-element elementor-element-dd3de61 elementor-widget-divider--view-line elementor-widget elementor-widget-divider\" data-id=\"dd3de61\" data-element_type=\"widget\" data-widget_type=\"divider.default\">\n\t\t\t\t<div class=\"elementor-widget-container\">\n\t\t\t\t\t<div class=\"elementor-divider\">\n\t\t\t<span class=\"elementor-divider-separator\">\n\t\t\t\t\t\t<\/span>\n\t\t<\/div>\n\t\t\t\t<\/div>\n\t\t\t\t<\/div>\n\t\t\t\t<div class=\"elementor-element elementor-element-ca3b329 elementor-widget elementor-widget-text-editor\" data-id=\"ca3b329\" data-element_type=\"widget\" data-widget_type=\"text-editor.default\">\n\t\t\t\t<div class=\"elementor-widget-container\">\n\t\t\t\t\t\t\t<p>The bus has a schedule adapted to the flights and serves all regular routes. It connects the airport with the bus station in Castell\u00f3n, located next to the train station.<\/p>\n<p><em>*The bus also connects with Valencia for all the flights of the following routes: Brussels, D\u00fcsseldorf Weeze, Bucharest, Berlin, Milan, Budapest, Krakow, Porto, Cluj, Manchester and Bologna. For the rest of the routes, check the schedule on the website<a href=\"http:\/\/autosmediterraneo.com\/aeropuertos\"> http:\/\/autosmediterraneo.com\/aeropuertos<\/a><\/em><\/p>\t\t\t\t\t\t<\/div>\n\t\t\t\t<\/div>\n\t\t\t\t<div class=\"elementor-element elementor-element-6439b1f elementor-widget elementor-widget-toggle\" data-id=\"6439b1f\" data-element_type=\"widget\" data-widget_type=\"toggle.default\">\n\t\t\t\t<div class=\"elementor-widget-container\">\n\t\t\t\t\t<div class=\"elementor-toggle\">\n\t\t\t\t\t\t\t<div class=\"elementor-toggle-item\">\n\t\t\t\t\t<div id=\"elementor-tab-title-1051\" class=\"elementor-tab-title\" data-tab=\"1\" role=\"button\" aria-controls=\"elementor-tab-content-1051\" aria-expanded=\"false\">\n\t\t\t\t\t\t\t\t\t\t\t\t<span class=\"elementor-toggle-icon elementor-toggle-icon-left\" aria-hidden=\"true\">\n\t\t\t\t\t\t\t\t\t\t\t\t\t\t\t<span class=\"elementor-toggle-icon-closed\"><i class=\"fas fa-caret-right\"><\/i><\/span>\n\t\t\t\t\t\t\t\t<span class=\"elementor-toggle-icon-opened\"><i class=\"elementor-toggle-icon-opened fas fa-caret-up\"><\/i><\/span>\n\t\t\t\t\t\t\t\t\t\t\t\t\t<\/span>\n\t\t\t\t\t\t\t\t\t\t\t\t<a class=\"elementor-toggle-title\" tabindex=\"0\">Bus stop<\/a>\n\t\t\t\t\t<\/div>\n\n\t\t\t\t\t<div id=\"elementor-tab-content-1051\" class=\"elementor-tab-content elementor-clearfix\" data-tab=\"1\" role=\"region\" aria-labelledby=\"elementor-tab-title-1051\"><p>Castell\u00f3n: Bus station (dock 11).<\/p>\n<p class=\"MsoNormal\" style=\"margin-bottom: 18.0pt; line-height: normal;\"><i><span style=\"font-family: Arial, sans-serif;\">Valencia: Bus station (dock 24)&nbsp;<\/span><\/i><\/p>\n<p><\/p><\/div>\n\t\t\t\t<\/div>\n\t\t\t\t\t\t\t<div class=\"elementor-toggle-item\">\n\t\t\t\t\t<div id=\"elementor-tab-title-1052\" class=\"elementor-tab-title\" data-tab=\"2\" role=\"button\" aria-controls=\"elementor-tab-content-1052\" aria-expanded=\"false\">\n\t\t\t\t\t\t\t\t\t\t\t\t<span class=\"elementor-toggle-icon elementor-toggle-icon-left\" aria-hidden=\"true\">\n\t\t\t\t\t\t\t\t\t\t\t\t\t\t\t<span class=\"elementor-toggle-icon-closed\"><i class=\"fas fa-caret-right\"><\/i><\/span>\n\t\t\t\t\t\t\t\t<span class=\"elementor-toggle-icon-opened\"><i class=\"elementor-toggle-icon-opened fas fa-caret-up\"><\/i><\/span>\n\t\t\t\t\t\t\t\t\t\t\t\t\t<\/span>\n\t\t\t\t\t\t\t\t\t\t\t\t<a class=\"elementor-toggle-title\" tabindex=\"0\">Price<\/a>\n\t\t\t\t\t<\/div>\n\n\t\t\t\t\t<div id=\"elementor-tab-content-1052\" class=\"elementor-tab-content elementor-clearfix\" data-tab=\"2\" role=\"region\" aria-labelledby=\"elementor-tab-title-1052\"><p>Price per way-Castell\u00f3n: \u20ac12<\/p><p class=\"MsoNormal\" style=\"margin-bottom: 18.0pt; line-height: normal;\"><i><span style=\"font-family: Arial, sans-serif;\">Price per way-Valencia: \u20ac26<\/span><\/i><\/p><p>Infants aged less than 4 years do not pay, must sit on the accompanying adult lap.<\/p><\/div>\n\t\t\t\t<\/div>\n\t\t\t\t\t\t\t<div class=\"elementor-toggle-item\">\n\t\t\t\t\t<div id=\"elementor-tab-title-1053\" class=\"elementor-tab-title\" data-tab=\"3\" role=\"button\" aria-controls=\"elementor-tab-content-1053\" aria-expanded=\"false\">\n\t\t\t\t\t\t\t\t\t\t\t\t<span class=\"elementor-toggle-icon elementor-toggle-icon-left\" aria-hidden=\"true\">\n\t\t\t\t\t\t\t\t\t\t\t\t\t\t\t<span class=\"elementor-toggle-icon-closed\"><i class=\"fas fa-caret-right\"><\/i><\/span>\n\t\t\t\t\t\t\t\t<span class=\"elementor-toggle-icon-opened\"><i class=\"elementor-toggle-icon-opened fas fa-caret-up\"><\/i><\/span>\n\t\t\t\t\t\t\t\t\t\t\t\t\t<\/span>\n\t\t\t\t\t\t\t\t\t\t\t\t<a class=\"elementor-toggle-title\" tabindex=\"0\">Tickets sales\u00a0<\/a>\n\t\t\t\t\t<\/div>\n\n\t\t\t\t\t<div id=\"elementor-tab-content-1053\" class=\"elementor-tab-content elementor-clearfix\" data-tab=\"3\" role=\"region\" aria-labelledby=\"elementor-tab-title-1053\"><p>Only online tickets sales <strong><a href=\"https:\/\/autosmediterraneo.com\/aeropuertos\/\" target=\"_blank\" rel=\"noopener\">autosmediterraneo.com\/aeropuertos<\/a><\/strong><\/p><\/div>\n\t\t\t\t<\/div>\n\t\t\t\t\t\t\t<div class=\"elementor-toggle-item\">\n\t\t\t\t\t<div id=\"elementor-tab-title-1054\" class=\"elementor-tab-title\" data-tab=\"4\" role=\"button\" aria-controls=\"elementor-tab-content-1054\" aria-expanded=\"false\">\n\t\t\t\t\t\t\t\t\t\t\t\t<span class=\"elementor-toggle-icon elementor-toggle-icon-left\" aria-hidden=\"true\">\n\t\t\t\t\t\t\t\t\t\t\t\t\t\t\t<span class=\"elementor-toggle-icon-closed\"><i class=\"fas fa-caret-right\"><\/i><\/span>\n\t\t\t\t\t\t\t\t<span class=\"elementor-toggle-icon-opened\"><i class=\"elementor-toggle-icon-opened fas fa-caret-up\"><\/i><\/span>\n\t\t\t\t\t\t\t\t\t\t\t\t\t<\/span>\n\t\t\t\t\t\t\t\t\t\t\t\t<a class=\"elementor-toggle-title\" tabindex=\"0\">Contact<\/a>\n\t\t\t\t\t<\/div>\n\n\t\t\t\t\t<div id=\"elementor-tab-content-1054\" class=\"elementor-tab-content elementor-clearfix\" data-tab=\"4\" role=\"region\" aria-labelledby=\"elementor-tab-title-1054\"><p><a href=\"mailto:mk@autosmediterraneo.com\">mk@autosmediterraneo.com<\/a>\u00a0<\/p><p>Bus service information point at the Airport Tourist Info.<\/p><\/div>\n\t\t\t\t<\/div>\n\t\t\t\t\t\t\t\t<\/div>\n\t\t\t\t<\/div>\n\t\t\t\t<\/div>\n\t\t\t\t<div class=\"elementor-element elementor-element-832859c elementor-widget elementor-widget-heading\" data-id=\"832859c\" data-element_type=\"widget\" data-widget_type=\"heading.default\">\n\t\t\t\t<div class=\"elementor-widget-container\">\n\t\t\t<h3 class=\"elementor-heading-title elementor-size-default\">Shuttle bus Castell\u00f3n Airport-Torreblanca railway station<\/h3>\t\t<\/div>\n\t\t\t\t<\/div>\n\t\t\t\t<div class=\"elementor-element elementor-element-38a7f50 elementor-widget-divider--view-line elementor-widget elementor-widget-divider\" data-id=\"38a7f50\" data-element_type=\"widget\" data-widget_type=\"divider.default\">\n\t\t\t\t<div class=\"elementor-widget-container\">\n\t\t\t\t\t<div class=\"elementor-divider\">\n\t\t\t<span class=\"elementor-divider-separator\">\n\t\t\t\t\t\t<\/span>\n\t\t<\/div>\n\t\t\t\t<\/div>\n\t\t\t\t<\/div>\n\t\t\t\t<div class=\"elementor-element elementor-element-2f069e0 elementor-widget elementor-widget-text-editor\" data-id=\"2f069e0\" data-element_type=\"widget\" data-widget_type=\"text-editor.default\">\n\t\t\t\t<div class=\"elementor-widget-container\">\n\t\t\t\t\t\t\t<p>The shuttle bus connects Castell\u00f3n Aiport with the railway station in Torreblanca, allowing connections for trains in the Vinar\u00f2s-Castell\u00f3n-Valencia area.<\/p>\t\t\t\t\t\t<\/div>\n\t\t\t\t<\/div>\n\t\t\t\t<div class=\"elementor-element elementor-element-e2971a0 elementor-widget elementor-widget-toggle\" data-id=\"e2971a0\" data-element_type=\"widget\" data-widget_type=\"toggle.default\">\n\t\t\t\t<div class=\"elementor-widget-container\">\n\t\t\t\t\t<div class=\"elementor-toggle\">\n\t\t\t\t\t\t\t<div class=\"elementor-toggle-item\">\n\t\t\t\t\t<div id=\"elementor-tab-title-2371\" class=\"elementor-tab-title\" data-tab=\"1\" role=\"button\" aria-controls=\"elementor-tab-content-2371\" aria-expanded=\"false\">\n\t\t\t\t\t\t\t\t\t\t\t\t<span class=\"elementor-toggle-icon elementor-toggle-icon-left\" aria-hidden=\"true\">\n\t\t\t\t\t\t\t\t\t\t\t\t\t\t\t<span class=\"elementor-toggle-icon-closed\"><i class=\"fas fa-caret-right\"><\/i><\/span>\n\t\t\t\t\t\t\t\t<span class=\"elementor-toggle-icon-opened\"><i class=\"elementor-toggle-icon-opened fas fa-caret-up\"><\/i><\/span>\n\t\t\t\t\t\t\t\t\t\t\t\t\t<\/span>\n\t\t\t\t\t\t\t\t\t\t\t\t<a class=\"elementor-toggle-title\" tabindex=\"0\">Bus stop<\/a>\n\t\t\t\t\t<\/div>\n\n\t\t\t\t\t<div id=\"elementor-tab-content-2371\" class=\"elementor-tab-content elementor-clearfix\" data-tab=\"1\" role=\"region\" aria-labelledby=\"elementor-tab-title-2371\"><p>Torreblanca railway station car park.<br \/>Castell\u00f3n Airport car park.<\/p><\/div>\n\t\t\t\t<\/div>\n\t\t\t\t\t\t\t<div class=\"elementor-toggle-item\">\n\t\t\t\t\t<div id=\"elementor-tab-title-2372\" class=\"elementor-tab-title\" data-tab=\"2\" role=\"button\" aria-controls=\"elementor-tab-content-2372\" aria-expanded=\"false\">\n\t\t\t\t\t\t\t\t\t\t\t\t<span class=\"elementor-toggle-icon elementor-toggle-icon-left\" aria-hidden=\"true\">\n\t\t\t\t\t\t\t\t\t\t\t\t\t\t\t<span class=\"elementor-toggle-icon-closed\"><i class=\"fas fa-caret-right\"><\/i><\/span>\n\t\t\t\t\t\t\t\t<span class=\"elementor-toggle-icon-opened\"><i class=\"elementor-toggle-icon-opened fas fa-caret-up\"><\/i><\/span>\n\t\t\t\t\t\t\t\t\t\t\t\t\t<\/span>\n\t\t\t\t\t\t\t\t\t\t\t\t<a class=\"elementor-toggle-title\" tabindex=\"0\">Schedule:  Monday to Friday (except bank holidays)<\/a>\n\t\t\t\t\t<\/div>\n\n\t\t\t\t\t<div id=\"elementor-tab-content-2372\" class=\"elementor-tab-content elementor-clearfix\" data-tab=\"2\" role=\"region\" aria-labelledby=\"elementor-tab-title-2372\">\n<table>\n<tbody>\n<tr>\n<td width=\"162\">AIRPORT<\/td>\n<td width=\"162\">TORREBLANCA<\/td>\n<\/tr>\n<tr>\n<td width=\"162\">8:10<\/td>\n<td width=\"162\">8:30<\/td>\n<\/tr>\n<tr>\n<td width=\"162\">9:20<\/td>\n<td width=\"162\">9:40<\/td>\n<\/tr>\n<tr>\n<td width=\"162\">12:20<\/td>\n<td width=\"162\">12:40<\/td>\n<\/tr>\n<tr>\n<td width=\"162\">14:05<\/td>\n<td width=\"162\">14:25<\/td>\n<\/tr>\n<tr>\n<td width=\"162\">15:20<\/td>\n<td width=\"162\">15:40<\/td>\n<\/tr>\n<tr>\n<td width=\"162\">18:15<\/td>\n<td width=\"162\">18:35<\/td>\n<\/tr>\n<tr>\n<td width=\"162\">19:35<\/td>\n<td width=\"162\">19:55<\/td>\n<\/tr>\n<\/tbody>\n<\/table>\n&nbsp;\n\n&nbsp;\n<table>\n<tbody>\n<tr>\n<td width=\"162\">TORREBLANCA<\/td>\n<td width=\"162\">AIRPORT<\/td>\n<\/tr>\n<tr>\n<td width=\"162\">7:25<\/td>\n<td width=\"162\">7:45<\/td>\n<\/tr>\n<tr>\n<td width=\"162\">8:40<\/td>\n<td width=\"162\">9:00<\/td>\n<\/tr>\n<tr>\n<td width=\"162\">9:55<\/td>\n<td width=\"162\">10:15<\/td>\n<\/tr>\n<tr>\n<td width=\"162\">12:45<\/td>\n<td width=\"162\">13:05<\/td>\n<\/tr>\n<tr>\n<td width=\"162\">14:30<\/td>\n<td width=\"162\">14:50<\/td>\n<\/tr>\n<tr>\n<td width=\"162\">16:05<\/td>\n<td width=\"162\">16:25<\/td>\n<\/tr>\n<tr>\n<td width=\"162\">18:35<\/td>\n<td width=\"162\">18:55<\/td>\n<\/tr>\n<\/tbody>\n<\/table>\n&nbsp;\n\n&nbsp;<\/div>\n\t\t\t\t<\/div>\n\t\t\t\t\t\t\t<div class=\"elementor-toggle-item\">\n\t\t\t\t\t<div id=\"elementor-tab-title-2373\" class=\"elementor-tab-title\" data-tab=\"3\" role=\"button\" aria-controls=\"elementor-tab-content-2373\" aria-expanded=\"false\">\n\t\t\t\t\t\t\t\t\t\t\t\t<span class=\"elementor-toggle-icon elementor-toggle-icon-left\" aria-hidden=\"true\">\n\t\t\t\t\t\t\t\t\t\t\t\t\t\t\t<span class=\"elementor-toggle-icon-closed\"><i class=\"fas fa-caret-right\"><\/i><\/span>\n\t\t\t\t\t\t\t\t<span class=\"elementor-toggle-icon-opened\"><i class=\"elementor-toggle-icon-opened fas fa-caret-up\"><\/i><\/span>\n\t\t\t\t\t\t\t\t\t\t\t\t\t<\/span>\n\t\t\t\t\t\t\t\t\t\t\t\t<a class=\"elementor-toggle-title\" tabindex=\"0\">Schedule: Saturdays, Sundays and bank holidays<\/a>\n\t\t\t\t\t<\/div>\n\n\t\t\t\t\t<div id=\"elementor-tab-content-2373\" class=\"elementor-tab-content elementor-clearfix\" data-tab=\"3\" role=\"region\" aria-labelledby=\"elementor-tab-title-2373\"><table>\n<tbody>\n<tr>\n<td width=\"162\">AIRPORT<\/td>\n<td width=\"162\">TORREBLANCA<\/td>\n<\/tr>\n<tr>\n<td width=\"162\">8:15<\/td>\n<td width=\"162\">8:35<\/td>\n<\/tr>\n<tr>\n<td width=\"162\">9:20<\/td>\n<td width=\"162\">9:40<\/td>\n<\/tr>\n<tr>\n<td width=\"162\">12:20<\/td>\n<td width=\"162\">12:40<\/td>\n<\/tr>\n<tr>\n<td width=\"162\">14:20<\/td>\n<td width=\"162\">14:40<\/td>\n<\/tr>\n<tr>\n<td width=\"162\">17:20<\/td>\n<td width=\"162\">17:40<\/td>\n<\/tr>\n<tr>\n<td width=\"162\">19:35<\/td>\n<td width=\"162\">19:55<\/td>\n<\/tr>\n<\/tbody>\n<\/table>\n&nbsp;\n\n&nbsp;\n<table>\n<tbody>\n<tr>\n<td width=\"162\">TORREBLANCA<\/td>\n<td width=\"162\">AIRPORT<\/td>\n<\/tr>\n<tr>\n<td width=\"162\">8:40<\/td>\n<td width=\"162\">9:00<\/td>\n<\/tr>\n<tr>\n<td width=\"162\">9:55<\/td>\n<td width=\"162\">10:15<\/td>\n<\/tr>\n<tr>\n<td width=\"162\">12:45<\/td>\n<td width=\"162\">13:05<\/td>\n<\/tr>\n<tr>\n<td width=\"162\">16:20<\/td>\n<td width=\"162\">16:40<\/td>\n<\/tr>\n<tr>\n<td width=\"162\">18:35<\/td>\n<td width=\"162\">18:55<\/td>\n<\/tr>\n<\/tbody>\n<\/table>\n&nbsp;<\/div>\n\t\t\t\t<\/div>\n\t\t\t\t\t\t\t<div class=\"elementor-toggle-item\">\n\t\t\t\t\t<div id=\"elementor-tab-title-2374\" class=\"elementor-tab-title\" data-tab=\"4\" role=\"button\" aria-controls=\"elementor-tab-content-2374\" aria-expanded=\"false\">\n\t\t\t\t\t\t\t\t\t\t\t\t<span class=\"elementor-toggle-icon elementor-toggle-icon-left\" aria-hidden=\"true\">\n\t\t\t\t\t\t\t\t\t\t\t\t\t\t\t<span class=\"elementor-toggle-icon-closed\"><i class=\"fas fa-caret-right\"><\/i><\/span>\n\t\t\t\t\t\t\t\t<span class=\"elementor-toggle-icon-opened\"><i class=\"elementor-toggle-icon-opened fas fa-caret-up\"><\/i><\/span>\n\t\t\t\t\t\t\t\t\t\t\t\t\t<\/span>\n\t\t\t\t\t\t\t\t\t\t\t\t<a class=\"elementor-toggle-title\" tabindex=\"0\">Prices per person<\/a>\n\t\t\t\t\t<\/div>\n\n\t\t\t\t\t<div id=\"elementor-tab-content-2374\" class=\"elementor-tab-content elementor-clearfix\" data-tab=\"4\" role=\"region\" aria-labelledby=\"elementor-tab-title-2374\"><table><tbody><tr><td width=\"214\"><strong>Concept<\/strong><\/td><td width=\"214\"><strong>Price (VAT included)<\/strong><\/td><\/tr><tr><td width=\"214\">One way ticket<\/td><td width=\"214\">1,65 \u20ac<\/td><\/tr><tr><td width=\"214\">One way ticket (over 65 years old)<\/td><td width=\"214\">1,15 \u20ac<\/td><\/tr><tr><td width=\"214\">Family ticket<\/td><td width=\"214\">1,30 \u20ac<\/td><\/tr><tr><td width=\"214\">Special family ticket<\/td><td width=\"214\">0,80 \u20ac<\/td><\/tr><tr><td width=\"214\">Travel pass (10 trips)<\/td><td width=\"214\">15 \u20ac<\/td><\/tr><\/tbody><\/table><p>Tickets sales. On the bus<\/p><\/div>\n\t\t\t\t<\/div>\n\t\t\t\t\t\t\t<div class=\"elementor-toggle-item\">\n\t\t\t\t\t<div id=\"elementor-tab-title-2375\" class=\"elementor-tab-title\" data-tab=\"5\" role=\"button\" aria-controls=\"elementor-tab-content-2375\" aria-expanded=\"false\">\n\t\t\t\t\t\t\t\t\t\t\t\t<span class=\"elementor-toggle-icon elementor-toggle-icon-left\" aria-hidden=\"true\">\n\t\t\t\t\t\t\t\t\t\t\t\t\t\t\t<span class=\"elementor-toggle-icon-closed\"><i class=\"fas fa-caret-right\"><\/i><\/span>\n\t\t\t\t\t\t\t\t<span class=\"elementor-toggle-icon-opened\"><i class=\"elementor-toggle-icon-opened fas fa-caret-up\"><\/i><\/span>\n\t\t\t\t\t\t\t\t\t\t\t\t\t<\/span>\n\t\t\t\t\t\t\t\t\t\t\t\t<a class=\"elementor-toggle-title\" tabindex=\"0\">Train schedule (commuter service)<\/a>\n\t\t\t\t\t<\/div>\n\n\t\t\t\t\t<div id=\"elementor-tab-content-2375\" class=\"elementor-tab-content elementor-clearfix\" data-tab=\"5\" role=\"region\" aria-labelledby=\"elementor-tab-title-2375\"><p><a href=\"https:\/\/www.renfe.com\/es\/es\/cercanias\/cercanias-valencia\/horarios\" target=\"_blank\" rel=\"noopener\">www.renfe.com\/es\/es\/cercanias\/cercanias-valencia\/horarios<\/a><\/p><\/div>\n\t\t\t\t<\/div>\n\t\t\t\t\t\t\t\t<\/div>\n\t\t\t\t<\/div>\n\t\t\t\t<\/div>\n\t\t\t\t\t<\/div>\n\t\t<\/div>\n\t\t\t\t<div class=\"elementor-column elementor-col-50 elementor-top-column elementor-element elementor-element-56eebc3\" data-id=\"56eebc3\" data-element_type=\"column\">\n\t\t\t<div class=\"elementor-widget-wrap elementor-element-populated\">\n\t\t\t\t\t\t<div class=\"elementor-element elementor-element-99bbbf7 elementor-view-framed elementor-shape-circle elementor-widget elementor-widget-icon\" data-id=\"99bbbf7\" data-element_type=\"widget\" data-widget_type=\"icon.default\">\n\t\t\t\t<div class=\"elementor-widget-container\">\n\t\t\t\t\t<div class=\"elementor-icon-wrapper\">\n\t\t\t<a class=\"elementor-icon\" href=\"#\">\n\t\t\t<i aria-hidden=\"true\" class=\"fas fa-taxi\"><\/i>\t\t\t<\/a>\n\t\t<\/div>\n\t\t\t\t<\/div>\n\t\t\t\t<\/div>\n\t\t\t\t<div class=\"elementor-element elementor-element-87d6709 elementor-widget elementor-widget-heading\" data-id=\"87d6709\" data-element_type=\"widget\" data-widget_type=\"heading.default\">\n\t\t\t\t<div class=\"elementor-widget-container\">\n\t\t\t<h3 class=\"elementor-heading-title elementor-size-default\">Taxis<\/h3>\t\t<\/div>\n\t\t\t\t<\/div>\n\t\t\t\t<div class=\"elementor-element elementor-element-ce1837a elementor-widget-divider--view-line elementor-widget elementor-widget-divider\" data-id=\"ce1837a\" data-element_type=\"widget\" data-widget_type=\"divider.default\">\n\t\t\t\t<div class=\"elementor-widget-container\">\n\t\t\t\t\t<div class=\"elementor-divider\">\n\t\t\t<span class=\"elementor-divider-separator\">\n\t\t\t\t\t\t<\/span>\n\t\t<\/div>\n\t\t\t\t<\/div>\n\t\t\t\t<\/div>\n\t\t\t\t<div class=\"elementor-element elementor-element-ef6d7f4 elementor-widget elementor-widget-text-editor\" data-id=\"ef6d7f4\" data-element_type=\"widget\" data-widget_type=\"text-editor.default\">\n\t\t\t\t<div class=\"elementor-widget-container\">\n\t\t\t\t\t\t\tThe taxi rank is located outside the terminal, in front of the arrivals gate.\n\nTel.: +34 964 23 74 74 \/ +34 964 25 46 46\n\n<a href=\"\/wp-content\/uploads\/2022\/06\/TARIFAS.pdf\" target=\"_blank\" rel=\"noopener\">Download the taxi fares<\/a>\t\t\t\t\t\t<\/div>\n\t\t\t\t<\/div>\n\t\t\t\t<div class=\"elementor-element elementor-element-106c70f elementor-widget-divider--view-line elementor-widget elementor-widget-divider\" data-id=\"106c70f\" data-element_type=\"widget\" data-widget_type=\"divider.default\">\n\t\t\t\t<div class=\"elementor-widget-container\">\n\t\t\t\t\t<div class=\"elementor-divider\">\n\t\t\t<span class=\"elementor-divider-separator\">\n\t\t\t\t\t\t<\/span>\n\t\t<\/div>\n\t\t\t\t<\/div>\n\t\t\t\t<\/div>\n\t\t\t\t<div class=\"elementor-element elementor-element-dc30e44 elementor-view-framed elementor-shape-circle elementor-widget elementor-widget-icon\" data-id=\"dc30e44\" data-element_type=\"widget\" data-widget_type=\"icon.default\">\n\t\t\t\t<div class=\"elementor-widget-container\">\n\t\t\t\t\t<div class=\"elementor-icon-wrapper\">\n\t\t\t<a class=\"elementor-icon\" href=\"#\">\n\t\t\t<i aria-hidden=\"true\" class=\"fas fa-car-alt\"><\/i>\t\t\t<\/a>\n\t\t<\/div>\n\t\t\t\t<\/div>\n\t\t\t\t<\/div>\n\t\t\t\t<div class=\"elementor-element elementor-element-b7ff7e4 elementor-widget elementor-widget-heading\" data-id=\"b7ff7e4\" data-element_type=\"widget\" data-widget_type=\"heading.default\">\n\t\t\t\t<div class=\"elementor-widget-container\">\n\t\t\t<h3 class=\"elementor-heading-title elementor-size-default\">Car rental<\/h3>\t\t<\/div>\n\t\t\t\t<\/div>\n\t\t\t\t<div class=\"elementor-element elementor-element-9ff1309 elementor-widget-divider--view-line elementor-widget elementor-widget-divider\" data-id=\"9ff1309\" data-element_type=\"widget\" data-widget_type=\"divider.default\">\n\t\t\t\t<div class=\"elementor-widget-container\">\n\t\t\t\t\t<div class=\"elementor-divider\">\n\t\t\t<span class=\"elementor-divider-separator\">\n\t\t\t\t\t\t<\/span>\n\t\t<\/div>\n\t\t\t\t<\/div>\n\t\t\t\t<\/div>\n\t\t\t\t<div class=\"elementor-element elementor-element-d6e506e elementor-widget elementor-widget-text-editor\" data-id=\"d6e506e\" data-element_type=\"widget\" data-widget_type=\"text-editor.default\">\n\t\t\t\t<div class=\"elementor-widget-container\">\n\t\t\t\t\t\t\t<p><strong>MALCO<\/strong> <br \/>Located on ground floor<br \/><a href=\"https:\/\/www.malcorentacar.com\/\" target=\"_blank\" rel=\"noopener\">www.malcorentacar.com<\/a><\/p>\t\t\t\t\t\t<\/div>\n\t\t\t\t<\/div>\n\t\t\t\t<div class=\"elementor-element elementor-element-7bd6a4f elementor-widget elementor-widget-text-editor\" data-id=\"7bd6a4f\" data-element_type=\"widget\" data-widget_type=\"text-editor.default\">\n\t\t\t\t<div class=\"elementor-widget-container\">\n\t\t\t\t\t\t\t<p><strong>GRUPO JOSMAR<\/strong><br \/>Located on ground floor <br \/><a href=\"https:\/\/rentacarjosmar.com\/\" target=\"_blank\" rel=\"noopener\">https:\/\/rentacarjosmar.com\/<\/a><\/p>\t\t\t\t\t\t<\/div>\n\t\t\t\t<\/div>\n\t\t\t\t\t<\/div>\n\t\t<\/div>\n\t\t\t\t\t<\/div>\n\t\t<\/section>\n\t\t\t\t<section class=\"elementor-section elementor-top-section elementor-element elementor-element-49ca529 elementor-section-boxed elementor-section-height-default elementor-section-height-default\" data-id=\"49ca529\" data-element_type=\"section\" data-settings=\"{&quot;jet_parallax_layout_list&quot;:[]}\">\n\t\t\t\t\t\t<div class=\"elementor-container elementor-column-gap-default\">\n\t\t\t\t\t<div class=\"elementor-column elementor-col-100 elementor-top-column elementor-element elementor-element-ad28a15\" data-id=\"ad28a15\" data-element_type=\"column\">\n\t\t\t<div class=\"elementor-widget-wrap elementor-element-populated\">\n\t\t\t\t\t\t<div class=\"elementor-element elementor-element-09cb99d elementor-widget elementor-widget-spacer\" data-id=\"09cb99d\" data-element_type=\"widget\" data-widget_type=\"spacer.default\">\n\t\t\t\t<div class=\"elementor-widget-container\">\n\t\t\t\t\t<div class=\"elementor-spacer\">\n\t\t\t<div class=\"elementor-spacer-inner\"><\/div>\n\t\t<\/div>\n\t\t\t\t<\/div>\n\t\t\t\t<\/div>\n\t\t\t\t\t<\/div>\n\t\t<\/div>\n\t\t\t\t\t<\/div>\n\t\t<\/section>\n\t\t\t\t<\/div>\n\t\t","protected":false},"excerpt":{"rendered":"<p>The airport is located in the north of the Region of Valencia, in the centre of Castell\u00f3 province. It has direct transport links to the major routes running through eastern Spain. It is an hour\u2019s drive on dual carriageway from the city of Val\u00e8ncia and close to the main holiday resorts in Castell\u00f3 province. Bus &#8230; <\/p>\n<p class=\"read-more-container\"><a title=\"Access and transport\" class=\"read-more button\" href=\"https:\/\/aeroportcastello.com\/en\/airport\/access-and-transport\/#more-2435\" aria-label=\"Read more about Access and transport\">Read more<\/a><\/p>\n","protected":false},"author":1,"featured_media":0,"parent":2423,"menu_order":0,"comment_status":"closed","ping_status":"open","template":"elementor_header_footer","meta":{"footnotes":""},"yoast_head":"<!-- This site is optimized with the Yoast SEO plugin v22.0 - https:\/\/yoast.com\/wordpress\/plugins\/seo\/ -->\n<title>Access and transport - Aeropuerto Castell\u00f3n<\/title>\n<meta name=\"robots\" content=\"index, follow, max-snippet:-1, max-image-preview:large, max-video-preview:-1\" \/>\n<link rel=\"canonical\" href=\"https:\/\/aeroportcastello.com\/en\/airport\/access-and-transport\/\" \/>\n<meta property=\"og:locale\" content=\"en_US\" \/>\n<meta property=\"og:type\" content=\"article\" \/>\n<meta property=\"og:title\" content=\"Access and transport - Aeropuerto Castell\u00f3n\" \/>\n<meta property=\"og:description\" content=\"The airport is located in the north of the Region of Valencia, in the centre of Castell\u00f3 province. It has direct transport links to the major routes running through eastern Spain. It is an hour\u2019s drive on dual carriageway from the city of Val\u00e8ncia and close to the main holiday resorts in Castell\u00f3 province. Bus ... Read more\" \/>\n<meta property=\"og:url\" content=\"https:\/\/aeroportcastello.com\/en\/airport\/access-and-transport\/\" \/>\n<meta property=\"og:site_name\" content=\"Aeropuerto Castell\u00f3n\" \/>\n<meta property=\"article:modified_time\" content=\"2026-04-02T09:08:13+00:00\" \/>\n<meta property=\"og:image\" content=\"https:\/\/aeroportcastello.com\/wp-content\/uploads\/2021\/05\/accesos-1024x684.png\" \/>\n<meta name=\"twitter:card\" content=\"summary_large_image\" \/>\n<meta name=\"twitter:label1\" content=\"Est. reading time\" \/>\n\t<meta name=\"twitter:data1\" content=\"2 minutes\" \/>\n<script type=\"application\/ld+json\" class=\"yoast-schema-graph\">{\"@context\":\"https:\/\/schema.org\",\"@graph\":[{\"@type\":\"WebPage\",\"@id\":\"https:\/\/aeroportcastello.com\/en\/airport\/access-and-transport\/\",\"url\":\"https:\/\/aeroportcastello.com\/en\/airport\/access-and-transport\/\",\"name\":\"Access and transport - Aeropuerto Castell\u00f3n\",\"isPartOf\":{\"@id\":\"https:\/\/aeroportcastello.com\/en\/#website\"},\"datePublished\":\"2021-05-12T14:02:23+00:00\",\"dateModified\":\"2026-04-02T09:08:13+00:00\",\"breadcrumb\":{\"@id\":\"https:\/\/aeroportcastello.com\/en\/airport\/access-and-transport\/#breadcrumb\"},\"inLanguage\":\"en-US\",\"potentialAction\":[{\"@type\":\"ReadAction\",\"target\":[\"https:\/\/aeroportcastello.com\/en\/airport\/access-and-transport\/\"]}]},{\"@type\":\"BreadcrumbList\",\"@id\":\"https:\/\/aeroportcastello.com\/en\/airport\/access-and-transport\/#breadcrumb\",\"itemListElement\":[{\"@type\":\"ListItem\",\"position\":1,\"name\":\"Passengers\",\"item\":\"https:\/\/aeroportcastello.com\/en\/\"},{\"@type\":\"ListItem\",\"position\":2,\"name\":\"Airport\",\"item\":\"https:\/\/aeroportcastello.com\/en\/airport\/\"},{\"@type\":\"ListItem\",\"position\":3,\"name\":\"Access and transport\"}]},{\"@type\":\"WebSite\",\"@id\":\"https:\/\/aeroportcastello.com\/en\/#website\",\"url\":\"https:\/\/aeroportcastello.com\/en\/\",\"name\":\"Aeropuerto Castell\u00f3n\",\"description\":\"Aeropuerto Castell\u00f3n\",\"publisher\":{\"@id\":\"https:\/\/aeroportcastello.com\/en\/#organization\"},\"potentialAction\":[{\"@type\":\"SearchAction\",\"target\":{\"@type\":\"EntryPoint\",\"urlTemplate\":\"https:\/\/aeroportcastello.com\/en\/?s={search_term_string}\"},\"query-input\":\"required name=search_term_string\"}],\"inLanguage\":\"en-US\"},{\"@type\":\"Organization\",\"@id\":\"https:\/\/aeroportcastello.com\/en\/#organization\",\"name\":\"Aeropuerto Castell\u00f3n\",\"url\":\"https:\/\/aeroportcastello.com\/en\/\",\"logo\":{\"@type\":\"ImageObject\",\"inLanguage\":\"en-US\",\"@id\":\"https:\/\/aeroportcastello.com\/en\/#\/schema\/logo\/image\/\",\"url\":\"https:\/\/aeroportcastello.com\/wp-content\/uploads\/2021\/05\/logo_aeroport_castello-1.svg\",\"contentUrl\":\"https:\/\/aeroportcastello.com\/wp-content\/uploads\/2021\/05\/logo_aeroport_castello-1.svg\",\"width\":482.8999999999999772626324556767940521240234375,\"height\":93.7000000000000028421709430404007434844970703125,\"caption\":\"Aeropuerto Castell\u00f3n\"},\"image\":{\"@id\":\"https:\/\/aeroportcastello.com\/en\/#\/schema\/logo\/image\/\"}}]}<\/script>\n<!-- \/ Yoast SEO plugin. -->","yoast_head_json":{"title":"Access and transport - Aeropuerto Castell\u00f3n","robots":{"index":"index","follow":"follow","max-snippet":"max-snippet:-1","max-image-preview":"max-image-preview:large","max-video-preview":"max-video-preview:-1"},"canonical":"https:\/\/aeroportcastello.com\/en\/airport\/access-and-transport\/","og_locale":"en_US","og_type":"article","og_title":"Access and transport - Aeropuerto Castell\u00f3n","og_description":"The airport is located in the north of the Region of Valencia, in the centre of Castell\u00f3 province. It has direct transport links to the major routes running through eastern Spain. It is an hour\u2019s drive on dual carriageway from the city of Val\u00e8ncia and close to the main holiday resorts in Castell\u00f3 province. Bus ... Read more","og_url":"https:\/\/aeroportcastello.com\/en\/airport\/access-and-transport\/","og_site_name":"Aeropuerto Castell\u00f3n","article_modified_time":"2026-04-02T09:08:13+00:00","og_image":[{"url":"https:\/\/aeroportcastello.com\/wp-content\/uploads\/2021\/05\/accesos-1024x684.png"}],"twitter_card":"summary_large_image","twitter_misc":{"Est. reading time":"2 minutes"},"schema":{"@context":"https:\/\/schema.org","@graph":[{"@type":"WebPage","@id":"https:\/\/aeroportcastello.com\/en\/airport\/access-and-transport\/","url":"https:\/\/aeroportcastello.com\/en\/airport\/access-and-transport\/","name":"Access and transport - Aeropuerto Castell\u00f3n","isPartOf":{"@id":"https:\/\/aeroportcastello.com\/en\/#website"},"datePublished":"2021-05-12T14:02:23+00:00","dateModified":"2026-04-02T09:08:13+00:00","breadcrumb":{"@id":"https:\/\/aeroportcastello.com\/en\/airport\/access-and-transport\/#breadcrumb"},"inLanguage":"en-US","potentialAction":[{"@type":"ReadAction","target":["https:\/\/aeroportcastello.com\/en\/airport\/access-and-transport\/"]}]},{"@type":"BreadcrumbList","@id":"https:\/\/aeroportcastello.com\/en\/airport\/access-and-transport\/#breadcrumb","itemListElement":[{"@type":"ListItem","position":1,"name":"Passengers","item":"https:\/\/aeroportcastello.com\/en\/"},{"@type":"ListItem","position":2,"name":"Airport","item":"https:\/\/aeroportcastello.com\/en\/airport\/"},{"@type":"ListItem","position":3,"name":"Access and transport"}]},{"@type":"WebSite","@id":"https:\/\/aeroportcastello.com\/en\/#website","url":"https:\/\/aeroportcastello.com\/en\/","name":"Aeropuerto Castell\u00f3n","description":"Aeropuerto Castell\u00f3n","publisher":{"@id":"https:\/\/aeroportcastello.com\/en\/#organization"},"potentialAction":[{"@type":"SearchAction","target":{"@type":"EntryPoint","urlTemplate":"https:\/\/aeroportcastello.com\/en\/?s={search_term_string}"},"query-input":"required name=search_term_string"}],"inLanguage":"en-US"},{"@type":"Organization","@id":"https:\/\/aeroportcastello.com\/en\/#organization","name":"Aeropuerto Castell\u00f3n","url":"https:\/\/aeroportcastello.com\/en\/","logo":{"@type":"ImageObject","inLanguage":"en-US","@id":"https:\/\/aeroportcastello.com\/en\/#\/schema\/logo\/image\/","url":"https:\/\/aeroportcastello.com\/wp-content\/uploads\/2021\/05\/logo_aeroport_castello-1.svg","contentUrl":"https:\/\/aeroportcastello.com\/wp-content\/uploads\/2021\/05\/logo_aeroport_castello-1.svg","width":482.8999999999999772626324556767940521240234375,"height":93.7000000000000028421709430404007434844970703125,"caption":"Aeropuerto Castell\u00f3n"},"image":{"@id":"https:\/\/aeroportcastello.com\/en\/#\/schema\/logo\/image\/"}}]}},"_links":{"self":[{"href":"https:\/\/aeroportcastello.com\/en\/wp-json\/wp\/v2\/pages\/2435"}],"collection":[{"href":"https:\/\/aeroportcastello.com\/en\/wp-json\/wp\/v2\/pages"}],"about":[{"href":"https:\/\/aeroportcastello.com\/en\/wp-json\/wp\/v2\/types\/page"}],"author":[{"embeddable":true,"href":"https:\/\/aeroportcastello.com\/en\/wp-json\/wp\/v2\/users\/1"}],"replies":[{"embeddable":true,"href":"https:\/\/aeroportcastello.com\/en\/wp-json\/wp\/v2\/comments?post=2435"}],"version-history":[{"count":109,"href":"https:\/\/aeroportcastello.com\/en\/wp-json\/wp\/v2\/pages\/2435\/revisions"}],"predecessor-version":[{"id":15382,"href":"https:\/\/aeroportcastello.com\/en\/wp-json\/wp\/v2\/pages\/2435\/revisions\/15382"}],"up":[{"embeddable":true,"href":"https:\/\/aeroportcastello.com\/en\/wp-json\/wp\/v2\/pages\/2423"}],"wp:attachment":[{"href":"https:\/\/aeroportcastello.com\/en\/wp-json\/wp\/v2\/media?parent=2435"}],"curies":[{"name":"wp","href":"https:\/\/api.w.org\/{rel}","templated":true}]}}