{"id":12828,"date":"2025-06-26T23:32:04","date_gmt":"2025-06-26T21:32:04","guid":{"rendered":"https:\/\/aeroportcastello.com\/brussels\/"},"modified":"2025-06-26T23:46:54","modified_gmt":"2025-06-26T21:46:54","slug":"brussels","status":"publish","type":"page","link":"https:\/\/aeroportcastello.com\/en\/destinations\/brussels\/","title":{"rendered":"Brussels"},"content":{"rendered":"\t\t<div data-elementor-type=\"wp-page\" data-elementor-id=\"12828\" class=\"elementor elementor-12828 elementor-12155\" data-elementor-post-type=\"page\">\n\t\t\t\t\t\t<section class=\"elementor-section elementor-top-section elementor-element elementor-element-805fffc elementor-section-boxed elementor-section-height-default elementor-section-height-default\" data-id=\"805fffc\" data-element_type=\"section\" data-settings=\"{&quot;jet_parallax_layout_list&quot;:[],&quot;background_background&quot;:&quot;classic&quot;}\">\n\t\t\t\t\t\t<div class=\"elementor-container elementor-column-gap-default\">\n\t\t\t\t\t<div class=\"elementor-column elementor-col-100 elementor-top-column elementor-element elementor-element-7c64ca2\" data-id=\"7c64ca2\" data-element_type=\"column\">\n\t\t\t<div class=\"elementor-widget-wrap elementor-element-populated\">\n\t\t\t\t\t\t<div class=\"elementor-element elementor-element-2bc02f3 elementor-widget elementor-widget-spacer\" data-id=\"2bc02f3\" data-element_type=\"widget\" data-widget_type=\"spacer.default\">\n\t\t\t\t<div class=\"elementor-widget-container\">\n\t\t\t\t\t<div class=\"elementor-spacer\">\n\t\t\t<div class=\"elementor-spacer-inner\"><\/div>\n\t\t<\/div>\n\t\t\t\t<\/div>\n\t\t\t\t<\/div>\n\t\t\t\t<div class=\"elementor-element elementor-element-37627dd elementor-widget elementor-widget-heading\" data-id=\"37627dd\" data-element_type=\"widget\" data-widget_type=\"heading.default\">\n\t\t\t\t<div class=\"elementor-widget-container\">\n\t\t\t<h2 class=\"elementor-heading-title elementor-size-default\">Brussels: the institutional heart of Europe with a medieval soul<\/h2>\t\t<\/div>\n\t\t\t\t<\/div>\n\t\t\t\t<div class=\"elementor-element elementor-element-ef70d07 elementor-widget elementor-widget-text-editor\" data-id=\"ef70d07\" data-element_type=\"widget\" data-widget_type=\"text-editor.default\">\n\t\t\t\t<div class=\"elementor-widget-container\">\n\t\t\t\t\t\t\t<p class=\"p1\" style=\"text-align: center;\">Bruselas es mucho m\u00e1s que la sede de la Uni\u00f3n Europea. Su casco antiguo, sus plazas adoquinadas, su cerveza artesanal y su gastronom\u00eda convierten esta ciudad en una escapada perfecta para combinar cultura, historia y sabor. Ideal tambi\u00e9n como punto de partida para visitar ciudades cercanas como Brujas, Gante o Amberes.<\/p>\n\t\t\t\t\t\t<\/div>\n\t\t\t\t<\/div>\n\t\t\t\t<div class=\"elementor-element elementor-element-55ab72e elementor-widget elementor-widget-spacer\" data-id=\"55ab72e\" data-element_type=\"widget\" data-widget_type=\"spacer.default\">\n\t\t\t\t<div class=\"elementor-widget-container\">\n\t\t\t\t\t<div class=\"elementor-spacer\">\n\t\t\t<div class=\"elementor-spacer-inner\"><\/div>\n\t\t<\/div>\n\t\t\t\t<\/div>\n\t\t\t\t<\/div>\n\t\t\t\t\t<\/div>\n\t\t<\/div>\n\t\t\t\t\t<\/div>\n\t\t<\/section>\n\t\t\t\t<section class=\"elementor-section elementor-top-section elementor-element elementor-element-888414b elementor-section-boxed elementor-section-height-default elementor-section-height-default\" data-id=\"888414b\" data-element_type=\"section\" data-settings=\"{&quot;jet_parallax_layout_list&quot;:[]}\">\n\t\t\t\t\t\t<div class=\"elementor-container elementor-column-gap-default\">\n\t\t\t\t\t<div class=\"elementor-column elementor-col-50 elementor-top-column elementor-element elementor-element-ae30dd7\" data-id=\"ae30dd7\" data-element_type=\"column\">\n\t\t\t<div class=\"elementor-widget-wrap elementor-element-populated\">\n\t\t\t\t\t\t<div class=\"elementor-element elementor-element-b67966b elementor-widget elementor-widget-heading\" data-id=\"b67966b\" data-element_type=\"widget\" data-widget_type=\"heading.default\">\n\t\t\t\t<div class=\"elementor-widget-container\">\n\t\t\t<h3 class=\"elementor-heading-title elementor-size-default\">Flight information from Castell\u00f3n<\/h3>\t\t<\/div>\n\t\t\t\t<\/div>\n\t\t\t\t<div class=\"elementor-element elementor-element-4736d76 elementor-widget elementor-widget-text-editor\" data-id=\"4736d76\" data-element_type=\"widget\" data-widget_type=\"text-editor.default\">\n\t\t\t\t<div class=\"elementor-widget-container\">\n\t\t\t\t\t\t\t<ul>\r\n \t<li data-start=\"0\" data-end=\"21\">\r\n<p data-start=\"2\" data-end=\"21\">Airline: Ryanair.<\/p>\r\n<\/li>\r\n \t<li data-start=\"22\" data-end=\"84\">\r\n<p data-start=\"24\" data-end=\"84\">Arrival airport: Brussels South \u2013 Charleroi Airport (CRL).<\/p>\r\n<\/li>\r\n \t<li data-start=\"85\" data-end=\"120\">\r\n<p data-start=\"87\" data-end=\"120\">Estimated duration: 2\u202fh\u202f45\u202fmin.<\/p>\r\n<\/li>\r\n \t<li data-start=\"121\" data-end=\"150\" data-is-last-node=\"\">\r\n<p data-start=\"123\" data-end=\"150\" data-is-last-node=\"\">Frequency: Regular flights.<\/p>\r\n<\/li>\r\n<\/ul>\t\t\t\t\t\t<\/div>\n\t\t\t\t<\/div>\n\t\t\t\t<div class=\"elementor-element elementor-element-d2fccd6 elementor-widget elementor-widget-spacer\" data-id=\"d2fccd6\" data-element_type=\"widget\" data-widget_type=\"spacer.default\">\n\t\t\t\t<div class=\"elementor-widget-container\">\n\t\t\t\t\t<div class=\"elementor-spacer\">\n\t\t\t<div class=\"elementor-spacer-inner\"><\/div>\n\t\t<\/div>\n\t\t\t\t<\/div>\n\t\t\t\t<\/div>\n\t\t\t\t<div class=\"elementor-element elementor-element-2c39329 elementor-widget elementor-widget-heading\" data-id=\"2c39329\" data-element_type=\"widget\" data-widget_type=\"heading.default\">\n\t\t\t\t<div class=\"elementor-widget-container\">\n\t\t\t<h3 class=\"elementor-heading-title elementor-size-default\">What to See and Do<\/h3>\t\t<\/div>\n\t\t\t\t<\/div>\n\t\t\t\t<div class=\"elementor-element elementor-element-a443ab4 elementor-widget elementor-widget-text-editor\" data-id=\"a443ab4\" data-element_type=\"widget\" data-widget_type=\"text-editor.default\">\n\t\t\t\t<div class=\"elementor-widget-container\">\n\t\t\t\t\t\t\t<ul>\n<li data-start=\"0\" data-end=\"65\">\n<p data-start=\"2\" data-end=\"65\">Grand Place \u2013 One of the most beautiful squares in the world.<\/p>\n<\/li>\n<li data-start=\"66\" data-end=\"129\">\n<p data-start=\"68\" data-end=\"129\">Manneken Pis \u2013 The city\u2019s most famous (and tiniest) statue.<\/p>\n<\/li>\n<li data-start=\"130\" data-end=\"185\">\n<p data-start=\"132\" data-end=\"185\">Atomium \u2013 A modern symbol offering panoramic views.<\/p>\n<\/li>\n<li data-start=\"186\" data-end=\"238\">\n<p data-start=\"188\" data-end=\"238\">Comic Book Museum \u2013 In the birthplace of Tintin.<\/p>\n<\/li>\n<li data-start=\"239\" data-end=\"305\">\n<p data-start=\"241\" data-end=\"305\">European Quarter \u2013 Home to the Parliament and EU institutions.<\/p>\n<\/li>\n<li data-start=\"306\" data-end=\"392\">\n<p data-start=\"308\" data-end=\"392\">Galeries Royales Saint-Hubert \u2013 For chocolate lovers and architecture enthusiasts.<\/p>\n<\/li>\n<li data-start=\"393\" data-end=\"453\" data-is-last-node=\"\">\n<p data-start=\"395\" data-end=\"453\" data-is-last-node=\"\">Day trips to Bruges and Ghent \u2013 Just 1 hour away by train.<\/p>\n<\/li>\n<\/ul>\n\t\t\t\t\t\t<\/div>\n\t\t\t\t<\/div>\n\t\t\t\t<div class=\"elementor-element elementor-element-ddc8a4f elementor-widget elementor-widget-spacer\" data-id=\"ddc8a4f\" data-element_type=\"widget\" data-widget_type=\"spacer.default\">\n\t\t\t\t<div class=\"elementor-widget-container\">\n\t\t\t\t\t<div class=\"elementor-spacer\">\n\t\t\t<div class=\"elementor-spacer-inner\"><\/div>\n\t\t<\/div>\n\t\t\t\t<\/div>\n\t\t\t\t<\/div>\n\t\t\t\t<div class=\"elementor-element elementor-element-4630d25 elementor-widget elementor-widget-heading\" data-id=\"4630d25\" data-element_type=\"widget\" data-widget_type=\"heading.default\">\n\t\t\t\t<div class=\"elementor-widget-container\">\n\t\t\t<h3 class=\"elementor-heading-title elementor-size-default\">Practical Information<\/h3>\t\t<\/div>\n\t\t\t\t<\/div>\n\t\t\t\t<div class=\"elementor-element elementor-element-06348e2 elementor-widget elementor-widget-text-editor\" data-id=\"06348e2\" data-element_type=\"widget\" data-widget_type=\"text-editor.default\">\n\t\t\t\t<div class=\"elementor-widget-container\">\n\t\t\t\t\t\t\t<ul>\n<li>\n<p class=\"p1\"><span class=\"s1\"><b>Moneda:<\/b><\/span> Euro (\u20ac).<\/p>\n<\/li>\n<li>\n<p class=\"p1\"><span class=\"s1\"><b>Idioma:<\/b><\/span> Franc\u00e9s, neerland\u00e9s y alem\u00e1n (el ingl\u00e9s est\u00e1 muy extendido).<\/p>\n<\/li>\n<li>\n<p class=\"p1\"><span class=\"s1\"><b>Enchufe:<\/b><\/span> Tipo E (compatible con Espa\u00f1a).<\/p>\n<\/li>\n<li>\n<p class=\"p1\"><span class=\"s1\"><b>Documentaci\u00f3n:<\/b><\/span> DNI o pasaporte (zona Schengen).<\/p>\n<\/li>\n<\/ul>\n\t\t\t\t\t\t<\/div>\n\t\t\t\t<\/div>\n\t\t\t\t\t<\/div>\n\t\t<\/div>\n\t\t\t\t<div class=\"elementor-column elementor-col-50 elementor-top-column elementor-element elementor-element-c540129\" data-id=\"c540129\" data-element_type=\"column\">\n\t\t\t<div class=\"elementor-widget-wrap elementor-element-populated\">\n\t\t\t\t\t\t<div class=\"elementor-element elementor-element-66c4ee2 elementor-widget elementor-widget-image\" data-id=\"66c4ee2\" data-element_type=\"widget\" data-widget_type=\"image.default\">\n\t\t\t\t<div class=\"elementor-widget-container\">\n\t\t\t\t\t\t\t\t\t\t\t\t\t<img fetchpriority=\"high\" decoding=\"async\" width=\"683\" height=\"1024\" src=\"https:\/\/aeroportcastello.com\/wp-content\/uploads\/2025\/06\/limpie-las-calles-de-la-ciudad-de-praga-copia-1-683x1024.webp\" class=\"attachment-large size-large wp-image-12360\" alt=\"\" srcset=\"https:\/\/aeroportcastello.com\/wp-content\/uploads\/2025\/06\/limpie-las-calles-de-la-ciudad-de-praga-copia-1-683x1024.webp 683w, https:\/\/aeroportcastello.com\/wp-content\/uploads\/2025\/06\/limpie-las-calles-de-la-ciudad-de-praga-copia-1-200x300.webp 200w, https:\/\/aeroportcastello.com\/wp-content\/uploads\/2025\/06\/limpie-las-calles-de-la-ciudad-de-praga-copia-1-768x1152.webp 768w, https:\/\/aeroportcastello.com\/wp-content\/uploads\/2025\/06\/limpie-las-calles-de-la-ciudad-de-praga-copia-1-1024x1536.webp 1024w, https:\/\/aeroportcastello.com\/wp-content\/uploads\/2025\/06\/limpie-las-calles-de-la-ciudad-de-praga-copia-1-1366x2048.webp 1366w, https:\/\/aeroportcastello.com\/wp-content\/uploads\/2025\/06\/limpie-las-calles-de-la-ciudad-de-praga-copia-1.webp 1467w\" sizes=\"(max-width: 683px) 100vw, 683px\" \/>\t\t\t\t\t\t\t\t\t\t\t\t\t<\/div>\n\t\t\t\t<\/div>\n\t\t\t\t\t<\/div>\n\t\t<\/div>\n\t\t\t\t\t<\/div>\n\t\t<\/section>\n\t\t\t\t<section class=\"elementor-section elementor-top-section elementor-element elementor-element-aaba64b elementor-section-boxed elementor-section-height-default elementor-section-height-default\" data-id=\"aaba64b\" data-element_type=\"section\" data-settings=\"{&quot;jet_parallax_layout_list&quot;:[]}\">\n\t\t\t\t\t\t<div class=\"elementor-container elementor-column-gap-default\">\n\t\t\t\t\t<div class=\"elementor-column elementor-col-100 elementor-top-column elementor-element elementor-element-d0ad746\" data-id=\"d0ad746\" data-element_type=\"column\">\n\t\t\t<div class=\"elementor-widget-wrap elementor-element-populated\">\n\t\t\t\t\t\t<div class=\"elementor-element elementor-element-a352a38 elementor-widget elementor-widget-spacer\" data-id=\"a352a38\" data-element_type=\"widget\" data-widget_type=\"spacer.default\">\n\t\t\t\t<div class=\"elementor-widget-container\">\n\t\t\t\t\t<div class=\"elementor-spacer\">\n\t\t\t<div class=\"elementor-spacer-inner\"><\/div>\n\t\t<\/div>\n\t\t\t\t<\/div>\n\t\t\t\t<\/div>\n\t\t\t\t<div class=\"elementor-element elementor-element-d42755a elementor-widget elementor-widget-heading\" data-id=\"d42755a\" data-element_type=\"widget\" data-widget_type=\"heading.default\">\n\t\t\t\t<div class=\"elementor-widget-container\">\n\t\t\t<h3 class=\"elementor-heading-title elementor-size-default\">Practical Information<\/h3>\t\t<\/div>\n\t\t\t\t<\/div>\n\t\t\t\t<div class=\"elementor-element elementor-element-421de51 elementor-widget elementor-widget-text-editor\" data-id=\"421de51\" data-element_type=\"widget\" data-widget_type=\"text-editor.default\">\n\t\t\t\t<div class=\"elementor-widget-container\">\n\t\t\t\t\t\t\t<ul>\n<li data-start=\"0\" data-end=\"96\">\n<p data-start=\"2\" data-end=\"96\">Flibco shuttle bus: connects Charleroi Airport with Bruxelles-Midi station in 50\u201360 minutes.<\/p>\n<\/li>\n<li data-start=\"97\" data-end=\"146\">\n<p data-start=\"99\" data-end=\"146\">Price: around \u20ac17 (cheaper if booked online).<\/p>\n<\/li>\n<li data-start=\"147\" data-end=\"251\" data-is-last-node=\"\">\n<p data-start=\"149\" data-end=\"251\" data-is-last-node=\"\">Alternatively, take a local bus to Charleroi train station and then a train to Brussels (less direct).<\/p>\n<\/li>\n<\/ul>\n\t\t\t\t\t\t<\/div>\n\t\t\t\t<\/div>\n\t\t\t\t\t<\/div>\n\t\t<\/div>\n\t\t\t\t\t<\/div>\n\t\t<\/section>\n\t\t\t\t<section class=\"elementor-section elementor-top-section elementor-element elementor-element-fce94d2 elementor-section-boxed elementor-section-height-default elementor-section-height-default\" data-id=\"fce94d2\" data-element_type=\"section\" data-settings=\"{&quot;jet_parallax_layout_list&quot;:[]}\">\n\t\t\t\t\t\t<div class=\"elementor-container elementor-column-gap-default\">\n\t\t\t\t\t<div class=\"elementor-column elementor-col-100 elementor-top-column elementor-element elementor-element-9622703\" data-id=\"9622703\" data-element_type=\"column\">\n\t\t\t<div class=\"elementor-widget-wrap elementor-element-populated\">\n\t\t\t\t\t\t<div class=\"elementor-element elementor-element-dfda775 elementor-widget elementor-widget-spacer\" data-id=\"dfda775\" data-element_type=\"widget\" data-widget_type=\"spacer.default\">\n\t\t\t\t<div class=\"elementor-widget-container\">\n\t\t\t\t\t<div class=\"elementor-spacer\">\n\t\t\t<div class=\"elementor-spacer-inner\"><\/div>\n\t\t<\/div>\n\t\t\t\t<\/div>\n\t\t\t\t<\/div>\n\t\t\t\t<div class=\"elementor-element elementor-element-702a5ad elementor-widget elementor-widget-heading\" data-id=\"702a5ad\" data-element_type=\"widget\" data-widget_type=\"heading.default\">\n\t\t\t\t<div class=\"elementor-widget-container\">\n\t\t\t<h3 class=\"elementor-heading-title elementor-size-default\">Brussels Gallery<\/h3>\t\t<\/div>\n\t\t\t\t<\/div>\n\t\t\t\t<div class=\"elementor-element elementor-element-089d28d elementor-widget elementor-widget-image-gallery\" data-id=\"089d28d\" data-element_type=\"widget\" data-widget_type=\"image-gallery.default\">\n\t\t\t\t<div class=\"elementor-widget-container\">\n\t\t\t\t\t<div class=\"elementor-image-gallery\">\n\t\t\t<div id='gallery-1' class='gallery galleryid-12828 gallery-columns-3 gallery-size-large'><figure class='gallery-item'>\n\t\t\t<div class='gallery-icon landscape'>\n\t\t\t\t<a data-elementor-open-lightbox=\"yes\" data-elementor-lightbox-slideshow=\"089d28d\" data-elementor-lightbox-title=\"edificio-del-parlamento-europeo-en-estrasburgo-francia-con-un-cielo-azul-claro-de-fondo copia\" data-e-action-hash=\"#elementor-action%3Aaction%3Dlightbox%26settings%3DeyJpZCI6MTIzNjQsInVybCI6Imh0dHBzOlwvXC9hZXJvcG9ydGNhc3RlbGxvLmNvbVwvd3AtY29udGVudFwvdXBsb2Fkc1wvMjAyNVwvMDZcL2VkaWZpY2lvLWRlbC1wYXJsYW1lbnRvLWV1cm9wZW8tZW4tZXN0cmFzYnVyZ28tZnJhbmNpYS1jb24tdW4tY2llbG8tYXp1bC1jbGFyby1kZS1mb25kby1jb3BpYS53ZWJwIiwic2xpZGVzaG93IjoiMDg5ZDI4ZCJ9\" href='https:\/\/aeroportcastello.com\/wp-content\/uploads\/2025\/06\/edificio-del-parlamento-europeo-en-estrasburgo-francia-con-un-cielo-azul-claro-de-fondo-copia.webp'><img decoding=\"async\" width=\"1024\" height=\"683\" src=\"https:\/\/aeroportcastello.com\/wp-content\/uploads\/2025\/06\/edificio-del-parlamento-europeo-en-estrasburgo-francia-con-un-cielo-azul-claro-de-fondo-copia-1024x683.webp\" class=\"attachment-large size-large\" alt=\"\" srcset=\"https:\/\/aeroportcastello.com\/wp-content\/uploads\/2025\/06\/edificio-del-parlamento-europeo-en-estrasburgo-francia-con-un-cielo-azul-claro-de-fondo-copia-1024x683.webp 1024w, https:\/\/aeroportcastello.com\/wp-content\/uploads\/2025\/06\/edificio-del-parlamento-europeo-en-estrasburgo-francia-con-un-cielo-azul-claro-de-fondo-copia-300x200.webp 300w, https:\/\/aeroportcastello.com\/wp-content\/uploads\/2025\/06\/edificio-del-parlamento-europeo-en-estrasburgo-francia-con-un-cielo-azul-claro-de-fondo-copia-768x512.webp 768w, https:\/\/aeroportcastello.com\/wp-content\/uploads\/2025\/06\/edificio-del-parlamento-europeo-en-estrasburgo-francia-con-un-cielo-azul-claro-de-fondo-copia-1536x1025.webp 1536w, https:\/\/aeroportcastello.com\/wp-content\/uploads\/2025\/06\/edificio-del-parlamento-europeo-en-estrasburgo-francia-con-un-cielo-azul-claro-de-fondo-copia-2048x1367.webp 2048w\" sizes=\"(max-width: 1024px) 100vw, 1024px\" \/><\/a>\n\t\t\t<\/div><\/figure><figure class='gallery-item'>\n\t\t\t<div class='gallery-icon landscape'>\n\t\t\t\t<a data-elementor-open-lightbox=\"yes\" data-elementor-lightbox-slideshow=\"089d28d\" data-elementor-lightbox-title=\"foto-de-una-calle copia\" data-e-action-hash=\"#elementor-action%3Aaction%3Dlightbox%26settings%3DeyJpZCI6MTIzNjcsInVybCI6Imh0dHBzOlwvXC9hZXJvcG9ydGNhc3RlbGxvLmNvbVwvd3AtY29udGVudFwvdXBsb2Fkc1wvMjAyNVwvMDZcL2ZvdG8tZGUtdW5hLWNhbGxlLWNvcGlhLndlYnAiLCJzbGlkZXNob3ciOiIwODlkMjhkIn0%3D\" href='https:\/\/aeroportcastello.com\/wp-content\/uploads\/2025\/06\/foto-de-una-calle-copia.webp'><img decoding=\"async\" width=\"1024\" height=\"683\" src=\"https:\/\/aeroportcastello.com\/wp-content\/uploads\/2025\/06\/foto-de-una-calle-copia-1024x683.webp\" class=\"attachment-large size-large\" alt=\"\" srcset=\"https:\/\/aeroportcastello.com\/wp-content\/uploads\/2025\/06\/foto-de-una-calle-copia-1024x683.webp 1024w, https:\/\/aeroportcastello.com\/wp-content\/uploads\/2025\/06\/foto-de-una-calle-copia-300x200.webp 300w, https:\/\/aeroportcastello.com\/wp-content\/uploads\/2025\/06\/foto-de-una-calle-copia-768x512.webp 768w, https:\/\/aeroportcastello.com\/wp-content\/uploads\/2025\/06\/foto-de-una-calle-copia-1536x1024.webp 1536w, https:\/\/aeroportcastello.com\/wp-content\/uploads\/2025\/06\/foto-de-una-calle-copia-2048x1366.webp 2048w\" sizes=\"(max-width: 1024px) 100vw, 1024px\" \/><\/a>\n\t\t\t<\/div><\/figure><figure class='gallery-item'>\n\t\t\t<div class='gallery-icon landscape'>\n\t\t\t\t<a data-elementor-open-lightbox=\"yes\" data-elementor-lightbox-slideshow=\"089d28d\" data-elementor-lightbox-title=\"Bruselas01\" data-e-action-hash=\"#elementor-action%3Aaction%3Dlightbox%26settings%3DeyJpZCI6MTI3MzAsInVybCI6Imh0dHBzOlwvXC9hZXJvcG9ydGNhc3RlbGxvLmNvbVwvd3AtY29udGVudFwvdXBsb2Fkc1wvMjAyNVwvMDZcL0JydXNlbGFzMDEud2VicCIsInNsaWRlc2hvdyI6IjA4OWQyOGQifQ%3D%3D\" href='https:\/\/aeroportcastello.com\/wp-content\/uploads\/2025\/06\/Bruselas01.webp'><img loading=\"lazy\" decoding=\"async\" width=\"1024\" height=\"683\" src=\"https:\/\/aeroportcastello.com\/wp-content\/uploads\/2025\/06\/Bruselas01-1024x683.webp\" class=\"attachment-large size-large\" alt=\"\" srcset=\"https:\/\/aeroportcastello.com\/wp-content\/uploads\/2025\/06\/Bruselas01-1024x683.webp 1024w, https:\/\/aeroportcastello.com\/wp-content\/uploads\/2025\/06\/Bruselas01-300x200.webp 300w, https:\/\/aeroportcastello.com\/wp-content\/uploads\/2025\/06\/Bruselas01-768x512.webp 768w, https:\/\/aeroportcastello.com\/wp-content\/uploads\/2025\/06\/Bruselas01-1536x1025.webp 1536w, https:\/\/aeroportcastello.com\/wp-content\/uploads\/2025\/06\/Bruselas01-2048x1367.webp 2048w\" sizes=\"(max-width: 1024px) 100vw, 1024px\" \/><\/a>\n\t\t\t<\/div><\/figure><figure class='gallery-item'>\n\t\t\t<div class='gallery-icon landscape'>\n\t\t\t\t<a data-elementor-open-lightbox=\"yes\" data-elementor-lightbox-slideshow=\"089d28d\" data-elementor-lightbox-title=\"toma-aerea-de-un-paisaje-urbano-con-muchos-coches-y-hermosos-edificios-en-lille-francia copia\" data-e-action-hash=\"#elementor-action%3Aaction%3Dlightbox%26settings%3DeyJpZCI6MTIzNzYsInVybCI6Imh0dHBzOlwvXC9hZXJvcG9ydGNhc3RlbGxvLmNvbVwvd3AtY29udGVudFwvdXBsb2Fkc1wvMjAyNVwvMDZcL3RvbWEtYWVyZWEtZGUtdW4tcGFpc2FqZS11cmJhbm8tY29uLW11Y2hvcy1jb2NoZXMteS1oZXJtb3Nvcy1lZGlmaWNpb3MtZW4tbGlsbGUtZnJhbmNpYS1jb3BpYS53ZWJwIiwic2xpZGVzaG93IjoiMDg5ZDI4ZCJ9\" href='https:\/\/aeroportcastello.com\/wp-content\/uploads\/2025\/06\/toma-aerea-de-un-paisaje-urbano-con-muchos-coches-y-hermosos-edificios-en-lille-francia-copia.webp'><img loading=\"lazy\" decoding=\"async\" width=\"1024\" height=\"683\" src=\"https:\/\/aeroportcastello.com\/wp-content\/uploads\/2025\/06\/toma-aerea-de-un-paisaje-urbano-con-muchos-coches-y-hermosos-edificios-en-lille-francia-copia-1024x683.webp\" class=\"attachment-large size-large\" alt=\"\" srcset=\"https:\/\/aeroportcastello.com\/wp-content\/uploads\/2025\/06\/toma-aerea-de-un-paisaje-urbano-con-muchos-coches-y-hermosos-edificios-en-lille-francia-copia-1024x683.webp 1024w, https:\/\/aeroportcastello.com\/wp-content\/uploads\/2025\/06\/toma-aerea-de-un-paisaje-urbano-con-muchos-coches-y-hermosos-edificios-en-lille-francia-copia-300x200.webp 300w, https:\/\/aeroportcastello.com\/wp-content\/uploads\/2025\/06\/toma-aerea-de-un-paisaje-urbano-con-muchos-coches-y-hermosos-edificios-en-lille-francia-copia-768x512.webp 768w, https:\/\/aeroportcastello.com\/wp-content\/uploads\/2025\/06\/toma-aerea-de-un-paisaje-urbano-con-muchos-coches-y-hermosos-edificios-en-lille-francia-copia-1536x1024.webp 1536w, https:\/\/aeroportcastello.com\/wp-content\/uploads\/2025\/06\/toma-aerea-de-un-paisaje-urbano-con-muchos-coches-y-hermosos-edificios-en-lille-francia-copia-2048x1366.webp 2048w\" sizes=\"(max-width: 1024px) 100vw, 1024px\" \/><\/a>\n\t\t\t<\/div><\/figure><figure class='gallery-item'>\n\t\t\t<div class='gallery-icon landscape'>\n\t\t\t\t<a data-elementor-open-lightbox=\"yes\" data-elementor-lightbox-slideshow=\"089d28d\" data-elementor-lightbox-title=\"vista-de-bruselas copia\" data-e-action-hash=\"#elementor-action%3Aaction%3Dlightbox%26settings%3DeyJpZCI6MTIzNzksInVybCI6Imh0dHBzOlwvXC9hZXJvcG9ydGNhc3RlbGxvLmNvbVwvd3AtY29udGVudFwvdXBsb2Fkc1wvMjAyNVwvMDZcL3Zpc3RhLWRlLWJydXNlbGFzLWNvcGlhLndlYnAiLCJzbGlkZXNob3ciOiIwODlkMjhkIn0%3D\" href='https:\/\/aeroportcastello.com\/wp-content\/uploads\/2025\/06\/vista-de-bruselas-copia.webp'><img loading=\"lazy\" decoding=\"async\" width=\"1024\" height=\"685\" src=\"https:\/\/aeroportcastello.com\/wp-content\/uploads\/2025\/06\/vista-de-bruselas-copia-1024x685.webp\" class=\"attachment-large size-large\" alt=\"\" srcset=\"https:\/\/aeroportcastello.com\/wp-content\/uploads\/2025\/06\/vista-de-bruselas-copia-1024x685.webp 1024w, https:\/\/aeroportcastello.com\/wp-content\/uploads\/2025\/06\/vista-de-bruselas-copia-300x201.webp 300w, https:\/\/aeroportcastello.com\/wp-content\/uploads\/2025\/06\/vista-de-bruselas-copia-768x514.webp 768w, https:\/\/aeroportcastello.com\/wp-content\/uploads\/2025\/06\/vista-de-bruselas-copia-1536x1028.webp 1536w, https:\/\/aeroportcastello.com\/wp-content\/uploads\/2025\/06\/vista-de-bruselas-copia-2048x1370.webp 2048w\" sizes=\"(max-width: 1024px) 100vw, 1024px\" \/><\/a>\n\t\t\t<\/div><\/figure><figure class='gallery-item'>\n\t\t\t<div class='gallery-icon landscape'>\n\t\t\t\t<a data-elementor-open-lightbox=\"yes\" data-elementor-lightbox-slideshow=\"089d28d\" data-elementor-lightbox-title=\"instalacion-de-arte-moderno-en-praga-republica-checa copia 2\" data-e-action-hash=\"#elementor-action%3Aaction%3Dlightbox%26settings%3DeyJpZCI6MTIzODUsInVybCI6Imh0dHBzOlwvXC9hZXJvcG9ydGNhc3RlbGxvLmNvbVwvd3AtY29udGVudFwvdXBsb2Fkc1wvMjAyNVwvMDZcL2luc3RhbGFjaW9uLWRlLWFydGUtbW9kZXJuby1lbi1wcmFnYS1yZXB1YmxpY2EtY2hlY2EtY29waWEtMi53ZWJwIiwic2xpZGVzaG93IjoiMDg5ZDI4ZCJ9\" href='https:\/\/aeroportcastello.com\/wp-content\/uploads\/2025\/06\/instalacion-de-arte-moderno-en-praga-republica-checa-copia-2.webp'><img loading=\"lazy\" decoding=\"async\" width=\"1024\" height=\"683\" src=\"https:\/\/aeroportcastello.com\/wp-content\/uploads\/2025\/06\/instalacion-de-arte-moderno-en-praga-republica-checa-copia-2-1024x683.webp\" class=\"attachment-large size-large\" alt=\"\" srcset=\"https:\/\/aeroportcastello.com\/wp-content\/uploads\/2025\/06\/instalacion-de-arte-moderno-en-praga-republica-checa-copia-2-1024x683.webp 1024w, https:\/\/aeroportcastello.com\/wp-content\/uploads\/2025\/06\/instalacion-de-arte-moderno-en-praga-republica-checa-copia-2-300x200.webp 300w, https:\/\/aeroportcastello.com\/wp-content\/uploads\/2025\/06\/instalacion-de-arte-moderno-en-praga-republica-checa-copia-2-768x512.webp 768w, https:\/\/aeroportcastello.com\/wp-content\/uploads\/2025\/06\/instalacion-de-arte-moderno-en-praga-republica-checa-copia-2-1536x1025.webp 1536w, https:\/\/aeroportcastello.com\/wp-content\/uploads\/2025\/06\/instalacion-de-arte-moderno-en-praga-republica-checa-copia-2-2048x1367.webp 2048w\" sizes=\"(max-width: 1024px) 100vw, 1024px\" \/><\/a>\n\t\t\t<\/div><\/figure>\n\t\t<\/div>\n\t\t<\/div>\n\t\t\t\t<\/div>\n\t\t\t\t<\/div>\n\t\t\t\t\t<\/div>\n\t\t<\/div>\n\t\t\t\t\t<\/div>\n\t\t<\/section>\n\t\t\t\t<section class=\"elementor-section elementor-top-section elementor-element elementor-element-0759218 elementor-section-boxed elementor-section-height-default elementor-section-height-default\" data-id=\"0759218\" data-element_type=\"section\" data-settings=\"{&quot;jet_parallax_layout_list&quot;:[]}\">\n\t\t\t\t\t\t<div class=\"elementor-container elementor-column-gap-default\">\n\t\t\t\t\t<div class=\"elementor-column elementor-col-100 elementor-top-column elementor-element elementor-element-2510e1f\" data-id=\"2510e1f\" data-element_type=\"column\">\n\t\t\t<div class=\"elementor-widget-wrap elementor-element-populated\">\n\t\t\t\t\t\t<div class=\"elementor-element elementor-element-dc913d2 elementor-widget elementor-widget-spacer\" data-id=\"dc913d2\" data-element_type=\"widget\" data-widget_type=\"spacer.default\">\n\t\t\t\t<div class=\"elementor-widget-container\">\n\t\t\t\t\t<div class=\"elementor-spacer\">\n\t\t\t<div class=\"elementor-spacer-inner\"><\/div>\n\t\t<\/div>\n\t\t\t\t<\/div>\n\t\t\t\t<\/div>\n\t\t\t\t<div class=\"elementor-element elementor-element-1289418 elementor-widget elementor-widget-heading\" data-id=\"1289418\" data-element_type=\"widget\" data-widget_type=\"heading.default\">\n\t\t\t\t<div class=\"elementor-widget-container\">\n\t\t\t<h3 class=\"elementor-heading-title elementor-size-default\">Useful links<\/h3>\t\t<\/div>\n\t\t\t\t<\/div>\n\t\t\t\t<div class=\"elementor-element elementor-element-7a95dcf elementor-widget elementor-widget-text-editor\" data-id=\"7a95dcf\" data-element_type=\"widget\" data-widget_type=\"text-editor.default\">\n\t\t\t\t<div class=\"elementor-widget-container\">\n\t\t\t\t\t\t\t<ul>\n<li>\n<p class=\"p1\"><a href=\"https:\/\/www.visit.brussels\/en\">Visit Brussels \u2013 official tourism website.<\/a><\/p>\n<\/li>\n<li>\n<p class=\"p1\"><a href=\"https:\/\/www.brussels-charleroi-airport.com\/\">Charleroi Airport (CRL).<\/a><\/p>\n<\/li>\n<li>\n<p class=\"p1\"><a href=\"https:\/\/www.flibco.com\/\">Flibco \u2013 shuttle bus.<\/a><\/p>\n<\/li>\n<\/ul>\n\t\t\t\t\t\t<\/div>\n\t\t\t\t<\/div>\n\t\t\t\t\t<\/div>\n\t\t<\/div>\n\t\t\t\t\t<\/div>\n\t\t<\/section>\n\t\t\t\t<\/div>\n\t\t","protected":false},"excerpt":{"rendered":"<p>Brussels: the institutional heart of Europe with a medieval soul Bruselas es mucho m\u00e1s que la sede de la Uni\u00f3n Europea. Su casco antiguo, sus plazas adoquinadas, su cerveza artesanal y su gastronom\u00eda convierten esta ciudad en una escapada perfecta para combinar cultura, historia y sabor. Ideal tambi\u00e9n como punto de partida para visitar ciudades &#8230; <\/p>\n<p class=\"read-more-container\"><a title=\"Brussels\" class=\"read-more button\" href=\"https:\/\/aeroportcastello.com\/en\/destinations\/brussels\/#more-12828\" aria-label=\"Read more about Brussels\">Read more<\/a><\/p>\n","protected":false},"author":8,"featured_media":0,"parent":12832,"menu_order":0,"comment_status":"closed","ping_status":"closed","template":"elementor_header_footer","meta":{"footnotes":""},"yoast_head":"<!-- This site is optimized with the Yoast SEO plugin v22.0 - https:\/\/yoast.com\/wordpress\/plugins\/seo\/ -->\n<title>Brussels - Aeropuerto Castell\u00f3n<\/title>\n<meta name=\"robots\" content=\"index, follow, max-snippet:-1, max-image-preview:large, max-video-preview:-1\" \/>\n<link rel=\"canonical\" href=\"https:\/\/aeroportcastello.com\/en\/destinations\/brussels\/\" \/>\n<meta property=\"og:locale\" content=\"en_US\" \/>\n<meta property=\"og:type\" content=\"article\" \/>\n<meta property=\"og:title\" content=\"Brussels - Aeropuerto Castell\u00f3n\" \/>\n<meta property=\"og:description\" content=\"Brussels: the institutional heart of Europe with a medieval soul Bruselas es mucho m\u00e1s que la sede de la Uni\u00f3n Europea. Su casco antiguo, sus plazas adoquinadas, su cerveza artesanal y su gastronom\u00eda convierten esta ciudad en una escapada perfecta para combinar cultura, historia y sabor. Ideal tambi\u00e9n como punto de partida para visitar ciudades ... Read more\" \/>\n<meta property=\"og:url\" content=\"https:\/\/aeroportcastello.com\/en\/destinations\/brussels\/\" \/>\n<meta property=\"og:site_name\" content=\"Aeropuerto Castell\u00f3n\" \/>\n<meta property=\"article:modified_time\" content=\"2025-06-26T21:46:54+00:00\" \/>\n<meta property=\"og:image\" content=\"https:\/\/aeroportcastello.com\/wp-content\/uploads\/2025\/06\/limpie-las-calles-de-la-ciudad-de-praga-copia-1-683x1024.webp\" \/>\n<meta name=\"twitter:card\" content=\"summary_large_image\" \/>\n<meta name=\"twitter:label1\" content=\"Est. reading time\" \/>\n\t<meta name=\"twitter:data1\" content=\"1 minute\" \/>\n<script type=\"application\/ld+json\" class=\"yoast-schema-graph\">{\"@context\":\"https:\/\/schema.org\",\"@graph\":[{\"@type\":\"WebPage\",\"@id\":\"https:\/\/aeroportcastello.com\/en\/destinations\/brussels\/\",\"url\":\"https:\/\/aeroportcastello.com\/en\/destinations\/brussels\/\",\"name\":\"Brussels - Aeropuerto Castell\u00f3n\",\"isPartOf\":{\"@id\":\"https:\/\/aeroportcastello.com\/en\/#website\"},\"datePublished\":\"2025-06-26T21:32:04+00:00\",\"dateModified\":\"2025-06-26T21:46:54+00:00\",\"breadcrumb\":{\"@id\":\"https:\/\/aeroportcastello.com\/en\/destinations\/brussels\/#breadcrumb\"},\"inLanguage\":\"en-US\",\"potentialAction\":[{\"@type\":\"ReadAction\",\"target\":[\"https:\/\/aeroportcastello.com\/en\/destinations\/brussels\/\"]}]},{\"@type\":\"BreadcrumbList\",\"@id\":\"https:\/\/aeroportcastello.com\/en\/destinations\/brussels\/#breadcrumb\",\"itemListElement\":[{\"@type\":\"ListItem\",\"position\":1,\"name\":\"Passengers\",\"item\":\"https:\/\/aeroportcastello.com\/en\/\"},{\"@type\":\"ListItem\",\"position\":2,\"name\":\"Destinations\",\"item\":\"https:\/\/aeroportcastello.com\/en\/destins\/\"},{\"@type\":\"ListItem\",\"position\":3,\"name\":\"Brussels\"}]},{\"@type\":\"WebSite\",\"@id\":\"https:\/\/aeroportcastello.com\/en\/#website\",\"url\":\"https:\/\/aeroportcastello.com\/en\/\",\"name\":\"Aeropuerto Castell\u00f3n\",\"description\":\"Aeropuerto Castell\u00f3n\",\"publisher\":{\"@id\":\"https:\/\/aeroportcastello.com\/en\/#organization\"},\"potentialAction\":[{\"@type\":\"SearchAction\",\"target\":{\"@type\":\"EntryPoint\",\"urlTemplate\":\"https:\/\/aeroportcastello.com\/en\/?s={search_term_string}\"},\"query-input\":\"required name=search_term_string\"}],\"inLanguage\":\"en-US\"},{\"@type\":\"Organization\",\"@id\":\"https:\/\/aeroportcastello.com\/en\/#organization\",\"name\":\"Aeropuerto Castell\u00f3n\",\"url\":\"https:\/\/aeroportcastello.com\/en\/\",\"logo\":{\"@type\":\"ImageObject\",\"inLanguage\":\"en-US\",\"@id\":\"https:\/\/aeroportcastello.com\/en\/#\/schema\/logo\/image\/\",\"url\":\"https:\/\/aeroportcastello.com\/wp-content\/uploads\/2021\/05\/logo_aeroport_castello-1.svg\",\"contentUrl\":\"https:\/\/aeroportcastello.com\/wp-content\/uploads\/2021\/05\/logo_aeroport_castello-1.svg\",\"width\":482.8999999999999772626324556767940521240234375,\"height\":93.7000000000000028421709430404007434844970703125,\"caption\":\"Aeropuerto Castell\u00f3n\"},\"image\":{\"@id\":\"https:\/\/aeroportcastello.com\/en\/#\/schema\/logo\/image\/\"}}]}<\/script>\n<!-- \/ Yoast SEO plugin. -->","yoast_head_json":{"title":"Brussels - Aeropuerto Castell\u00f3n","robots":{"index":"index","follow":"follow","max-snippet":"max-snippet:-1","max-image-preview":"max-image-preview:large","max-video-preview":"max-video-preview:-1"},"canonical":"https:\/\/aeroportcastello.com\/en\/destinations\/brussels\/","og_locale":"en_US","og_type":"article","og_title":"Brussels - Aeropuerto Castell\u00f3n","og_description":"Brussels: the institutional heart of Europe with a medieval soul Bruselas es mucho m\u00e1s que la sede de la Uni\u00f3n Europea. Su casco antiguo, sus plazas adoquinadas, su cerveza artesanal y su gastronom\u00eda convierten esta ciudad en una escapada perfecta para combinar cultura, historia y sabor. Ideal tambi\u00e9n como punto de partida para visitar ciudades ... Read more","og_url":"https:\/\/aeroportcastello.com\/en\/destinations\/brussels\/","og_site_name":"Aeropuerto Castell\u00f3n","article_modified_time":"2025-06-26T21:46:54+00:00","og_image":[{"url":"https:\/\/aeroportcastello.com\/wp-content\/uploads\/2025\/06\/limpie-las-calles-de-la-ciudad-de-praga-copia-1-683x1024.webp"}],"twitter_card":"summary_large_image","twitter_misc":{"Est. reading time":"1 minute"},"schema":{"@context":"https:\/\/schema.org","@graph":[{"@type":"WebPage","@id":"https:\/\/aeroportcastello.com\/en\/destinations\/brussels\/","url":"https:\/\/aeroportcastello.com\/en\/destinations\/brussels\/","name":"Brussels - Aeropuerto Castell\u00f3n","isPartOf":{"@id":"https:\/\/aeroportcastello.com\/en\/#website"},"datePublished":"2025-06-26T21:32:04+00:00","dateModified":"2025-06-26T21:46:54+00:00","breadcrumb":{"@id":"https:\/\/aeroportcastello.com\/en\/destinations\/brussels\/#breadcrumb"},"inLanguage":"en-US","potentialAction":[{"@type":"ReadAction","target":["https:\/\/aeroportcastello.com\/en\/destinations\/brussels\/"]}]},{"@type":"BreadcrumbList","@id":"https:\/\/aeroportcastello.com\/en\/destinations\/brussels\/#breadcrumb","itemListElement":[{"@type":"ListItem","position":1,"name":"Passengers","item":"https:\/\/aeroportcastello.com\/en\/"},{"@type":"ListItem","position":2,"name":"Destinations","item":"https:\/\/aeroportcastello.com\/en\/destins\/"},{"@type":"ListItem","position":3,"name":"Brussels"}]},{"@type":"WebSite","@id":"https:\/\/aeroportcastello.com\/en\/#website","url":"https:\/\/aeroportcastello.com\/en\/","name":"Aeropuerto Castell\u00f3n","description":"Aeropuerto Castell\u00f3n","publisher":{"@id":"https:\/\/aeroportcastello.com\/en\/#organization"},"potentialAction":[{"@type":"SearchAction","target":{"@type":"EntryPoint","urlTemplate":"https:\/\/aeroportcastello.com\/en\/?s={search_term_string}"},"query-input":"required name=search_term_string"}],"inLanguage":"en-US"},{"@type":"Organization","@id":"https:\/\/aeroportcastello.com\/en\/#organization","name":"Aeropuerto Castell\u00f3n","url":"https:\/\/aeroportcastello.com\/en\/","logo":{"@type":"ImageObject","inLanguage":"en-US","@id":"https:\/\/aeroportcastello.com\/en\/#\/schema\/logo\/image\/","url":"https:\/\/aeroportcastello.com\/wp-content\/uploads\/2021\/05\/logo_aeroport_castello-1.svg","contentUrl":"https:\/\/aeroportcastello.com\/wp-content\/uploads\/2021\/05\/logo_aeroport_castello-1.svg","width":482.8999999999999772626324556767940521240234375,"height":93.7000000000000028421709430404007434844970703125,"caption":"Aeropuerto Castell\u00f3n"},"image":{"@id":"https:\/\/aeroportcastello.com\/en\/#\/schema\/logo\/image\/"}}]}},"_links":{"self":[{"href":"https:\/\/aeroportcastello.com\/en\/wp-json\/wp\/v2\/pages\/12828"}],"collection":[{"href":"https:\/\/aeroportcastello.com\/en\/wp-json\/wp\/v2\/pages"}],"about":[{"href":"https:\/\/aeroportcastello.com\/en\/wp-json\/wp\/v2\/types\/page"}],"author":[{"embeddable":true,"href":"https:\/\/aeroportcastello.com\/en\/wp-json\/wp\/v2\/users\/8"}],"replies":[{"embeddable":true,"href":"https:\/\/aeroportcastello.com\/en\/wp-json\/wp\/v2\/comments?post=12828"}],"version-history":[{"count":1,"href":"https:\/\/aeroportcastello.com\/en\/wp-json\/wp\/v2\/pages\/12828\/revisions"}],"predecessor-version":[{"id":12829,"href":"https:\/\/aeroportcastello.com\/en\/wp-json\/wp\/v2\/pages\/12828\/revisions\/12829"}],"up":[{"embeddable":true,"href":"https:\/\/aeroportcastello.com\/en\/wp-json\/wp\/v2\/pages\/12832"}],"wp:attachment":[{"href":"https:\/\/aeroportcastello.com\/en\/wp-json\/wp\/v2\/media?parent=12828"}],"curies":[{"name":"wp","href":"https:\/\/api.w.org\/{rel}","templated":true}]}}